{"id":157,"date":"2020-04-24T08:54:28","date_gmt":"2020-04-24T08:54:28","guid":{"rendered":"https:\/\/vs-nms-ellenkey.at\/wordpress\/?page_id=157"},"modified":"2026-03-29T13:54:16","modified_gmt":"2026-03-29T13:54:16","slug":"aktuelles","status":"publish","type":"page","link":"https:\/\/schule-ellenkey.at\/?page_id=157","title":{"rendered":"Aktuelles"},"content":{"rendered":"<p><strong>27.03.26<\/strong><\/p>\n<p><span style=\"color: #339966;\"><strong>Das Team der VS &amp; MS Ellen Key w\u00fcnscht allen Sch\u00fcler*innen, Erziehungsberechtigten und Unterst\u00fctzer*innen <span style=\"color: #99cc00;\">erholsame Osterferien.<\/span><\/strong><\/span><\/p>\n<p><span style=\"color: #339966;\"><strong>Wir starten wieder am <span style=\"color: #99cc00;\">07.04.2026!<\/span><\/strong><\/span><\/p>\n<hr \/>\n<p>\u00d6sterliche Gr\u00fc\u00dfe aus der Justizanstalt&#8230;<\/p>\n<p><img fetchpriority=\"high\" decoding=\"async\" src=\"https:\/\/schule-ellenkey.at\/wp-content\/uploads\/2026\/03\/Ostern_4-scaled.jpg\" alt=\"\" width=\"940\" height=\"705\" class=\"alignnone wp-image-1540\" srcset=\"https:\/\/schule-ellenkey.at\/wp-content\/uploads\/2026\/03\/Ostern_4-scaled.jpg 2560w, https:\/\/schule-ellenkey.at\/wp-content\/uploads\/2026\/03\/Ostern_4-300x225.jpg 300w, https:\/\/schule-ellenkey.at\/wp-content\/uploads\/2026\/03\/Ostern_4-1024x768.jpg 1024w, https:\/\/schule-ellenkey.at\/wp-content\/uploads\/2026\/03\/Ostern_4-768x576.jpg 768w, https:\/\/schule-ellenkey.at\/wp-content\/uploads\/2026\/03\/Ostern_4-1536x1152.jpg 1536w, https:\/\/schule-ellenkey.at\/wp-content\/uploads\/2026\/03\/Ostern_4-2048x1536.jpg 2048w\" sizes=\"(max-width: 940px) 100vw, 940px\" \/><\/p>\n<p>&nbsp;<\/p>\n<p><span style=\"color: #000000;\"><strong>11.03.2026<\/strong><\/span><\/p>\n<p><strong><span style=\"color: #339966;\">Am 19.03.2026 (Donnerstag) ist Landesfeiertag und der 20.03.2026 ist schulautonom frei.<\/span><\/strong><\/p>\n<hr \/>\n<p><strong>13.02.2026<\/strong><\/p>\n<p><span style=\"color: #339966;\"><strong>Das Team der VS &amp; MS Ellen Key w\u00fcnscht allen Sch\u00fcler*innen, Erziehungsberechtigten und Unterst\u00fctzer*innen <span style=\"color: #99cc00;\">sch\u00f6ne Semesterferien.<\/span><\/strong><\/span><\/p>\n<p><span style=\"color: #339966;\"><strong>Wir starten wieder am <span style=\"color: #99cc00;\">23.02.2026!<\/span><\/strong><\/span><\/p>\n<hr \/>\n<p><strong>23.12.2025<\/strong><\/p>\n<p><span style=\"color: #339966;\"><strong>Das Team der VS &amp; MS Ellen Key w\u00fcnscht allen Sch\u00fcler*innen, Erziehungsberechtigten und Unterst\u00fctzer*innen <span style=\"color: #99cc00;\">sch\u00f6ne\u00a0Weihnachten und erholsame Ferien.<\/span><\/strong><\/span><\/p>\n<p><span style=\"color: #339966;\"><strong>Wir starten wieder am <span style=\"color: #99cc00;\">07.01.2026!<\/span><\/strong><\/span><\/p>\n<hr \/>\n<p>Weihnachtliche Gr\u00fc\u00dfe aus der Gef\u00e4ngnisklasse&#8230;<\/p>\n<p><img decoding=\"async\" src=\"https:\/\/schule-ellenkey.at\/wp-content\/uploads\/2026\/01\/Laterne_Gefaengnis.jpg\" alt=\"\" width=\"941\" height=\"627\" class=\"alignnone wp-image-1525\" srcset=\"https:\/\/schule-ellenkey.at\/wp-content\/uploads\/2026\/01\/Laterne_Gefaengnis.jpg 2362w, https:\/\/schule-ellenkey.at\/wp-content\/uploads\/2026\/01\/Laterne_Gefaengnis-300x200.jpg 300w, https:\/\/schule-ellenkey.at\/wp-content\/uploads\/2026\/01\/Laterne_Gefaengnis-1024x683.jpg 1024w, https:\/\/schule-ellenkey.at\/wp-content\/uploads\/2026\/01\/Laterne_Gefaengnis-768x512.jpg 768w, https:\/\/schule-ellenkey.at\/wp-content\/uploads\/2026\/01\/Laterne_Gefaengnis-1536x1024.jpg 1536w, https:\/\/schule-ellenkey.at\/wp-content\/uploads\/2026\/01\/Laterne_Gefaengnis-2048x1366.jpg 2048w, https:\/\/schule-ellenkey.at\/wp-content\/uploads\/2026\/01\/Laterne_Gefaengnis-360x240.jpg 360w\" sizes=\"(max-width: 941px) 100vw, 941px\" \/><\/p>\n<p>&nbsp;<\/p>\n<p><strong>09.12.2025<\/strong><\/p>\n<p>Walking in a Winter Wonderland&#8230;<\/p>\n<p>Die MS 2 lie\u00df es sich nicht nehmen auch bei widrigen Verh\u00e4ltnissen von Eggenberg \u00fcber Herrgott auf der Wies zum Thalersee zu wandern. Der zugefrorene Thalersee war ein spektakul\u00e4res Highlight&#8230;<\/p>\n<p><img decoding=\"async\" src=\"https:\/\/schule-ellenkey.at\/wp-content\/uploads\/2025\/12\/Winterwonderland.jpg\" alt=\"\" width=\"940\" height=\"626\" class=\"alignnone wp-image-1518\" srcset=\"https:\/\/schule-ellenkey.at\/wp-content\/uploads\/2025\/12\/Winterwonderland.jpg 2362w, https:\/\/schule-ellenkey.at\/wp-content\/uploads\/2025\/12\/Winterwonderland-300x200.jpg 300w, https:\/\/schule-ellenkey.at\/wp-content\/uploads\/2025\/12\/Winterwonderland-1024x683.jpg 1024w, https:\/\/schule-ellenkey.at\/wp-content\/uploads\/2025\/12\/Winterwonderland-768x512.jpg 768w, https:\/\/schule-ellenkey.at\/wp-content\/uploads\/2025\/12\/Winterwonderland-1536x1024.jpg 1536w, https:\/\/schule-ellenkey.at\/wp-content\/uploads\/2025\/12\/Winterwonderland-2048x1366.jpg 2048w, https:\/\/schule-ellenkey.at\/wp-content\/uploads\/2025\/12\/Winterwonderland-360x240.jpg 360w\" sizes=\"(max-width: 940px) 100vw, 940px\" \/><\/p>\n<p>&nbsp;<\/p>\n<p><strong>06.12.2025<\/strong><\/p>\n<p>Mehl an den H\u00e4nden, Schoko und Zuckerguss auf den Keksen und strahlende Gesichter. Das gemeinsame Kekse backen bereitete unseren Sch\u00fclern aus der MS 1 gro\u00dfen Spa\u00df. Mit viel Kreativit\u00e4t wurden die Kekse weihnachtlich verziert und zu besonderen Geschenken gemacht&#8230;<\/p>\n<p><img loading=\"lazy\" decoding=\"async\" src=\"https:\/\/schule-ellenkey.at\/wp-content\/uploads\/2026\/02\/Weihnachtskekse_1.jpg\" alt=\"\" width=\"941\" height=\"627\" class=\"alignnone wp-image-1530\" srcset=\"https:\/\/schule-ellenkey.at\/wp-content\/uploads\/2026\/02\/Weihnachtskekse_1.jpg 2362w, https:\/\/schule-ellenkey.at\/wp-content\/uploads\/2026\/02\/Weihnachtskekse_1-300x200.jpg 300w, https:\/\/schule-ellenkey.at\/wp-content\/uploads\/2026\/02\/Weihnachtskekse_1-1024x683.jpg 1024w, https:\/\/schule-ellenkey.at\/wp-content\/uploads\/2026\/02\/Weihnachtskekse_1-768x512.jpg 768w, https:\/\/schule-ellenkey.at\/wp-content\/uploads\/2026\/02\/Weihnachtskekse_1-1536x1024.jpg 1536w, https:\/\/schule-ellenkey.at\/wp-content\/uploads\/2026\/02\/Weihnachtskekse_1-2048x1366.jpg 2048w, https:\/\/schule-ellenkey.at\/wp-content\/uploads\/2026\/02\/Weihnachtskekse_1-360x240.jpg 360w\" sizes=\"(max-width: 941px) 100vw, 941px\" \/><\/p>\n<p>&nbsp;<\/p>\n<p><strong>18.11.2025<\/strong><\/p>\n<p>Die MS 2 erweitert gerade ihren Fuhrpark&#8230;<\/p>\n<p><img loading=\"lazy\" decoding=\"async\" src=\"https:\/\/schule-ellenkey.at\/wp-content\/uploads\/2025\/12\/Autos-scaled.jpg\" alt=\"\" width=\"940\" height=\"705\" class=\"alignnone wp-image-1521\" srcset=\"https:\/\/schule-ellenkey.at\/wp-content\/uploads\/2025\/12\/Autos-scaled.jpg 2560w, https:\/\/schule-ellenkey.at\/wp-content\/uploads\/2025\/12\/Autos-300x225.jpg 300w, https:\/\/schule-ellenkey.at\/wp-content\/uploads\/2025\/12\/Autos-1024x768.jpg 1024w, https:\/\/schule-ellenkey.at\/wp-content\/uploads\/2025\/12\/Autos-768x576.jpg 768w, https:\/\/schule-ellenkey.at\/wp-content\/uploads\/2025\/12\/Autos-1536x1152.jpg 1536w, https:\/\/schule-ellenkey.at\/wp-content\/uploads\/2025\/12\/Autos-2048x1536.jpg 2048w\" sizes=\"(max-width: 940px) 100vw, 940px\" \/><\/p>\n<p>&nbsp;<\/p>\n<p><strong>14.11.2025<\/strong><\/p>\n<p>Im November durften wir die Ausstellung \u201eGott hat kein Museum\u201c besuchen. Hendriks Mama ist K\u00fcnstlerin und erm\u00f6glichte uns eine exklusive \u201ePrivat\u201c-F\u00fchrung durch die R\u00e4umlichkeiten des KULTUMs \u2013 des ehemaligen Minoritenklosters. Wir lauschten gespannt den Erkl\u00e4rungen und wundervollen Geschichten, konnten sehr kreative Werke vieler K\u00fcnstler bestaunen und stellten fest, dass auch ein Ausflug ins Museum sehr bereichernd sein kann. Bei der anschlie\u00dfenden Reflexionsrunde mit Frau Aue-Sadikaj wurden wir mit Soletti und Getr\u00e4nken verw\u00f6hnt. (Text: Daniela Sonnleitner, BEd \/MS1)<\/p>\n<p><img loading=\"lazy\" decoding=\"async\" src=\"https:\/\/schule-ellenkey.at\/wp-content\/uploads\/2025\/11\/Ausstellung.jpg\" alt=\"\" width=\"940\" height=\"705\" class=\"alignnone wp-image-1504\" srcset=\"https:\/\/schule-ellenkey.at\/wp-content\/uploads\/2025\/11\/Ausstellung.jpg 1600w, https:\/\/schule-ellenkey.at\/wp-content\/uploads\/2025\/11\/Ausstellung-300x225.jpg 300w, https:\/\/schule-ellenkey.at\/wp-content\/uploads\/2025\/11\/Ausstellung-1024x768.jpg 1024w, https:\/\/schule-ellenkey.at\/wp-content\/uploads\/2025\/11\/Ausstellung-768x576.jpg 768w, https:\/\/schule-ellenkey.at\/wp-content\/uploads\/2025\/11\/Ausstellung-1536x1152.jpg 1536w\" sizes=\"(max-width: 940px) 100vw, 940px\" \/><\/p>\n<p>&nbsp;<\/p>\n<p><strong>04.11.2025<\/strong><\/p>\n<p>Die IFK am Aufwind sammelte bei einem Spaziergang Steine und hat diese dann mit Acrylfarben bunt bemalt&#8230;<\/p>\n<p><img loading=\"lazy\" decoding=\"async\" src=\"https:\/\/schule-ellenkey.at\/wp-content\/uploads\/2025\/11\/Steine_5-scaled.jpg\" alt=\"\" width=\"940\" height=\"705\" class=\"alignnone wp-image-1512\" srcset=\"https:\/\/schule-ellenkey.at\/wp-content\/uploads\/2025\/11\/Steine_5-scaled.jpg 2560w, https:\/\/schule-ellenkey.at\/wp-content\/uploads\/2025\/11\/Steine_5-300x225.jpg 300w, https:\/\/schule-ellenkey.at\/wp-content\/uploads\/2025\/11\/Steine_5-1024x768.jpg 1024w, https:\/\/schule-ellenkey.at\/wp-content\/uploads\/2025\/11\/Steine_5-768x576.jpg 768w, https:\/\/schule-ellenkey.at\/wp-content\/uploads\/2025\/11\/Steine_5-1536x1152.jpg 1536w, https:\/\/schule-ellenkey.at\/wp-content\/uploads\/2025\/11\/Steine_5-2048x1536.jpg 2048w\" sizes=\"(max-width: 940px) 100vw, 940px\" \/><\/p>\n<p>&nbsp;<\/p>\n<p><strong>31.10.2025<\/strong><\/p>\n<p>Die Klasse in der Justizanstalt w\u00fcnscht &#8222;Happy Halloween&#8220;&#8230;<\/p>\n<p><img loading=\"lazy\" decoding=\"async\" src=\"https:\/\/schule-ellenkey.at\/wp-content\/uploads\/2025\/11\/Gefaengnis_Halloween_8-scaled.jpg\" alt=\"\" width=\"940\" height=\"690\" class=\"alignnone wp-image-1514\" srcset=\"https:\/\/schule-ellenkey.at\/wp-content\/uploads\/2025\/11\/Gefaengnis_Halloween_8-scaled.jpg 2560w, https:\/\/schule-ellenkey.at\/wp-content\/uploads\/2025\/11\/Gefaengnis_Halloween_8-300x220.jpg 300w, https:\/\/schule-ellenkey.at\/wp-content\/uploads\/2025\/11\/Gefaengnis_Halloween_8-1024x752.jpg 1024w, https:\/\/schule-ellenkey.at\/wp-content\/uploads\/2025\/11\/Gefaengnis_Halloween_8-768x564.jpg 768w, https:\/\/schule-ellenkey.at\/wp-content\/uploads\/2025\/11\/Gefaengnis_Halloween_8-1536x1128.jpg 1536w, https:\/\/schule-ellenkey.at\/wp-content\/uploads\/2025\/11\/Gefaengnis_Halloween_8-2048x1504.jpg 2048w\" sizes=\"(max-width: 940px) 100vw, 940px\" \/><\/p>\n<p>&nbsp;<\/p>\n<p>Die IFK am Aufwind hat f\u00fcr Halloween schaurige K\u00fcrbisse geschnitzt&#8230;<\/p>\n<p><img loading=\"lazy\" decoding=\"async\" src=\"https:\/\/schule-ellenkey.at\/wp-content\/uploads\/2025\/11\/Kuerbisskoepfe-scaled.jpg\" alt=\"\" width=\"940\" height=\"705\" class=\"alignnone wp-image-1509\" srcset=\"https:\/\/schule-ellenkey.at\/wp-content\/uploads\/2025\/11\/Kuerbisskoepfe-scaled.jpg 2560w, https:\/\/schule-ellenkey.at\/wp-content\/uploads\/2025\/11\/Kuerbisskoepfe-300x225.jpg 300w, https:\/\/schule-ellenkey.at\/wp-content\/uploads\/2025\/11\/Kuerbisskoepfe-1024x768.jpg 1024w, https:\/\/schule-ellenkey.at\/wp-content\/uploads\/2025\/11\/Kuerbisskoepfe-768x576.jpg 768w, https:\/\/schule-ellenkey.at\/wp-content\/uploads\/2025\/11\/Kuerbisskoepfe-1536x1152.jpg 1536w, https:\/\/schule-ellenkey.at\/wp-content\/uploads\/2025\/11\/Kuerbisskoepfe-2048x1536.jpg 2048w\" sizes=\"(max-width: 940px) 100vw, 940px\" \/><\/p>\n<p>&nbsp;<\/p>\n<p><strong>24.10.2025<\/strong><\/p>\n<p><span style=\"color: #339966;\"><strong>Das Team der VS &amp; MS Ellen Key w\u00fcnscht allen Sch\u00fcler*innen, Erziehungsberechtigten und Unterst\u00fctzer*innen <span style=\"color: #99cc00;\">sch\u00f6ne Herbstferien.<\/span><\/strong><\/span><\/p>\n<p><span style=\"color: #339966;\"><strong>Wir starten wieder am <span style=\"color: #99cc00;\">03.11.2025!<\/span><\/strong><\/span><\/p>\n<hr \/>\n<p>&nbsp;<\/p>\n<p><strong>21.10.2025<\/strong><\/p>\n<p>Die MS 2 und die Klasse am Aufwind unternahmen einen lehrreichen Ausflug zum Bundesheer in die Hackher Kaserne in Gratkorn. Hier ist ein ausf\u00fchrlicher Bericht samt R\u00fcckmeldungen der Sch\u00fcler&#8230;<\/p>\n<p><img loading=\"lazy\" decoding=\"async\" src=\"https:\/\/schule-ellenkey.at\/wp-content\/uploads\/2025\/11\/Bundesheer.jpg\" alt=\"\" width=\"940\" height=\"1253\" class=\"alignnone wp-image-1506\" srcset=\"https:\/\/schule-ellenkey.at\/wp-content\/uploads\/2025\/11\/Bundesheer.jpg 1200w, https:\/\/schule-ellenkey.at\/wp-content\/uploads\/2025\/11\/Bundesheer-225x300.jpg 225w, https:\/\/schule-ellenkey.at\/wp-content\/uploads\/2025\/11\/Bundesheer-768x1024.jpg 768w, https:\/\/schule-ellenkey.at\/wp-content\/uploads\/2025\/11\/Bundesheer-1152x1536.jpg 1152w\" sizes=\"(max-width: 940px) 100vw, 940px\" \/><\/p>\n<p>&nbsp;<\/p>\n<p><strong>02.10.2025<\/strong><\/p>\n<p>Hoch hinaus zum Schulbeginn! Auch dieses Schuljahr startete wieder mit einem Ausflug in den Kletterpark am Hilmteich. Mit Spa\u00df, Teamgeist, Lachen, Bewegung und Abenteuer macht das Lernen gleich doppelt Spa\u00df&#8230;<\/p>\n<p><img loading=\"lazy\" decoding=\"async\" src=\"https:\/\/schule-ellenkey.at\/wp-content\/uploads\/2025\/11\/Klettern_3_MS1-scaled.jpg\" alt=\"\" width=\"940\" height=\"705\" class=\"alignnone wp-image-1497\" srcset=\"https:\/\/schule-ellenkey.at\/wp-content\/uploads\/2025\/11\/Klettern_3_MS1-scaled.jpg 2560w, https:\/\/schule-ellenkey.at\/wp-content\/uploads\/2025\/11\/Klettern_3_MS1-300x225.jpg 300w, https:\/\/schule-ellenkey.at\/wp-content\/uploads\/2025\/11\/Klettern_3_MS1-1024x768.jpg 1024w, https:\/\/schule-ellenkey.at\/wp-content\/uploads\/2025\/11\/Klettern_3_MS1-768x576.jpg 768w, https:\/\/schule-ellenkey.at\/wp-content\/uploads\/2025\/11\/Klettern_3_MS1-1536x1152.jpg 1536w, https:\/\/schule-ellenkey.at\/wp-content\/uploads\/2025\/11\/Klettern_3_MS1-2048x1536.jpg 2048w\" sizes=\"(max-width: 940px) 100vw, 940px\" \/><\/p>\n<p>&nbsp;<\/p>\n<p><strong>28.09.2025<\/strong><\/p>\n<p>Herr Tobias Schweinzer stellte uns Blasinstrumente vor. Die Sch\u00fcler der VS 2 durften alle Instrumente ausprobieren und waren mit Begeisterung bei der Sache&#8230;<\/p>\n<p><img loading=\"lazy\" decoding=\"async\" src=\"https:\/\/schule-ellenkey.at\/wp-content\/uploads\/2025\/09\/Instrumente.jpg\" alt=\"\" width=\"941\" height=\"627\" class=\"alignnone wp-image-1488\" srcset=\"https:\/\/schule-ellenkey.at\/wp-content\/uploads\/2025\/09\/Instrumente.jpg 2362w, https:\/\/schule-ellenkey.at\/wp-content\/uploads\/2025\/09\/Instrumente-300x200.jpg 300w, https:\/\/schule-ellenkey.at\/wp-content\/uploads\/2025\/09\/Instrumente-1024x683.jpg 1024w, https:\/\/schule-ellenkey.at\/wp-content\/uploads\/2025\/09\/Instrumente-768x512.jpg 768w, https:\/\/schule-ellenkey.at\/wp-content\/uploads\/2025\/09\/Instrumente-1536x1024.jpg 1536w, https:\/\/schule-ellenkey.at\/wp-content\/uploads\/2025\/09\/Instrumente-2048x1366.jpg 2048w, https:\/\/schule-ellenkey.at\/wp-content\/uploads\/2025\/09\/Instrumente-360x240.jpg 360w\" sizes=\"(max-width: 941px) 100vw, 941px\" \/><\/p>\n<p>Wie entsteht \u00fcberhaupt ein Ton? Die Sch\u00fcler der MS 1 fanden es heraus &#8211; mit Trompete, Klarinette &amp; Co. Lustig, laut und lehrreich! Beim Tag der Blasmusik war Stimmung garantiert. Danke an unseren tollen Trainer &#8211; er zeigte uns, wie viel Freude Musik machen kann&#8230;<\/p>\n<p><img loading=\"lazy\" decoding=\"async\" src=\"https:\/\/schule-ellenkey.at\/wp-content\/uploads\/2025\/11\/Blasmusik_4.jpg\" alt=\"\" width=\"939\" height=\"626\" class=\"alignnone wp-image-1495\" srcset=\"https:\/\/schule-ellenkey.at\/wp-content\/uploads\/2025\/11\/Blasmusik_4.jpg 2362w, https:\/\/schule-ellenkey.at\/wp-content\/uploads\/2025\/11\/Blasmusik_4-300x200.jpg 300w, https:\/\/schule-ellenkey.at\/wp-content\/uploads\/2025\/11\/Blasmusik_4-1024x683.jpg 1024w, https:\/\/schule-ellenkey.at\/wp-content\/uploads\/2025\/11\/Blasmusik_4-768x512.jpg 768w, https:\/\/schule-ellenkey.at\/wp-content\/uploads\/2025\/11\/Blasmusik_4-1536x1024.jpg 1536w, https:\/\/schule-ellenkey.at\/wp-content\/uploads\/2025\/11\/Blasmusik_4-2048x1366.jpg 2048w, https:\/\/schule-ellenkey.at\/wp-content\/uploads\/2025\/11\/Blasmusik_4-360x240.jpg 360w\" sizes=\"(max-width: 939px) 100vw, 939px\" \/><\/p>\n<p>&nbsp;<\/p>\n<p><strong>11.09.2025<\/strong><\/p>\n<p>Die VS 1 besuchte heute die Stadtbibliothek Zanklhof&#8230;<\/p>\n<p><img loading=\"lazy\" decoding=\"async\" src=\"https:\/\/schule-ellenkey.at\/wp-content\/uploads\/2025\/09\/Stadtbibliothek-scaled.jpg\" alt=\"\" width=\"940\" height=\"705\" class=\"alignnone wp-image-1486\" srcset=\"https:\/\/schule-ellenkey.at\/wp-content\/uploads\/2025\/09\/Stadtbibliothek-scaled.jpg 2560w, https:\/\/schule-ellenkey.at\/wp-content\/uploads\/2025\/09\/Stadtbibliothek-300x225.jpg 300w, https:\/\/schule-ellenkey.at\/wp-content\/uploads\/2025\/09\/Stadtbibliothek-1024x768.jpg 1024w, https:\/\/schule-ellenkey.at\/wp-content\/uploads\/2025\/09\/Stadtbibliothek-768x576.jpg 768w, https:\/\/schule-ellenkey.at\/wp-content\/uploads\/2025\/09\/Stadtbibliothek-1536x1152.jpg 1536w, https:\/\/schule-ellenkey.at\/wp-content\/uploads\/2025\/09\/Stadtbibliothek-2048x1536.jpg 2048w\" sizes=\"(max-width: 940px) 100vw, 940px\" \/><\/p>\n<p>&nbsp;<\/p>\n<p><strong>04.07.2025<\/strong><\/p>\n<p><span style=\"color: #99cc00;\"><strong>Das Team der VS &amp; MS Ellen Key w\u00fcnscht allen Sch\u00fcler*innen, Eltern und Erziehungsberechtigten einen erholsamen und angenehmen Sommer!<\/strong><\/span><\/p>\n<p><span style=\"color: #339966;\"><strong>Die Schule startet an allen Standorten am <span style=\"color: #99cc00;\">Montag, 08. September um 8 Uhr<\/span>.<\/strong><\/span><\/p>\n<p><span style=\"color: #99cc00;\"><strong>Erste Schulwoche:<\/strong><\/span><\/p>\n<p><span style=\"color: #339966;\"><strong>Montag, 08.09.2025: <span style=\"color: #99cc00;\">3 Unterrichtsstunden<\/span><\/strong><\/span><\/p>\n<p><span style=\"color: #99cc00;\"><strong>Dienstag, 09.09.2025: <span style=\"color: #339966;\">4 Unterrichtsstunden<\/span><\/strong><\/span><\/p>\n<p><span style=\"color: #339966;\"><strong><span style=\"color: #99cc00;\">ab Mittwoch, 10.09.2025:<\/span> Unterricht nach Stundenplan<\/strong><\/span><\/p>\n<p><img loading=\"lazy\" decoding=\"async\" src=\"https:\/\/schule-ellenkey.at\/wp-content\/uploads\/2025\/07\/Schoene_Ferien.jpg\" alt=\"\" width=\"941\" height=\"627\" class=\"alignnone wp-image-1458\" srcset=\"https:\/\/schule-ellenkey.at\/wp-content\/uploads\/2025\/07\/Schoene_Ferien.jpg 1701w, https:\/\/schule-ellenkey.at\/wp-content\/uploads\/2025\/07\/Schoene_Ferien-300x200.jpg 300w, https:\/\/schule-ellenkey.at\/wp-content\/uploads\/2025\/07\/Schoene_Ferien-1024x683.jpg 1024w, https:\/\/schule-ellenkey.at\/wp-content\/uploads\/2025\/07\/Schoene_Ferien-768x512.jpg 768w, https:\/\/schule-ellenkey.at\/wp-content\/uploads\/2025\/07\/Schoene_Ferien-1536x1024.jpg 1536w, https:\/\/schule-ellenkey.at\/wp-content\/uploads\/2025\/07\/Schoene_Ferien-360x240.jpg 360w\" sizes=\"(max-width: 941px) 100vw, 941px\" \/><\/p>\n<hr \/>\n<p>&nbsp;<\/p>\n<p><strong>03.07.2025<\/strong><\/p>\n<p><span style=\"color: #339966;\"><strong>Ein kleiner Schuljahresr\u00fcckblick der MS 1&#8230; <\/strong><\/span><\/p>\n<p><span style=\"color: #339966;\"><span style=\"color: #000000;\">(Text: Daniela Sonnleitner, BEd \/MS 1)<\/span><\/span><\/p>\n<p>Wir gewinnen den 1. Platz beim Unified Fu\u00dfballturnier! Tolles Team&#8230;<\/p>\n<p><img loading=\"lazy\" decoding=\"async\" src=\"https:\/\/schule-ellenkey.at\/wp-content\/uploads\/2025\/08\/Fussball_MS1.jpg\" alt=\"\" width=\"941\" height=\"627\" class=\"alignnone wp-image-1461\" srcset=\"https:\/\/schule-ellenkey.at\/wp-content\/uploads\/2025\/08\/Fussball_MS1.jpg 2362w, https:\/\/schule-ellenkey.at\/wp-content\/uploads\/2025\/08\/Fussball_MS1-300x200.jpg 300w, https:\/\/schule-ellenkey.at\/wp-content\/uploads\/2025\/08\/Fussball_MS1-1024x683.jpg 1024w, https:\/\/schule-ellenkey.at\/wp-content\/uploads\/2025\/08\/Fussball_MS1-768x512.jpg 768w, https:\/\/schule-ellenkey.at\/wp-content\/uploads\/2025\/08\/Fussball_MS1-1536x1024.jpg 1536w, https:\/\/schule-ellenkey.at\/wp-content\/uploads\/2025\/08\/Fussball_MS1-2048x1366.jpg 2048w, https:\/\/schule-ellenkey.at\/wp-content\/uploads\/2025\/08\/Fussball_MS1-360x240.jpg 360w\" sizes=\"(max-width: 941px) 100vw, 941px\" \/><\/p>\n<p>&nbsp;<\/p>\n<p>Ein Ausflug in das Rechbauerkino zur Vorstellung \u201eFu\u00dfball am Dach!&#8220;&#8230;<\/p>\n<p><img loading=\"lazy\" decoding=\"async\" src=\"https:\/\/schule-ellenkey.at\/wp-content\/uploads\/2025\/08\/Kino-scaled.jpg\" alt=\"\" width=\"941\" height=\"706\" class=\"alignnone wp-image-1462\" srcset=\"https:\/\/schule-ellenkey.at\/wp-content\/uploads\/2025\/08\/Kino-scaled.jpg 2560w, https:\/\/schule-ellenkey.at\/wp-content\/uploads\/2025\/08\/Kino-300x225.jpg 300w, https:\/\/schule-ellenkey.at\/wp-content\/uploads\/2025\/08\/Kino-1024x768.jpg 1024w, https:\/\/schule-ellenkey.at\/wp-content\/uploads\/2025\/08\/Kino-768x576.jpg 768w, https:\/\/schule-ellenkey.at\/wp-content\/uploads\/2025\/08\/Kino-1536x1152.jpg 1536w, https:\/\/schule-ellenkey.at\/wp-content\/uploads\/2025\/08\/Kino-2048x1536.jpg 2048w\" sizes=\"(max-width: 941px) 100vw, 941px\" \/><\/p>\n<p>&nbsp;<\/p>\n<p>Wir freuen uns \u00fcber unsere neuen Laptops! So macht das Arbeiten gleich mehr Spa\u00df&#8230;<\/p>\n<p><img loading=\"lazy\" decoding=\"async\" src=\"https:\/\/schule-ellenkey.at\/wp-content\/uploads\/2025\/08\/Laptop_1.jpg\" alt=\"\" width=\"941\" height=\"627\" class=\"alignnone wp-image-1463\" srcset=\"https:\/\/schule-ellenkey.at\/wp-content\/uploads\/2025\/08\/Laptop_1.jpg 2362w, https:\/\/schule-ellenkey.at\/wp-content\/uploads\/2025\/08\/Laptop_1-300x200.jpg 300w, https:\/\/schule-ellenkey.at\/wp-content\/uploads\/2025\/08\/Laptop_1-1024x683.jpg 1024w, https:\/\/schule-ellenkey.at\/wp-content\/uploads\/2025\/08\/Laptop_1-768x512.jpg 768w, https:\/\/schule-ellenkey.at\/wp-content\/uploads\/2025\/08\/Laptop_1-1536x1024.jpg 1536w, https:\/\/schule-ellenkey.at\/wp-content\/uploads\/2025\/08\/Laptop_1-2048x1366.jpg 2048w, https:\/\/schule-ellenkey.at\/wp-content\/uploads\/2025\/08\/Laptop_1-360x240.jpg 360w\" sizes=\"(max-width: 941px) 100vw, 941px\" \/><\/p>\n<p>&nbsp;<\/p>\n<p>T\u00e4glich bringen wir mit Achtsamkeits\u00fcbungen unsere Seele, unseren Geist, unser Herz und unseren K\u00f6rper in Einklang!<\/p>\n<p>So kann Lernen gelingen&#8230;<\/p>\n<p><img loading=\"lazy\" decoding=\"async\" src=\"https:\/\/schule-ellenkey.at\/wp-content\/uploads\/2025\/08\/Kalligraf_4.jpg\" alt=\"\" width=\"940\" height=\"705\" class=\"alignnone wp-image-1469\" srcset=\"https:\/\/schule-ellenkey.at\/wp-content\/uploads\/2025\/08\/Kalligraf_4.jpg 1600w, https:\/\/schule-ellenkey.at\/wp-content\/uploads\/2025\/08\/Kalligraf_4-300x225.jpg 300w, https:\/\/schule-ellenkey.at\/wp-content\/uploads\/2025\/08\/Kalligraf_4-1024x768.jpg 1024w, https:\/\/schule-ellenkey.at\/wp-content\/uploads\/2025\/08\/Kalligraf_4-768x576.jpg 768w, https:\/\/schule-ellenkey.at\/wp-content\/uploads\/2025\/08\/Kalligraf_4-1536x1152.jpg 1536w\" sizes=\"(max-width: 940px) 100vw, 940px\" \/><\/p>\n<p>&nbsp;<\/p>\n<p>In der Weihnachtsb\u00e4ckerei gibt\u00b4s so manche Leckerei \u2026.<\/p>\n<p><img loading=\"lazy\" decoding=\"async\" src=\"https:\/\/schule-ellenkey.at\/wp-content\/uploads\/2025\/08\/Kekse_6.jpg\" alt=\"\" width=\"941\" height=\"627\" class=\"alignnone wp-image-1470\" srcset=\"https:\/\/schule-ellenkey.at\/wp-content\/uploads\/2025\/08\/Kekse_6.jpg 2362w, https:\/\/schule-ellenkey.at\/wp-content\/uploads\/2025\/08\/Kekse_6-300x200.jpg 300w, https:\/\/schule-ellenkey.at\/wp-content\/uploads\/2025\/08\/Kekse_6-1024x683.jpg 1024w, https:\/\/schule-ellenkey.at\/wp-content\/uploads\/2025\/08\/Kekse_6-768x512.jpg 768w, https:\/\/schule-ellenkey.at\/wp-content\/uploads\/2025\/08\/Kekse_6-1536x1024.jpg 1536w, https:\/\/schule-ellenkey.at\/wp-content\/uploads\/2025\/08\/Kekse_6-2048x1366.jpg 2048w, https:\/\/schule-ellenkey.at\/wp-content\/uploads\/2025\/08\/Kekse_6-360x240.jpg 360w\" sizes=\"(max-width: 941px) 100vw, 941px\" \/><\/p>\n<p>&nbsp;<\/p>\n<p>Bei unserem Steinzeitprojekt fertigen wir aus Speckstein, dem n\u00f6tigen Werkzeug und viel Geduld Anh\u00e4nger f\u00fcr unsere Kette&#8230;<\/p>\n<p><img loading=\"lazy\" decoding=\"async\" src=\"https:\/\/schule-ellenkey.at\/wp-content\/uploads\/2025\/08\/Speckstein_Steinzeit-scaled.jpg\" alt=\"\" width=\"940\" height=\"705\" class=\"alignnone wp-image-1472\" srcset=\"https:\/\/schule-ellenkey.at\/wp-content\/uploads\/2025\/08\/Speckstein_Steinzeit-scaled.jpg 2560w, https:\/\/schule-ellenkey.at\/wp-content\/uploads\/2025\/08\/Speckstein_Steinzeit-300x225.jpg 300w, https:\/\/schule-ellenkey.at\/wp-content\/uploads\/2025\/08\/Speckstein_Steinzeit-1024x768.jpg 1024w, https:\/\/schule-ellenkey.at\/wp-content\/uploads\/2025\/08\/Speckstein_Steinzeit-768x576.jpg 768w, https:\/\/schule-ellenkey.at\/wp-content\/uploads\/2025\/08\/Speckstein_Steinzeit-1536x1152.jpg 1536w, https:\/\/schule-ellenkey.at\/wp-content\/uploads\/2025\/08\/Speckstein_Steinzeit-2048x1536.jpg 2048w\" sizes=\"(max-width: 940px) 100vw, 940px\" \/><\/p>\n<hr \/>\n<p>&nbsp;<\/p>\n<p><strong>12.06.2025<\/strong><\/p>\n<p>Die VS 2 wanderte heute durch die angenehm k\u00fchle Rettenbachklamm und manche trauten sich sogar ins Wasser&#8230;<\/p>\n<p><img loading=\"lazy\" decoding=\"async\" src=\"https:\/\/schule-ellenkey.at\/wp-content\/uploads\/2025\/06\/Rettenbachklamm-scaled.jpg\" alt=\"\" width=\"940\" height=\"705\" class=\"alignnone wp-image-1455\" srcset=\"https:\/\/schule-ellenkey.at\/wp-content\/uploads\/2025\/06\/Rettenbachklamm-scaled.jpg 2560w, https:\/\/schule-ellenkey.at\/wp-content\/uploads\/2025\/06\/Rettenbachklamm-300x225.jpg 300w, https:\/\/schule-ellenkey.at\/wp-content\/uploads\/2025\/06\/Rettenbachklamm-1024x768.jpg 1024w, https:\/\/schule-ellenkey.at\/wp-content\/uploads\/2025\/06\/Rettenbachklamm-768x576.jpg 768w, https:\/\/schule-ellenkey.at\/wp-content\/uploads\/2025\/06\/Rettenbachklamm-1536x1152.jpg 1536w, https:\/\/schule-ellenkey.at\/wp-content\/uploads\/2025\/06\/Rettenbachklamm-2048x1536.jpg 2048w\" sizes=\"(max-width: 940px) 100vw, 940px\" \/><\/p>\n<p>&nbsp;<\/p>\n<p><strong>09.06.2025<\/strong><\/p>\n<p><span style=\"color: #99cc00;\"><strong><span style=\"color: #339966;\">Der 19.06.<\/span><span style=\"color: #339966;\"> (Donnerstag)<\/span> ist ein Feiertag und der <span style=\"color: #99cc00;\">20<\/span><\/strong><strong>.06.<\/strong><strong><span style=\"color: #339966;\"> (Freitag)<\/span> ist schulautonom frei.<\/strong><\/span><\/p>\n<hr \/>\n<p>&nbsp;<\/p>\n<p><strong>05.06.2025<\/strong><\/p>\n<p>Die VS 2 verbrachte einen Walderlebnistag am Rosenhain&#8230;<\/p>\n<p><img loading=\"lazy\" decoding=\"async\" src=\"https:\/\/schule-ellenkey.at\/wp-content\/uploads\/2025\/06\/Rosenhain-scaled.jpg\" alt=\"\" width=\"940\" height=\"705\" class=\"alignnone wp-image-1454\" srcset=\"https:\/\/schule-ellenkey.at\/wp-content\/uploads\/2025\/06\/Rosenhain-scaled.jpg 2560w, https:\/\/schule-ellenkey.at\/wp-content\/uploads\/2025\/06\/Rosenhain-300x225.jpg 300w, https:\/\/schule-ellenkey.at\/wp-content\/uploads\/2025\/06\/Rosenhain-1024x768.jpg 1024w, https:\/\/schule-ellenkey.at\/wp-content\/uploads\/2025\/06\/Rosenhain-768x576.jpg 768w, https:\/\/schule-ellenkey.at\/wp-content\/uploads\/2025\/06\/Rosenhain-1536x1152.jpg 1536w, https:\/\/schule-ellenkey.at\/wp-content\/uploads\/2025\/06\/Rosenhain-2048x1536.jpg 2048w\" sizes=\"(max-width: 940px) 100vw, 940px\" \/><\/p>\n<p>&nbsp;<\/p>\n<p><strong>02.06.2025<\/strong><\/p>\n<p><span style=\"color: #99cc00;\"><strong><span style=\"color: #339966;\">Der 09.06.<\/span><span style=\"color: #339966;\"> (Montag)<\/span> ist ein Feiertag und der <span style=\"color: #339966;\">10<\/span><\/strong><\/span><span style=\"color: #339966;\"><strong>.06.<\/strong><\/span><span style=\"color: #99cc00;\"><strong><span style=\"color: #339966;\"> (Dienstag)<\/span> ist autonom frei.<\/strong><\/span><\/p>\n<hr \/>\n<p><strong>28.05.2025<\/strong><\/p>\n<p><span style=\"color: #99cc00;\"><strong><span style=\"color: #339966;\">Der 29.05.<\/span><span style=\"color: #339966;\"> (Donnerstag)<\/span> ist ein Feiertag und der <span style=\"color: #339966;\">30<\/span><\/strong><\/span><span style=\"color: #339966;\"><strong>.05.<\/strong><\/span><span style=\"color: #99cc00;\"><strong><span style=\"color: #339966;\"> (Freitag)<\/span> ist schulautonom frei.<\/strong><\/span><\/p>\n<hr \/>\n<p><strong>28.04.2025<\/strong><\/p>\n<p><span style=\"color: #99cc00;\"><strong><span style=\"color: #339966;\">Der 01.05.<\/span><span style=\"color: #339966;\"> (Donnerstag)<\/span> ist ein Feiertag und der <\/strong><\/span><span style=\"color: #339966;\"><strong>02<\/strong><strong>.05.<\/strong><\/span><span style=\"color: #99cc00;\"><strong><span style=\"color: #339966;\"> (Freitag)<\/span> ist schulautonom frei.<\/strong><\/span><\/p>\n<hr \/>\n<p><strong>11.04.2025<\/strong><\/p>\n<p><span style=\"color: #339966;\"><strong>Das Team der VS &amp; MS Ellen Key w\u00fcnscht allen Sch\u00fcler*innen, Erziehungsberechtigten und Unterst\u00fctzer*innen <span style=\"color: #99cc00;\">erholsame Osterferien.<\/span><\/strong><\/span><\/p>\n<p><span style=\"color: #339966;\"><strong>Wir starten wieder am <span style=\"color: #99cc00;\">22.04.2025!<\/span><\/strong><\/span><\/p>\n<hr \/>\n<p>&nbsp;<\/p>\n<p><strong>21.03.2025<\/strong><\/p>\n<p>Die VS 2 nahm mit Begeisterung am erlebnisp\u00e4dagogischen Projekt &#8222;Lunz&#8220; in Hitzendorf teil (10.03. &#8211; 13.03.)&#8230;<\/p>\n<p><strong><img loading=\"lazy\" decoding=\"async\" src=\"https:\/\/schule-ellenkey.at\/wp-content\/uploads\/2025\/04\/Lunz_10.jpg\" alt=\"\" width=\"941\" height=\"627\" class=\"alignnone wp-image-1439\" srcset=\"https:\/\/schule-ellenkey.at\/wp-content\/uploads\/2025\/04\/Lunz_10.jpg 2362w, https:\/\/schule-ellenkey.at\/wp-content\/uploads\/2025\/04\/Lunz_10-300x200.jpg 300w, https:\/\/schule-ellenkey.at\/wp-content\/uploads\/2025\/04\/Lunz_10-1024x683.jpg 1024w, https:\/\/schule-ellenkey.at\/wp-content\/uploads\/2025\/04\/Lunz_10-768x512.jpg 768w, https:\/\/schule-ellenkey.at\/wp-content\/uploads\/2025\/04\/Lunz_10-1536x1024.jpg 1536w, https:\/\/schule-ellenkey.at\/wp-content\/uploads\/2025\/04\/Lunz_10-2048x1366.jpg 2048w, https:\/\/schule-ellenkey.at\/wp-content\/uploads\/2025\/04\/Lunz_10-360x240.jpg 360w\" sizes=\"(max-width: 941px) 100vw, 941px\" \/><\/strong><\/p>\n<p>&nbsp;<\/p>\n<p><strong>20.12.2024<\/strong><\/p>\n<p><span style=\"color: #339966;\"><strong>Das Team der VS &amp; MS Ellen Key w\u00fcnscht allen Sch\u00fcler*innen, Erziehungsberechtigten und Unterst\u00fctzer*innen <span style=\"color: #99cc00;\">sch\u00f6ne\u00a0Weihnachten und erholsame Ferien.<\/span><\/strong><\/span><\/p>\n<p><span style=\"color: #339966;\"><strong>Wir starten wieder am <span style=\"color: #99cc00;\">07.01.2025!<\/span><\/strong><\/span><\/p>\n<hr \/>\n<p>Weihnachtliche Gr\u00fc\u00dfe von der Klasse aus der Justizanstalt&#8230;<\/p>\n<p><img loading=\"lazy\" decoding=\"async\" src=\"https:\/\/schule-ellenkey.at\/wp-content\/uploads\/2024\/12\/Weihnachten_Gefaengnis.jpg\" alt=\"\" width=\"941\" height=\"627\" class=\"alignnone wp-image-1429\" srcset=\"https:\/\/schule-ellenkey.at\/wp-content\/uploads\/2024\/12\/Weihnachten_Gefaengnis.jpg 2362w, https:\/\/schule-ellenkey.at\/wp-content\/uploads\/2024\/12\/Weihnachten_Gefaengnis-300x200.jpg 300w, https:\/\/schule-ellenkey.at\/wp-content\/uploads\/2024\/12\/Weihnachten_Gefaengnis-1024x683.jpg 1024w, https:\/\/schule-ellenkey.at\/wp-content\/uploads\/2024\/12\/Weihnachten_Gefaengnis-768x512.jpg 768w, https:\/\/schule-ellenkey.at\/wp-content\/uploads\/2024\/12\/Weihnachten_Gefaengnis-1536x1024.jpg 1536w, https:\/\/schule-ellenkey.at\/wp-content\/uploads\/2024\/12\/Weihnachten_Gefaengnis-2048x1366.jpg 2048w, https:\/\/schule-ellenkey.at\/wp-content\/uploads\/2024\/12\/Weihnachten_Gefaengnis-360x240.jpg 360w\" sizes=\"(max-width: 941px) 100vw, 941px\" \/><\/p>\n<p>&nbsp;<\/p>\n<p><strong>19.12.2024<\/strong><\/p>\n<p>Die VS 2 war heute zu Besuch im Zeughaus Graz&#8230;<\/p>\n<p><img loading=\"lazy\" decoding=\"async\" src=\"https:\/\/schule-ellenkey.at\/wp-content\/uploads\/2024\/12\/Zeughaus-scaled.jpg\" alt=\"\" width=\"940\" height=\"705\" class=\"alignnone wp-image-1428\" srcset=\"https:\/\/schule-ellenkey.at\/wp-content\/uploads\/2024\/12\/Zeughaus-scaled.jpg 2560w, https:\/\/schule-ellenkey.at\/wp-content\/uploads\/2024\/12\/Zeughaus-300x225.jpg 300w, https:\/\/schule-ellenkey.at\/wp-content\/uploads\/2024\/12\/Zeughaus-1024x768.jpg 1024w, https:\/\/schule-ellenkey.at\/wp-content\/uploads\/2024\/12\/Zeughaus-768x576.jpg 768w, https:\/\/schule-ellenkey.at\/wp-content\/uploads\/2024\/12\/Zeughaus-1536x1152.jpg 1536w, https:\/\/schule-ellenkey.at\/wp-content\/uploads\/2024\/12\/Zeughaus-2048x1536.jpg 2048w\" sizes=\"(max-width: 940px) 100vw, 940px\" \/><\/p>\n<p>&nbsp;<\/p>\n<p><strong>05.12. und 12.12.2024<\/strong><\/p>\n<p>Die VS 2 besuchte am 05.12. das &#8222;Bad zur Sonne&#8220; und bestaunte die Grazer Eiskrippe eine Woche sp\u00e4ter&#8230;<\/p>\n<p><img loading=\"lazy\" decoding=\"async\" src=\"https:\/\/schule-ellenkey.at\/wp-content\/uploads\/2024\/12\/Eiskrippe_Schwimmbad.jpg\" alt=\"\" width=\"940\" height=\"626\" class=\"alignnone wp-image-1425\" srcset=\"https:\/\/schule-ellenkey.at\/wp-content\/uploads\/2024\/12\/Eiskrippe_Schwimmbad.jpg 2362w, https:\/\/schule-ellenkey.at\/wp-content\/uploads\/2024\/12\/Eiskrippe_Schwimmbad-300x200.jpg 300w, https:\/\/schule-ellenkey.at\/wp-content\/uploads\/2024\/12\/Eiskrippe_Schwimmbad-1024x683.jpg 1024w, https:\/\/schule-ellenkey.at\/wp-content\/uploads\/2024\/12\/Eiskrippe_Schwimmbad-768x512.jpg 768w, https:\/\/schule-ellenkey.at\/wp-content\/uploads\/2024\/12\/Eiskrippe_Schwimmbad-1536x1024.jpg 1536w, https:\/\/schule-ellenkey.at\/wp-content\/uploads\/2024\/12\/Eiskrippe_Schwimmbad-2048x1366.jpg 2048w, https:\/\/schule-ellenkey.at\/wp-content\/uploads\/2024\/12\/Eiskrippe_Schwimmbad-360x240.jpg 360w\" sizes=\"(max-width: 940px) 100vw, 940px\" \/><\/p>\n<p>&nbsp;<\/p>\n<p><strong>27.11.2024<\/strong><\/p>\n<p>Die Aufwindklasse beim Adventkranz binden in der hauseigenen G\u00e4rtnerei&#8230;<\/p>\n<p>Wir w\u00fcnschen eine frohe Adventszeit!<\/p>\n<p><img loading=\"lazy\" decoding=\"async\" src=\"https:\/\/schule-ellenkey.at\/wp-content\/uploads\/2024\/12\/AK6.jpg\" alt=\"\" width=\"940\" height=\"627\" class=\"alignnone wp-image-1421\" srcset=\"https:\/\/schule-ellenkey.at\/wp-content\/uploads\/2024\/12\/AK6.jpg 2362w, https:\/\/schule-ellenkey.at\/wp-content\/uploads\/2024\/12\/AK6-300x200.jpg 300w, https:\/\/schule-ellenkey.at\/wp-content\/uploads\/2024\/12\/AK6-1024x683.jpg 1024w, https:\/\/schule-ellenkey.at\/wp-content\/uploads\/2024\/12\/AK6-768x512.jpg 768w, https:\/\/schule-ellenkey.at\/wp-content\/uploads\/2024\/12\/AK6-1536x1024.jpg 1536w, https:\/\/schule-ellenkey.at\/wp-content\/uploads\/2024\/12\/AK6-2048x1366.jpg 2048w, https:\/\/schule-ellenkey.at\/wp-content\/uploads\/2024\/12\/AK6-360x240.jpg 360w\" sizes=\"(max-width: 940px) 100vw, 940px\" \/><\/p>\n<p>&nbsp;<\/p>\n<p><strong>25.10.2024<\/strong><\/p>\n<p>Happy Halloween w\u00fcnscht die MS2!<\/p>\n<p>Auch heuer gestalteten die Sch\u00fcler der MS 2 wunderbare Geister aus Gipsbandagen.<\/p>\n<p>Die LED-Lichterkette war das T\u00fcpfelchen auf dem i&#8230;<\/p>\n<p><img loading=\"lazy\" decoding=\"async\" src=\"https:\/\/schule-ellenkey.at\/wp-content\/uploads\/2024\/10\/Halloween_Gipsgeister2-scaled.jpg\" alt=\"\" width=\"941\" height=\"691\" class=\"alignnone wp-image-1417\" srcset=\"https:\/\/schule-ellenkey.at\/wp-content\/uploads\/2024\/10\/Halloween_Gipsgeister2-scaled.jpg 2560w, https:\/\/schule-ellenkey.at\/wp-content\/uploads\/2024\/10\/Halloween_Gipsgeister2-300x220.jpg 300w, https:\/\/schule-ellenkey.at\/wp-content\/uploads\/2024\/10\/Halloween_Gipsgeister2-1024x752.jpg 1024w, https:\/\/schule-ellenkey.at\/wp-content\/uploads\/2024\/10\/Halloween_Gipsgeister2-768x564.jpg 768w, https:\/\/schule-ellenkey.at\/wp-content\/uploads\/2024\/10\/Halloween_Gipsgeister2-1536x1128.jpg 1536w, https:\/\/schule-ellenkey.at\/wp-content\/uploads\/2024\/10\/Halloween_Gipsgeister2-2048x1504.jpg 2048w\" sizes=\"(max-width: 941px) 100vw, 941px\" \/><\/p>\n<p>&nbsp;<\/p>\n<p><strong>26.09.2024<\/strong><\/p>\n<p>Nahezu alle Klassen und Standorte der VS &amp; MS Ellen Key besuchten heute den Kletterpark am Hilmteich&#8230;<\/p>\n<p><img loading=\"lazy\" decoding=\"async\" src=\"https:\/\/schule-ellenkey.at\/wp-content\/uploads\/2024\/09\/Hilmteich_2-scaled.jpg\" alt=\"\" width=\"940\" height=\"705\" class=\"alignnone wp-image-1401\" srcset=\"https:\/\/schule-ellenkey.at\/wp-content\/uploads\/2024\/09\/Hilmteich_2-scaled.jpg 2560w, https:\/\/schule-ellenkey.at\/wp-content\/uploads\/2024\/09\/Hilmteich_2-300x225.jpg 300w, https:\/\/schule-ellenkey.at\/wp-content\/uploads\/2024\/09\/Hilmteich_2-1024x768.jpg 1024w, https:\/\/schule-ellenkey.at\/wp-content\/uploads\/2024\/09\/Hilmteich_2-768x576.jpg 768w, https:\/\/schule-ellenkey.at\/wp-content\/uploads\/2024\/09\/Hilmteich_2-1536x1152.jpg 1536w, https:\/\/schule-ellenkey.at\/wp-content\/uploads\/2024\/09\/Hilmteich_2-2048x1536.jpg 2048w\" sizes=\"(max-width: 940px) 100vw, 940px\" \/><\/p>\n<p>&nbsp;<\/p>\n<p><strong>16.09.2024<\/strong><\/p>\n<p>Die Aufwindklasse besuchte die Ausstellung &#8222;360 Graz&#8220; im Graz Museum und bedankt sich begeistert f\u00fcr die tolle F\u00fchrung&#8230;<\/p>\n<p><img loading=\"lazy\" decoding=\"async\" src=\"https:\/\/schule-ellenkey.at\/wp-content\/uploads\/2024\/09\/Graz_Museum-scaled.jpg\" alt=\"\" width=\"939\" height=\"705\" class=\"alignnone wp-image-1388\" srcset=\"https:\/\/schule-ellenkey.at\/wp-content\/uploads\/2024\/09\/Graz_Museum-scaled.jpg 2560w, https:\/\/schule-ellenkey.at\/wp-content\/uploads\/2024\/09\/Graz_Museum-300x225.jpg 300w, https:\/\/schule-ellenkey.at\/wp-content\/uploads\/2024\/09\/Graz_Museum-1024x768.jpg 1024w, https:\/\/schule-ellenkey.at\/wp-content\/uploads\/2024\/09\/Graz_Museum-768x576.jpg 768w, https:\/\/schule-ellenkey.at\/wp-content\/uploads\/2024\/09\/Graz_Museum-1536x1152.jpg 1536w, https:\/\/schule-ellenkey.at\/wp-content\/uploads\/2024\/09\/Graz_Museum-2048x1536.jpg 2048w\" sizes=\"(max-width: 939px) 100vw, 939px\" \/><\/p>\n<p>&nbsp;<\/p>\n<p><strong>11.09.2024<\/strong><\/p>\n<p>Die VS 2 unternahm heute eine abenteuerreiche Wanderung zu den Br\u00fcndlteichen&#8230;<\/p>\n<p><img loading=\"lazy\" decoding=\"async\" src=\"https:\/\/schule-ellenkey.at\/wp-content\/uploads\/2024\/09\/Bruendelteiche.jpg\" alt=\"\" width=\"941\" height=\"627\" class=\"alignnone wp-image-1400\" srcset=\"https:\/\/schule-ellenkey.at\/wp-content\/uploads\/2024\/09\/Bruendelteiche.jpg 2362w, https:\/\/schule-ellenkey.at\/wp-content\/uploads\/2024\/09\/Bruendelteiche-300x200.jpg 300w, https:\/\/schule-ellenkey.at\/wp-content\/uploads\/2024\/09\/Bruendelteiche-1024x683.jpg 1024w, https:\/\/schule-ellenkey.at\/wp-content\/uploads\/2024\/09\/Bruendelteiche-768x512.jpg 768w, https:\/\/schule-ellenkey.at\/wp-content\/uploads\/2024\/09\/Bruendelteiche-1536x1024.jpg 1536w, https:\/\/schule-ellenkey.at\/wp-content\/uploads\/2024\/09\/Bruendelteiche-2048x1366.jpg 2048w, https:\/\/schule-ellenkey.at\/wp-content\/uploads\/2024\/09\/Bruendelteiche-360x240.jpg 360w\" sizes=\"(max-width: 941px) 100vw, 941px\" \/><\/p>\n<p>&nbsp;<\/p>\n<p><strong>05.07.2024<\/strong><\/p>\n<p><span style=\"color: #99cc00;\"><strong>Das Team der VS &amp; MS Ellen Key w\u00fcnscht allen Sch\u00fcler*innen, Eltern und Erziehungsberechtigten einen erholsamen und angenehmen Sommer!<\/strong><\/span><\/p>\n<p><span style=\"color: #339966;\"><strong>Die Schule startet an allen Standorten am <span style=\"color: #99cc00;\">Montag, 09. September um 8 Uhr<\/span>.<\/strong><\/span><\/p>\n<p><span style=\"color: #99cc00;\"><strong>Erste Schulwoche:<\/strong><\/span><\/p>\n<p><span style=\"color: #339966;\"><strong>Montag, 09.09.2024: <span style=\"color: #99cc00;\">3 Unterrichtsstunden<\/span><\/strong><\/span><\/p>\n<p><span style=\"color: #99cc00;\"><strong>Dienstag, 10.09.2024: <span style=\"color: #339966;\">4 Unterrichtsstunden<\/span><\/strong><\/span><\/p>\n<p><span style=\"color: #339966;\"><strong><span style=\"color: #99cc00;\">ab Mittwoch, 11.09.2024:<\/span> Unterricht nach Stundenplan<\/strong><\/span><\/p>\n<hr \/>\n<p><strong>27.06.2024<\/strong><\/p>\n<p>Die VS 2 besuchte den Schlossberg mit virtuellem Flug \u00fcber Graz. Mit der Rutsche ging es wieder talw\u00e4rts&#8230;<\/p>\n<p><img loading=\"lazy\" decoding=\"async\" src=\"https:\/\/schule-ellenkey.at\/wp-content\/uploads\/2024\/07\/Schlossbergrutsche-scaled.jpg\" alt=\"\" width=\"940\" height=\"705\" class=\"alignnone wp-image-1376\" srcset=\"https:\/\/schule-ellenkey.at\/wp-content\/uploads\/2024\/07\/Schlossbergrutsche-scaled.jpg 2560w, https:\/\/schule-ellenkey.at\/wp-content\/uploads\/2024\/07\/Schlossbergrutsche-300x225.jpg 300w, https:\/\/schule-ellenkey.at\/wp-content\/uploads\/2024\/07\/Schlossbergrutsche-1024x768.jpg 1024w, https:\/\/schule-ellenkey.at\/wp-content\/uploads\/2024\/07\/Schlossbergrutsche-768x576.jpg 768w, https:\/\/schule-ellenkey.at\/wp-content\/uploads\/2024\/07\/Schlossbergrutsche-1536x1152.jpg 1536w, https:\/\/schule-ellenkey.at\/wp-content\/uploads\/2024\/07\/Schlossbergrutsche-2048x1536.jpg 2048w\" sizes=\"(max-width: 940px) 100vw, 940px\" \/><\/p>\n<p>&nbsp;<\/p>\n<p><strong>25.06.2024<\/strong><\/p>\n<p>Die VS 2 veranstaltete einen Walderlebnistag mit anschlie\u00dfendem Spielen am Hilmteich&#8230;<\/p>\n<p><img loading=\"lazy\" decoding=\"async\" src=\"https:\/\/schule-ellenkey.at\/wp-content\/uploads\/2024\/06\/Hilmteich-scaled.jpg\" alt=\"\" width=\"940\" height=\"705\" class=\"alignnone wp-image-1372\" srcset=\"https:\/\/schule-ellenkey.at\/wp-content\/uploads\/2024\/06\/Hilmteich-scaled.jpg 2560w, https:\/\/schule-ellenkey.at\/wp-content\/uploads\/2024\/06\/Hilmteich-300x225.jpg 300w, https:\/\/schule-ellenkey.at\/wp-content\/uploads\/2024\/06\/Hilmteich-1024x768.jpg 1024w, https:\/\/schule-ellenkey.at\/wp-content\/uploads\/2024\/06\/Hilmteich-768x576.jpg 768w, https:\/\/schule-ellenkey.at\/wp-content\/uploads\/2024\/06\/Hilmteich-1536x1152.jpg 1536w, https:\/\/schule-ellenkey.at\/wp-content\/uploads\/2024\/06\/Hilmteich-2048x1536.jpg 2048w\" sizes=\"(max-width: 940px) 100vw, 940px\" \/><\/p>\n<p>&#8230;danach wurden aus den gesammelten Waldmaterialien Kunstwerke gestaltet&#8230;<\/p>\n<p><img loading=\"lazy\" decoding=\"async\" src=\"https:\/\/schule-ellenkey.at\/wp-content\/uploads\/2024\/06\/Wald-scaled.jpg\" alt=\"\" width=\"939\" height=\"704\" class=\"alignnone wp-image-1373\" srcset=\"https:\/\/schule-ellenkey.at\/wp-content\/uploads\/2024\/06\/Wald-scaled.jpg 2560w, https:\/\/schule-ellenkey.at\/wp-content\/uploads\/2024\/06\/Wald-300x225.jpg 300w, https:\/\/schule-ellenkey.at\/wp-content\/uploads\/2024\/06\/Wald-1024x768.jpg 1024w, https:\/\/schule-ellenkey.at\/wp-content\/uploads\/2024\/06\/Wald-768x576.jpg 768w, https:\/\/schule-ellenkey.at\/wp-content\/uploads\/2024\/06\/Wald-1536x1152.jpg 1536w, https:\/\/schule-ellenkey.at\/wp-content\/uploads\/2024\/06\/Wald-2048x1536.jpg 2048w\" sizes=\"(max-width: 939px) 100vw, 939px\" \/><\/p>\n<p>&nbsp;<\/p>\n<p><strong>20.06.2024<\/strong><\/p>\n<p>Die VS 1 hat heute sch\u00f6ne Schachteln aus Papier gefaltet&#8230;<\/p>\n<p><img loading=\"lazy\" decoding=\"async\" src=\"https:\/\/schule-ellenkey.at\/wp-content\/uploads\/2024\/06\/Falten-scaled.jpg\" alt=\"\" width=\"939\" height=\"705\" class=\"alignnone wp-image-1369\" srcset=\"https:\/\/schule-ellenkey.at\/wp-content\/uploads\/2024\/06\/Falten-scaled.jpg 2560w, https:\/\/schule-ellenkey.at\/wp-content\/uploads\/2024\/06\/Falten-300x225.jpg 300w, https:\/\/schule-ellenkey.at\/wp-content\/uploads\/2024\/06\/Falten-1024x768.jpg 1024w, https:\/\/schule-ellenkey.at\/wp-content\/uploads\/2024\/06\/Falten-768x576.jpg 768w, https:\/\/schule-ellenkey.at\/wp-content\/uploads\/2024\/06\/Falten-1536x1152.jpg 1536w, https:\/\/schule-ellenkey.at\/wp-content\/uploads\/2024\/06\/Falten-2048x1536.jpg 2048w\" sizes=\"(max-width: 939px) 100vw, 939px\" \/><\/p>\n<p>&#8230;und die VS 2 wanderte durch die k\u00fchle Rettenbachklamm&#8230;<\/p>\n<p><img loading=\"lazy\" decoding=\"async\" src=\"https:\/\/schule-ellenkey.at\/wp-content\/uploads\/2024\/06\/Wandertag_VS2-scaled.jpg\" alt=\"\" width=\"939\" height=\"705\" class=\"alignnone wp-image-1370\" srcset=\"https:\/\/schule-ellenkey.at\/wp-content\/uploads\/2024\/06\/Wandertag_VS2-scaled.jpg 2560w, https:\/\/schule-ellenkey.at\/wp-content\/uploads\/2024\/06\/Wandertag_VS2-300x225.jpg 300w, https:\/\/schule-ellenkey.at\/wp-content\/uploads\/2024\/06\/Wandertag_VS2-1024x768.jpg 1024w, https:\/\/schule-ellenkey.at\/wp-content\/uploads\/2024\/06\/Wandertag_VS2-768x576.jpg 768w, https:\/\/schule-ellenkey.at\/wp-content\/uploads\/2024\/06\/Wandertag_VS2-1536x1152.jpg 1536w, https:\/\/schule-ellenkey.at\/wp-content\/uploads\/2024\/06\/Wandertag_VS2-2048x1536.jpg 2048w\" sizes=\"(max-width: 939px) 100vw, 939px\" \/><\/p>\n<p>&nbsp;<\/p>\n<p><strong>06.06.2024<\/strong><\/p>\n<p>Die VS 2 stellte Geschenke f\u00fcr den Vatertag aus Speckstein her&#8230;<\/p>\n<p><strong><img loading=\"lazy\" decoding=\"async\" src=\"https:\/\/schule-ellenkey.at\/wp-content\/uploads\/2024\/06\/Speckstein-1-scaled.jpg\" alt=\"\" width=\"940\" height=\"705\" class=\"alignnone wp-image-1366\" srcset=\"https:\/\/schule-ellenkey.at\/wp-content\/uploads\/2024\/06\/Speckstein-1-scaled.jpg 2560w, https:\/\/schule-ellenkey.at\/wp-content\/uploads\/2024\/06\/Speckstein-1-300x225.jpg 300w, https:\/\/schule-ellenkey.at\/wp-content\/uploads\/2024\/06\/Speckstein-1-1024x768.jpg 1024w, https:\/\/schule-ellenkey.at\/wp-content\/uploads\/2024\/06\/Speckstein-1-768x576.jpg 768w, https:\/\/schule-ellenkey.at\/wp-content\/uploads\/2024\/06\/Speckstein-1-1536x1152.jpg 1536w, https:\/\/schule-ellenkey.at\/wp-content\/uploads\/2024\/06\/Speckstein-1-2048x1536.jpg 2048w\" sizes=\"(max-width: 940px) 100vw, 940px\" \/><\/strong><\/p>\n<p>&nbsp;<\/p>\n<p><strong>28.05.2024<\/strong><\/p>\n<p><span style=\"color: #99cc00;\"><strong><span style=\"color: #339966;\"><span style=\"color: #99cc00;\">Der 30.05.<\/span><\/span><span style=\"color: #339966;\"> (Donnerstag)<\/span><span style=\"color: #99cc00;\"> ist ein Feiertag und der <span style=\"color: #339966;\">31.05. (Freitag)<\/span> ist ebenso schulfrei<\/span><span style=\"color: #99cc00;\">.<\/span><\/strong><\/span><\/p>\n<hr \/>\n<p><strong>16.05.2024<\/strong><\/p>\n<p><span style=\"color: #99cc00;\"><strong>Der 21<span style=\"color: #339966;\">.<span style=\"color: #99cc00;\">05.<\/span> (Dienstag)<\/span> wurde vom Schulforum zum <span style=\"color: #339966;\">autonom schulfreien Tag<\/span> erkl\u00e4rt.<\/strong><\/span><\/p>\n<hr \/>\n<p><strong>21.03.2024<\/strong><\/p>\n<p><span style=\"color: #339966;\"><strong>Das Team der VS &amp; MS Ellen Key w\u00fcnscht allen Sch\u00fcler*innen, Erziehungsberechtigten und Unterst\u00fctzer*innen <span style=\"color: #99cc00;\">erholsame Osterferien.<\/span><\/strong><\/span><\/p>\n<p><span style=\"color: #339966;\"><strong>Wir starten wieder am <span style=\"color: #99cc00;\">02.04.2024!<\/span><\/strong><\/span><\/p>\n<hr \/>\n<p><strong>12.03.2024<\/strong><\/p>\n<p><span style=\"color: #99cc00;\"><strong>Der <span style=\"color: #339966;\">19.03. (Josefstag)<\/span> ist <span style=\"color: #339966;\">schulfrei<\/span>. Der <span style=\"color: #339966;\">18.03.<\/span> wurde vom Schulforum zum <span style=\"color: #339966;\">autonom schulfreien Tag<\/span> erkl\u00e4rt.<\/strong><\/span><\/p>\n<hr \/>\n<p><strong>09.02.2024<\/strong><\/p>\n<p>Spa\u00df mit Musik und Tanz in der VS 2&#8230;<\/p>\n<p><img loading=\"lazy\" decoding=\"async\" src=\"https:\/\/schule-ellenkey.at\/wp-content\/uploads\/2024\/02\/MusikTanz-scaled.jpg\" alt=\"\" width=\"938\" height=\"703\" class=\"alignnone wp-image-1348\" srcset=\"https:\/\/schule-ellenkey.at\/wp-content\/uploads\/2024\/02\/MusikTanz-scaled.jpg 2560w, https:\/\/schule-ellenkey.at\/wp-content\/uploads\/2024\/02\/MusikTanz-300x225.jpg 300w, https:\/\/schule-ellenkey.at\/wp-content\/uploads\/2024\/02\/MusikTanz-1024x768.jpg 1024w, https:\/\/schule-ellenkey.at\/wp-content\/uploads\/2024\/02\/MusikTanz-768x576.jpg 768w, https:\/\/schule-ellenkey.at\/wp-content\/uploads\/2024\/02\/MusikTanz-1536x1152.jpg 1536w, https:\/\/schule-ellenkey.at\/wp-content\/uploads\/2024\/02\/MusikTanz-2048x1536.jpg 2048w\" sizes=\"(max-width: 938px) 100vw, 938px\" \/><\/p>\n<p>&nbsp;<\/p>\n<p><strong>26.01.2024<\/strong><\/p>\n<p>Die Klasse am Fr\u00f6belpark kochte sich mit Hilfe von den Lehrpersonen und der Studentin in einem einw\u00f6chigen Kochprojekt einmal um die Welt&#8230;<\/p>\n<p><img loading=\"lazy\" decoding=\"async\" src=\"https:\/\/schule-ellenkey.at\/wp-content\/uploads\/2024\/02\/Kochprojekt-scaled.jpg\" alt=\"\" width=\"939\" height=\"704\" class=\"alignnone wp-image-1347\" srcset=\"https:\/\/schule-ellenkey.at\/wp-content\/uploads\/2024\/02\/Kochprojekt-scaled.jpg 2560w, https:\/\/schule-ellenkey.at\/wp-content\/uploads\/2024\/02\/Kochprojekt-300x225.jpg 300w, https:\/\/schule-ellenkey.at\/wp-content\/uploads\/2024\/02\/Kochprojekt-1024x768.jpg 1024w, https:\/\/schule-ellenkey.at\/wp-content\/uploads\/2024\/02\/Kochprojekt-768x576.jpg 768w, https:\/\/schule-ellenkey.at\/wp-content\/uploads\/2024\/02\/Kochprojekt-1536x1152.jpg 1536w, https:\/\/schule-ellenkey.at\/wp-content\/uploads\/2024\/02\/Kochprojekt-2048x1536.jpg 2048w\" sizes=\"(max-width: 939px) 100vw, 939px\" \/><\/p>\n<p>&nbsp;<\/p>\n<p><strong>21.12.2023<\/strong><\/p>\n<p><span style=\"color: #339966;\"><strong>Das Team der VS &amp; MS Ellen Key w\u00fcnscht allen Sch\u00fcler*innen, Erziehungsberechtigten und Unterst\u00fctzer*innen <span style=\"color: #99cc00;\">friedvolle Weihnachten und erholsame Ferien.<\/span><\/strong><\/span><\/p>\n<p><span style=\"color: #339966;\"><strong>Wir starten wieder am <span style=\"color: #99cc00;\">08.01.2024!<\/span><\/strong><\/span><\/p>\n<p><img loading=\"lazy\" decoding=\"async\" src=\"https:\/\/schule-ellenkey.at\/wp-content\/uploads\/2023\/12\/Engel.jpg\" alt=\"\" width=\"939\" height=\"626\" class=\"alignnone wp-image-1341\" srcset=\"https:\/\/schule-ellenkey.at\/wp-content\/uploads\/2023\/12\/Engel.jpg 2362w, https:\/\/schule-ellenkey.at\/wp-content\/uploads\/2023\/12\/Engel-300x200.jpg 300w, https:\/\/schule-ellenkey.at\/wp-content\/uploads\/2023\/12\/Engel-1024x683.jpg 1024w, https:\/\/schule-ellenkey.at\/wp-content\/uploads\/2023\/12\/Engel-768x512.jpg 768w, https:\/\/schule-ellenkey.at\/wp-content\/uploads\/2023\/12\/Engel-1536x1024.jpg 1536w, https:\/\/schule-ellenkey.at\/wp-content\/uploads\/2023\/12\/Engel-2048x1366.jpg 2048w, https:\/\/schule-ellenkey.at\/wp-content\/uploads\/2023\/12\/Engel-360x240.jpg 360w\" sizes=\"(max-width: 939px) 100vw, 939px\" \/><\/p>\n<p><img loading=\"lazy\" decoding=\"async\" src=\"https:\/\/schule-ellenkey.at\/wp-content\/uploads\/2024\/01\/AK5.jpg\" alt=\"\" width=\"940\" height=\"626\" class=\"alignnone wp-image-1344\" srcset=\"https:\/\/schule-ellenkey.at\/wp-content\/uploads\/2024\/01\/AK5.jpg 2362w, https:\/\/schule-ellenkey.at\/wp-content\/uploads\/2024\/01\/AK5-300x200.jpg 300w, https:\/\/schule-ellenkey.at\/wp-content\/uploads\/2024\/01\/AK5-1024x683.jpg 1024w, https:\/\/schule-ellenkey.at\/wp-content\/uploads\/2024\/01\/AK5-768x512.jpg 768w, https:\/\/schule-ellenkey.at\/wp-content\/uploads\/2024\/01\/AK5-1536x1024.jpg 1536w, https:\/\/schule-ellenkey.at\/wp-content\/uploads\/2024\/01\/AK5-2048x1366.jpg 2048w, https:\/\/schule-ellenkey.at\/wp-content\/uploads\/2024\/01\/AK5-360x240.jpg 360w\" sizes=\"(max-width: 940px) 100vw, 940px\" \/><\/p>\n<p>&nbsp;<\/p>\n<p><strong>07.12.2023<\/strong><\/p>\n<p>Die VS2 in der Weihnachtsb\u00e4ckerei&#8230;<\/p>\n<p><img loading=\"lazy\" decoding=\"async\" src=\"https:\/\/schule-ellenkey.at\/wp-content\/uploads\/2023\/12\/Kekse_5.jpg\" alt=\"\" width=\"941\" height=\"627\" class=\"alignnone wp-image-1332\" srcset=\"https:\/\/schule-ellenkey.at\/wp-content\/uploads\/2023\/12\/Kekse_5.jpg 2362w, https:\/\/schule-ellenkey.at\/wp-content\/uploads\/2023\/12\/Kekse_5-300x200.jpg 300w, https:\/\/schule-ellenkey.at\/wp-content\/uploads\/2023\/12\/Kekse_5-1024x683.jpg 1024w, https:\/\/schule-ellenkey.at\/wp-content\/uploads\/2023\/12\/Kekse_5-768x512.jpg 768w, https:\/\/schule-ellenkey.at\/wp-content\/uploads\/2023\/12\/Kekse_5-1536x1024.jpg 1536w, https:\/\/schule-ellenkey.at\/wp-content\/uploads\/2023\/12\/Kekse_5-2048x1366.jpg 2048w, https:\/\/schule-ellenkey.at\/wp-content\/uploads\/2023\/12\/Kekse_5-360x240.jpg 360w\" sizes=\"(max-width: 941px) 100vw, 941px\" \/><\/p>\n<p>&nbsp;<\/p>\n<p><strong>24.11.2023<\/strong><\/p>\n<p>Die Aufwindklasse war zu Besuch bei der Lehrlingsmesse Graz Nord. Die Sch\u00fcler*innen bekamen eine F\u00fchrung durch die SSI Sch\u00e4fer und einen Einblick in verschiedene Berufsgruppen&#8230;<\/p>\n<p><img loading=\"lazy\" decoding=\"async\" src=\"https:\/\/schule-ellenkey.at\/wp-content\/uploads\/2023\/11\/Lehrlingsmesse-scaled.jpg\" alt=\"\" width=\"940\" height=\"705\" class=\"alignnone wp-image-1328\" srcset=\"https:\/\/schule-ellenkey.at\/wp-content\/uploads\/2023\/11\/Lehrlingsmesse-scaled.jpg 2560w, https:\/\/schule-ellenkey.at\/wp-content\/uploads\/2023\/11\/Lehrlingsmesse-300x225.jpg 300w, https:\/\/schule-ellenkey.at\/wp-content\/uploads\/2023\/11\/Lehrlingsmesse-1024x768.jpg 1024w, https:\/\/schule-ellenkey.at\/wp-content\/uploads\/2023\/11\/Lehrlingsmesse-768x576.jpg 768w, https:\/\/schule-ellenkey.at\/wp-content\/uploads\/2023\/11\/Lehrlingsmesse-1536x1152.jpg 1536w, https:\/\/schule-ellenkey.at\/wp-content\/uploads\/2023\/11\/Lehrlingsmesse-2048x1536.jpg 2048w\" sizes=\"(max-width: 940px) 100vw, 940px\" \/><\/p>\n<p>&nbsp;<\/p>\n<p><strong>15.11.2023<\/strong><\/p>\n<p>Die Klasse am Fr\u00f6belpark hat es sich zur Aufgabe gemacht, eigene Tischtennisschl\u00e4ger herzustellen und bei erfolgreichem Abschluss des Projekts ein Tischtennisturnier zu organisieren&#8230;<\/p>\n<p><img loading=\"lazy\" decoding=\"async\" src=\"https:\/\/schule-ellenkey.at\/wp-content\/uploads\/2023\/11\/Tischtennis_Schlaeger.jpg\" alt=\"\" width=\"940\" height=\"705\" class=\"alignnone wp-image-1326\" srcset=\"https:\/\/schule-ellenkey.at\/wp-content\/uploads\/2023\/11\/Tischtennis_Schlaeger.jpg 1600w, https:\/\/schule-ellenkey.at\/wp-content\/uploads\/2023\/11\/Tischtennis_Schlaeger-300x225.jpg 300w, https:\/\/schule-ellenkey.at\/wp-content\/uploads\/2023\/11\/Tischtennis_Schlaeger-1024x768.jpg 1024w, https:\/\/schule-ellenkey.at\/wp-content\/uploads\/2023\/11\/Tischtennis_Schlaeger-768x576.jpg 768w, https:\/\/schule-ellenkey.at\/wp-content\/uploads\/2023\/11\/Tischtennis_Schlaeger-1536x1152.jpg 1536w\" sizes=\"(max-width: 940px) 100vw, 940px\" \/><\/p>\n<p>&nbsp;<\/p>\n<p><strong>09.11.2023<\/strong><\/p>\n<p>Auch heuer widmen wir wieder einen Teil des Sozialen Lernens der \u201eTransformativen Intervention\u201c, der Arbeit mit der Tao-Kalligrafie. Um uns nicht nur physisch zu st\u00e4rken, bereiten wir uns auch mental und emotional auf bevorstehende Herausforderungen vor.\u00a0 Mit dem Schreiben von Tao-Kalligrafie und durch Meditationen tauchen wir in das Schwingungsfeld verschiedener Frequenzen und Energien ein, um Seele, Herz, Geist und K\u00f6rper zu harmonisieren und Blockaden beim Lernen zu l\u00f6sen. Feels so good! (Text: Daniela Sonnleitner, BEd \/MS1)<\/p>\n<p><img loading=\"lazy\" decoding=\"async\" src=\"https:\/\/schule-ellenkey.at\/wp-content\/uploads\/2023\/11\/Kalligraf_3.jpg\" alt=\"\" width=\"940\" height=\"705\" class=\"alignnone wp-image-1307\" srcset=\"https:\/\/schule-ellenkey.at\/wp-content\/uploads\/2023\/11\/Kalligraf_3.jpg 1600w, https:\/\/schule-ellenkey.at\/wp-content\/uploads\/2023\/11\/Kalligraf_3-300x225.jpg 300w, https:\/\/schule-ellenkey.at\/wp-content\/uploads\/2023\/11\/Kalligraf_3-1024x768.jpg 1024w, https:\/\/schule-ellenkey.at\/wp-content\/uploads\/2023\/11\/Kalligraf_3-768x576.jpg 768w, https:\/\/schule-ellenkey.at\/wp-content\/uploads\/2023\/11\/Kalligraf_3-1536x1152.jpg 1536w\" sizes=\"(max-width: 940px) 100vw, 940px\" \/><\/p>\n<p>&nbsp;<\/p>\n<p><strong>07.11.2023<\/strong><\/p>\n<p>In spannenden &#8222;jeux dramatiques&#8220; begab sich die VS 2 diesmal auf eine abenteuerliche Reise zu den indischen Elefanten und ihren Mahuts&#8230;<\/p>\n<p><img loading=\"lazy\" decoding=\"async\" src=\"https:\/\/schule-ellenkey.at\/wp-content\/uploads\/2023\/11\/Theater_5.jpg\" alt=\"\" width=\"940\" height=\"626\" class=\"alignnone wp-image-1314\" srcset=\"https:\/\/schule-ellenkey.at\/wp-content\/uploads\/2023\/11\/Theater_5.jpg 1701w, https:\/\/schule-ellenkey.at\/wp-content\/uploads\/2023\/11\/Theater_5-300x200.jpg 300w, https:\/\/schule-ellenkey.at\/wp-content\/uploads\/2023\/11\/Theater_5-1024x683.jpg 1024w, https:\/\/schule-ellenkey.at\/wp-content\/uploads\/2023\/11\/Theater_5-768x512.jpg 768w, https:\/\/schule-ellenkey.at\/wp-content\/uploads\/2023\/11\/Theater_5-1536x1024.jpg 1536w, https:\/\/schule-ellenkey.at\/wp-content\/uploads\/2023\/11\/Theater_5-360x240.jpg 360w\" sizes=\"(max-width: 940px) 100vw, 940px\" \/><\/p>\n<p>&nbsp;<\/p>\n<p><strong>23.10.2023<\/strong><\/p>\n<p>Schaurige Gr\u00fc\u00dfe von der Klasse aus der Justizanstalt&#8230;<\/p>\n<p><a href=\"https:\/\/schule-ellenkey.at\/?attachment_id=1258\" rel=\"attachment wp-att-1258\"><img loading=\"lazy\" decoding=\"async\" src=\"https:\/\/schule-ellenkey.at\/wp-content\/uploads\/2023\/10\/Gefaengnis_Halloween_2-scaled.jpg\" alt=\"\" width=\"939\" height=\"689\" class=\"alignnone wp-image-1258\" srcset=\"https:\/\/schule-ellenkey.at\/wp-content\/uploads\/2023\/10\/Gefaengnis_Halloween_2-scaled.jpg 2560w, https:\/\/schule-ellenkey.at\/wp-content\/uploads\/2023\/10\/Gefaengnis_Halloween_2-300x220.jpg 300w, https:\/\/schule-ellenkey.at\/wp-content\/uploads\/2023\/10\/Gefaengnis_Halloween_2-1024x752.jpg 1024w, https:\/\/schule-ellenkey.at\/wp-content\/uploads\/2023\/10\/Gefaengnis_Halloween_2-768x564.jpg 768w, https:\/\/schule-ellenkey.at\/wp-content\/uploads\/2023\/10\/Gefaengnis_Halloween_2-1536x1128.jpg 1536w, https:\/\/schule-ellenkey.at\/wp-content\/uploads\/2023\/10\/Gefaengnis_Halloween_2-2048x1504.jpg 2048w\" sizes=\"(max-width: 939px) 100vw, 939px\" \/><\/a><\/p>\n<p>Passend zu Halloween gestaltete die F\u00d6KL MS 2 putzige Geister aus Gipsbandagen&#8230;<\/p>\n<p><img loading=\"lazy\" decoding=\"async\" src=\"https:\/\/schule-ellenkey.at\/wp-content\/uploads\/2023\/11\/Aufwind_Halloween-scaled.jpg\" alt=\"\" width=\"940\" height=\"705\" class=\"alignnone wp-image-1300\" srcset=\"https:\/\/schule-ellenkey.at\/wp-content\/uploads\/2023\/11\/Aufwind_Halloween-scaled.jpg 2560w, https:\/\/schule-ellenkey.at\/wp-content\/uploads\/2023\/11\/Aufwind_Halloween-300x225.jpg 300w, https:\/\/schule-ellenkey.at\/wp-content\/uploads\/2023\/11\/Aufwind_Halloween-1024x768.jpg 1024w, https:\/\/schule-ellenkey.at\/wp-content\/uploads\/2023\/11\/Aufwind_Halloween-768x576.jpg 768w, https:\/\/schule-ellenkey.at\/wp-content\/uploads\/2023\/11\/Aufwind_Halloween-1536x1152.jpg 1536w, https:\/\/schule-ellenkey.at\/wp-content\/uploads\/2023\/11\/Aufwind_Halloween-2048x1536.jpg 2048w\" sizes=\"(max-width: 940px) 100vw, 940px\" \/><\/p>\n<p><strong><span style=\"color: #99cc00;\">Herbstferien<\/span>: <span style=\"color: #339966;\">26.10. (Nationalfeiertag)<\/span> bis <span style=\"color: #339966;\">02.11.2023<\/span> &#8211; der <span style=\"color: #99cc00;\">03.11.2023 ist ein schulautonomer Tag<\/span><\/strong><\/p>\n<p><strong>Wir starten wieder am <span style=\"color: #339966;\">06.11.2023<\/span>!<\/strong><\/p>\n<hr \/>\n<p><strong>\u00a0<\/strong><strong>16.10.2023<\/strong><\/p>\n<p>Die Klasse im Aufwind besuchte die BeSt3 in Graz&#8230;<\/p>\n<p><a href=\"https:\/\/schule-ellenkey.at\/?attachment_id=1268\" rel=\"attachment wp-att-1268\"><img loading=\"lazy\" decoding=\"async\" src=\"https:\/\/schule-ellenkey.at\/wp-content\/uploads\/2023\/10\/Best-scaled.jpg\" alt=\"\" width=\"940\" height=\"705\" class=\"alignnone wp-image-1268\" srcset=\"https:\/\/schule-ellenkey.at\/wp-content\/uploads\/2023\/10\/Best-scaled.jpg 2560w, https:\/\/schule-ellenkey.at\/wp-content\/uploads\/2023\/10\/Best-300x225.jpg 300w, https:\/\/schule-ellenkey.at\/wp-content\/uploads\/2023\/10\/Best-1024x768.jpg 1024w, https:\/\/schule-ellenkey.at\/wp-content\/uploads\/2023\/10\/Best-768x576.jpg 768w, https:\/\/schule-ellenkey.at\/wp-content\/uploads\/2023\/10\/Best-1536x1152.jpg 1536w, https:\/\/schule-ellenkey.at\/wp-content\/uploads\/2023\/10\/Best-2048x1536.jpg 2048w\" sizes=\"(max-width: 940px) 100vw, 940px\" \/><\/a><\/p>\n<p>Die F\u00d6KL MS 2 nutzte das hervorragende Oktoberwetter und war im Grazer Bergland unterwegs&#8230;<\/p>\n<p><img loading=\"lazy\" decoding=\"async\" src=\"https:\/\/schule-ellenkey.at\/wp-content\/uploads\/2023\/11\/Wandertag_Aufwind-scaled.jpg\" alt=\"\" width=\"940\" height=\"705\" class=\"alignnone wp-image-1302\" srcset=\"https:\/\/schule-ellenkey.at\/wp-content\/uploads\/2023\/11\/Wandertag_Aufwind-scaled.jpg 2560w, https:\/\/schule-ellenkey.at\/wp-content\/uploads\/2023\/11\/Wandertag_Aufwind-300x225.jpg 300w, https:\/\/schule-ellenkey.at\/wp-content\/uploads\/2023\/11\/Wandertag_Aufwind-1024x768.jpg 1024w, https:\/\/schule-ellenkey.at\/wp-content\/uploads\/2023\/11\/Wandertag_Aufwind-768x576.jpg 768w, https:\/\/schule-ellenkey.at\/wp-content\/uploads\/2023\/11\/Wandertag_Aufwind-1536x1152.jpg 1536w, https:\/\/schule-ellenkey.at\/wp-content\/uploads\/2023\/11\/Wandertag_Aufwind-2048x1536.jpg 2048w\" sizes=\"(max-width: 940px) 100vw, 940px\" \/><\/p>\n<hr \/>\n<p>Unser Wandertag f\u00fchrte uns bei herrlichem Sommerwetter in den Wald, wo Baumh\u00fcter und <em>Waldgeister<\/em> beheimatet sind und uns kennenlernen wollten. Mit viel Enthusiasmus kreierten wir aus Salzteig und was der Wald so hergab, unsere eigenen Waldgeister. Jeder dieser Waldgeister hatte seine eigene Pers\u00f6nlichkeit und auch eine ganz besondere Geschichte zu erz\u00e4hlen. Diese Geschichten handelten vom Leben im Wald, die Zukunft unserer W\u00e4lder, den Schutz der Natur und der Waldbewohner. So mancher machte sich auch Gedanken dar\u00fcber, wie man dem Waldleben entkommen konnte.\u00a0 Es entstanden sehr spannende Beitr\u00e4ge, die mit viel Fantasie und Liebe gestaltet wurden. (Text: Daniela Sonnleitner, BEd \/MS1)<\/p>\n<p><img loading=\"lazy\" decoding=\"async\" src=\"https:\/\/schule-ellenkey.at\/wp-content\/uploads\/2023\/11\/Waldgeist_1.jpg\" alt=\"\" width=\"940\" height=\"626\" class=\"alignnone wp-image-1309\" srcset=\"https:\/\/schule-ellenkey.at\/wp-content\/uploads\/2023\/11\/Waldgeist_1.jpg 1701w, https:\/\/schule-ellenkey.at\/wp-content\/uploads\/2023\/11\/Waldgeist_1-300x200.jpg 300w, https:\/\/schule-ellenkey.at\/wp-content\/uploads\/2023\/11\/Waldgeist_1-1024x683.jpg 1024w, https:\/\/schule-ellenkey.at\/wp-content\/uploads\/2023\/11\/Waldgeist_1-768x512.jpg 768w, https:\/\/schule-ellenkey.at\/wp-content\/uploads\/2023\/11\/Waldgeist_1-1536x1024.jpg 1536w, https:\/\/schule-ellenkey.at\/wp-content\/uploads\/2023\/11\/Waldgeist_1-360x240.jpg 360w\" sizes=\"(max-width: 940px) 100vw, 940px\" \/><\/p>\n<p>&nbsp;<\/p>\n<p><strong>29.09.2023<\/strong><\/p>\n<p>Die F\u00f6rderklasse Aufwind zu Besuch im Martin Auer Atelier&#8230;<\/p>\n<p><a href=\"https:\/\/schule-ellenkey.at\/?attachment_id=1270\" rel=\"attachment wp-att-1270\"><img loading=\"lazy\" decoding=\"async\" src=\"https:\/\/schule-ellenkey.at\/wp-content\/uploads\/2023\/10\/Martin_Auer-scaled.jpg\" alt=\"\" width=\"940\" height=\"705\" class=\"alignnone wp-image-1270\" srcset=\"https:\/\/schule-ellenkey.at\/wp-content\/uploads\/2023\/10\/Martin_Auer-scaled.jpg 2560w, https:\/\/schule-ellenkey.at\/wp-content\/uploads\/2023\/10\/Martin_Auer-300x225.jpg 300w, https:\/\/schule-ellenkey.at\/wp-content\/uploads\/2023\/10\/Martin_Auer-1024x768.jpg 1024w, https:\/\/schule-ellenkey.at\/wp-content\/uploads\/2023\/10\/Martin_Auer-768x576.jpg 768w, https:\/\/schule-ellenkey.at\/wp-content\/uploads\/2023\/10\/Martin_Auer-1536x1152.jpg 1536w, https:\/\/schule-ellenkey.at\/wp-content\/uploads\/2023\/10\/Martin_Auer-2048x1536.jpg 2048w\" sizes=\"(max-width: 940px) 100vw, 940px\" \/><\/a><\/p>\n<p>&nbsp;<\/p>\n<p><strong>28.09.2023<\/strong><\/p>\n<p>In luftigen H\u00f6hen mit der VS 2&#8230;<\/p>\n<p><a href=\"https:\/\/schule-ellenkey.at\/?attachment_id=1255\" rel=\"attachment wp-att-1255\"><img loading=\"lazy\" decoding=\"async\" src=\"https:\/\/schule-ellenkey.at\/wp-content\/uploads\/2023\/09\/Klett_6-scaled.jpg\" alt=\"\" width=\"940\" height=\"705\" class=\"alignnone wp-image-1255\" srcset=\"https:\/\/schule-ellenkey.at\/wp-content\/uploads\/2023\/09\/Klett_6-scaled.jpg 2560w, https:\/\/schule-ellenkey.at\/wp-content\/uploads\/2023\/09\/Klett_6-300x225.jpg 300w, https:\/\/schule-ellenkey.at\/wp-content\/uploads\/2023\/09\/Klett_6-1024x768.jpg 1024w, https:\/\/schule-ellenkey.at\/wp-content\/uploads\/2023\/09\/Klett_6-768x576.jpg 768w, https:\/\/schule-ellenkey.at\/wp-content\/uploads\/2023\/09\/Klett_6-1536x1152.jpg 1536w, https:\/\/schule-ellenkey.at\/wp-content\/uploads\/2023\/09\/Klett_6-2048x1536.jpg 2048w\" sizes=\"(max-width: 940px) 100vw, 940px\" \/><\/a><\/p>\n<hr \/>\n<p>Ende September machten wir einen Ausflug in den Kletterpark zum Hilmteich. Unsere mutigen Sch\u00fcler konnten ihre Kletterk\u00fcnste in verschiedenen Parcours mit unterschiedlichen Schwierigkeitsstufen unter Beweis stellen. Ein gro\u00dfartiger Tag mit Riesenspa\u00df, nicht nur f\u00fcr unsere Sch\u00fcler! (Text: Daniela Sonnleitner, BEd \/MS1)<\/p>\n<p><img loading=\"lazy\" decoding=\"async\" src=\"https:\/\/schule-ellenkey.at\/wp-content\/uploads\/2023\/11\/Klett_7-scaled.jpg\" alt=\"\" width=\"940\" height=\"705\" class=\"alignnone wp-image-1305\" srcset=\"https:\/\/schule-ellenkey.at\/wp-content\/uploads\/2023\/11\/Klett_7-scaled.jpg 2560w, https:\/\/schule-ellenkey.at\/wp-content\/uploads\/2023\/11\/Klett_7-300x225.jpg 300w, https:\/\/schule-ellenkey.at\/wp-content\/uploads\/2023\/11\/Klett_7-1024x768.jpg 1024w, https:\/\/schule-ellenkey.at\/wp-content\/uploads\/2023\/11\/Klett_7-768x576.jpg 768w, https:\/\/schule-ellenkey.at\/wp-content\/uploads\/2023\/11\/Klett_7-1536x1152.jpg 1536w, https:\/\/schule-ellenkey.at\/wp-content\/uploads\/2023\/11\/Klett_7-2048x1536.jpg 2048w\" sizes=\"(max-width: 940px) 100vw, 940px\" \/><\/p>\n<p>&nbsp;<\/p>\n<p><strong>21.09.2023<\/strong><\/p>\n<p>Die VS 2 spazierte heute Vormittag zum &#8222;H\u00e4userl im Wald&#8220; und hatte sichtlich Spa\u00df dort&#8230;<\/p>\n<p><a href=\"https:\/\/schule-ellenkey.at\/?attachment_id=1251\" rel=\"attachment wp-att-1251\"><img loading=\"lazy\" decoding=\"async\" src=\"https:\/\/schule-ellenkey.at\/wp-content\/uploads\/2023\/09\/Haeuserl_1-scaled.jpg\" alt=\"\" width=\"940\" height=\"706\" class=\"alignnone wp-image-1251\" srcset=\"https:\/\/schule-ellenkey.at\/wp-content\/uploads\/2023\/09\/Haeuserl_1-scaled.jpg 2560w, https:\/\/schule-ellenkey.at\/wp-content\/uploads\/2023\/09\/Haeuserl_1-300x225.jpg 300w, https:\/\/schule-ellenkey.at\/wp-content\/uploads\/2023\/09\/Haeuserl_1-1024x768.jpg 1024w, https:\/\/schule-ellenkey.at\/wp-content\/uploads\/2023\/09\/Haeuserl_1-768x576.jpg 768w, https:\/\/schule-ellenkey.at\/wp-content\/uploads\/2023\/09\/Haeuserl_1-1536x1152.jpg 1536w, https:\/\/schule-ellenkey.at\/wp-content\/uploads\/2023\/09\/Haeuserl_1-2048x1536.jpg 2048w\" sizes=\"(max-width: 940px) 100vw, 940px\" \/><\/a><\/p>\n<p>&nbsp;<\/p>\n<p><strong>19.09.2023<\/strong><\/p>\n<p>Die VS 2 wanderte heute zum Spielplatz in der Theodor-K\u00f6rner-Stra\u00dfe&#8230;<\/p>\n<p><a href=\"https:\/\/schule-ellenkey.at\/?attachment_id=1248\" rel=\"attachment wp-att-1248\"><img loading=\"lazy\" decoding=\"async\" src=\"https:\/\/schule-ellenkey.at\/wp-content\/uploads\/2023\/09\/Spielplatz_4.jpg\" alt=\"\" width=\"940\" height=\"626\" class=\"alignnone wp-image-1248\" srcset=\"https:\/\/schule-ellenkey.at\/wp-content\/uploads\/2023\/09\/Spielplatz_4.jpg 2362w, https:\/\/schule-ellenkey.at\/wp-content\/uploads\/2023\/09\/Spielplatz_4-300x200.jpg 300w, https:\/\/schule-ellenkey.at\/wp-content\/uploads\/2023\/09\/Spielplatz_4-1024x683.jpg 1024w, https:\/\/schule-ellenkey.at\/wp-content\/uploads\/2023\/09\/Spielplatz_4-768x512.jpg 768w, https:\/\/schule-ellenkey.at\/wp-content\/uploads\/2023\/09\/Spielplatz_4-1536x1024.jpg 1536w, https:\/\/schule-ellenkey.at\/wp-content\/uploads\/2023\/09\/Spielplatz_4-2048x1366.jpg 2048w, https:\/\/schule-ellenkey.at\/wp-content\/uploads\/2023\/09\/Spielplatz_4-360x240.jpg 360w\" sizes=\"(max-width: 940px) 100vw, 940px\" \/><\/a><\/p>\n<hr \/>\n<p><strong>09.09.2023<\/strong><\/p>\n<p><strong>Die Schule startet an allen Standorten am Montag, <span style=\"color: #99cc00;\">11. September<\/span> um <span style=\"color: #99cc00;\">8 Uhr<\/span>.<\/strong><\/p>\n<p><span style=\"color: #339966;\"><strong>Erste Schulwoche:\u00a0<\/strong><\/span><\/p>\n<p><strong><span style=\"color: #339966;\">Montag:<\/span> 3 Unterrichtsstunden<\/strong><\/p>\n<p><strong><span style=\"color: #339966;\">Dienstag:<\/span> 4 Unterrichtsstunden<\/strong><\/p>\n<p><strong><span style=\"color: #339966;\">Ab Mittwoch:<\/span> Unterricht nach Stundenplan<\/strong><\/p>\n<p><span style=\"color: #99cc00;\"><strong>Wir freuen uns auf einen sch\u00f6nen Schulbeginn und ein st\u00f6rungsfreies Schuljahr 2023\/24!<\/strong><\/span><\/p>\n<hr \/>\n<p><strong>06.07.2023<\/strong><\/p>\n<p><a href=\"https:\/\/schule-ellenkey.at\/?attachment_id=1232\" rel=\"attachment wp-att-1232\"><img loading=\"lazy\" decoding=\"async\" src=\"https:\/\/schule-ellenkey.at\/wp-content\/uploads\/2023\/07\/Schulschluss.jpg\" alt=\"\" width=\"940\" height=\"1254\" class=\"alignnone wp-image-1232\" srcset=\"https:\/\/schule-ellenkey.at\/wp-content\/uploads\/2023\/07\/Schulschluss.jpg 1200w, https:\/\/schule-ellenkey.at\/wp-content\/uploads\/2023\/07\/Schulschluss-225x300.jpg 225w, https:\/\/schule-ellenkey.at\/wp-content\/uploads\/2023\/07\/Schulschluss-768x1024.jpg 768w, https:\/\/schule-ellenkey.at\/wp-content\/uploads\/2023\/07\/Schulschluss-1152x1536.jpg 1152w\" sizes=\"(max-width: 940px) 100vw, 940px\" \/><\/a><\/p>\n<p><span style=\"color: #339966;\"><strong>Letzter Schultag vor den Ferien: <span style=\"color: #000000;\">Freitag, 07.07.2023\u00a0 &#8211; 2 Unterrichtsstunden<\/span><\/strong><\/span><\/p>\n<p><strong>Das Team der VS &amp; MS Ellen Key w\u00fcnscht allen Sch\u00fcler*innen, Eltern und Erziehungsberechtigten einen <span style=\"color: #99cc00;\">erholsamen und angenehmen Sommer<span style=\"color: #000000;\">!<\/span><\/span><\/strong><\/p>\n<p><strong>Die Schule startet an allen Standorten am <span style=\"color: #99cc00;\">11. September<\/span> um <span style=\"color: #99cc00;\">8 Uhr<\/span>.<\/strong><\/p>\n<p>&nbsp;<\/p>\n<p><span style=\"color: #339966;\"><strong>Erste Schulwoche:\u00a0<\/strong><\/span><\/p>\n<p><strong><span style=\"color: #339966;\">Montag:<\/span> 3 Unterrichtsstunden<\/strong><\/p>\n<p><strong><span style=\"color: #339966;\">Dienstag:<\/span> 4 Unterrichtsstunden<\/strong><\/p>\n<p><strong><span style=\"color: #339966;\">Ab Mittwoch:<\/span> Unterricht nach Stundenplan<\/strong><\/p>\n<hr \/>\n<p><strong>05.06.2023<\/strong><\/p>\n<p><span style=\"color: #339966;\"><strong>Donnerstag, 08.06.2023: <span style=\"color: #99cc00;\">Feiertag Fronleichnam<\/span><\/strong><\/span><\/p>\n<p><span style=\"color: #339966;\"><strong>Freitag, 09.06.2023: <span style=\"color: #99cc00;\">schulautonom frei<\/span><\/strong><\/span><\/p>\n<hr \/>\n<p>Blumige Gr\u00fc\u00dfe aus der Justizanstalt&#8230;<\/p>\n<p><a href=\"https:\/\/schule-ellenkey.at\/?attachment_id=1226\" rel=\"attachment wp-att-1226\"><img loading=\"lazy\" decoding=\"async\" src=\"https:\/\/schule-ellenkey.at\/wp-content\/uploads\/2023\/06\/Blumenkunst.jpg\" alt=\"\" width=\"940\" height=\"1254\" class=\"alignnone wp-image-1226\" srcset=\"https:\/\/schule-ellenkey.at\/wp-content\/uploads\/2023\/06\/Blumenkunst.jpg 1200w, https:\/\/schule-ellenkey.at\/wp-content\/uploads\/2023\/06\/Blumenkunst-225x300.jpg 225w, https:\/\/schule-ellenkey.at\/wp-content\/uploads\/2023\/06\/Blumenkunst-768x1024.jpg 768w, https:\/\/schule-ellenkey.at\/wp-content\/uploads\/2023\/06\/Blumenkunst-1152x1536.jpg 1152w\" sizes=\"(max-width: 940px) 100vw, 940px\" \/><\/a><\/p>\n<p>&#8222;Street art&#8220; aus der Gef\u00e4ngnisklasse&#8230;<\/p>\n<p><a href=\"https:\/\/schule-ellenkey.at\/?attachment_id=1227\" rel=\"attachment wp-att-1227\"><img loading=\"lazy\" decoding=\"async\" src=\"https:\/\/schule-ellenkey.at\/wp-content\/uploads\/2023\/06\/Gefaengnis_street_art-scaled.jpg\" alt=\"\" width=\"939\" height=\"705\" class=\"alignnone wp-image-1227\" srcset=\"https:\/\/schule-ellenkey.at\/wp-content\/uploads\/2023\/06\/Gefaengnis_street_art-scaled.jpg 2560w, https:\/\/schule-ellenkey.at\/wp-content\/uploads\/2023\/06\/Gefaengnis_street_art-300x225.jpg 300w, https:\/\/schule-ellenkey.at\/wp-content\/uploads\/2023\/06\/Gefaengnis_street_art-1024x768.jpg 1024w, https:\/\/schule-ellenkey.at\/wp-content\/uploads\/2023\/06\/Gefaengnis_street_art-768x576.jpg 768w, https:\/\/schule-ellenkey.at\/wp-content\/uploads\/2023\/06\/Gefaengnis_street_art-1536x1152.jpg 1536w, https:\/\/schule-ellenkey.at\/wp-content\/uploads\/2023\/06\/Gefaengnis_street_art-2048x1536.jpg 2048w\" sizes=\"(max-width: 939px) 100vw, 939px\" \/><\/a><\/p>\n<hr \/>\n<p><strong>17.05.2023<\/strong><a href=\"https:\/\/schule-ellenkey.at\/?attachment_id=1227\" rel=\"attachment wp-att-1227\"><\/a><\/p>\n<p><span style=\"color: #339966;\"><strong>Donnerstag, 18.05.2023: <span style=\"color: #99cc00;\">Feiertag Christi Himmelfahrt<\/span><\/strong><\/span><\/p>\n<p><span style=\"color: #339966;\"><strong>Freitag, 19.05.2023: <span style=\"color: #99cc00;\">schulautonom frei<\/span><\/strong><\/span><\/p>\n<hr \/>\n<p><strong>04.05.2023<\/strong><\/p>\n<p>Die VS 2 hat im Volksgartenpark zwei Papageien gesichtet&#8230;<\/p>\n<p><a href=\"https:\/\/schule-ellenkey.at\/?attachment_id=1237\" rel=\"attachment wp-att-1237\"><img loading=\"lazy\" decoding=\"async\" src=\"https:\/\/schule-ellenkey.at\/wp-content\/uploads\/2023\/09\/Papageien_Volksgarten.jpg\" alt=\"\" width=\"940\" height=\"1411\" class=\"alignnone wp-image-1237\" srcset=\"https:\/\/schule-ellenkey.at\/wp-content\/uploads\/2023\/09\/Papageien_Volksgarten.jpg 1134w, https:\/\/schule-ellenkey.at\/wp-content\/uploads\/2023\/09\/Papageien_Volksgarten-200x300.jpg 200w, https:\/\/schule-ellenkey.at\/wp-content\/uploads\/2023\/09\/Papageien_Volksgarten-683x1024.jpg 683w, https:\/\/schule-ellenkey.at\/wp-content\/uploads\/2023\/09\/Papageien_Volksgarten-768x1152.jpg 768w, https:\/\/schule-ellenkey.at\/wp-content\/uploads\/2023\/09\/Papageien_Volksgarten-1024x1536.jpg 1024w\" sizes=\"(max-width: 940px) 100vw, 940px\" \/><\/a><\/p>\n<p>&nbsp;<\/p>\n<p><strong>31.03.2023<\/strong><\/p>\n<p><span style=\"color: #339966;\"><strong>Das Team der VS &amp; MS Ellen Key w\u00fcnscht allen Sch\u00fcler*innen, Erziehungsberechtigten und Unterst\u00fctzer*innen <span style=\"color: #99cc00;\">sonnige\u00a0Osterferien<\/span>. <\/strong><\/span><\/p>\n<p><span style=\"color: #339966;\"><strong>Wir starten wieder am <span style=\"color: #99cc00;\">11.04.2023 (Dienstag)<\/span>!<\/strong><\/span><\/p>\n<hr \/>\n<p><strong>20.03.2023<\/strong><\/p>\n<p>Kreatives aus der &#8222;Gef\u00e4ngnisklasse&#8220;&#8230;<\/p>\n<p><a href=\"https:\/\/schule-ellenkey.at\/?attachment_id=1215\" rel=\"attachment wp-att-1215\"><img loading=\"lazy\" decoding=\"async\" src=\"https:\/\/schule-ellenkey.at\/wp-content\/uploads\/2023\/03\/Gefaengnis_3-scaled.jpg\" alt=\"\" width=\"939\" height=\"705\" class=\"alignnone wp-image-1215\" srcset=\"https:\/\/schule-ellenkey.at\/wp-content\/uploads\/2023\/03\/Gefaengnis_3-scaled.jpg 2560w, https:\/\/schule-ellenkey.at\/wp-content\/uploads\/2023\/03\/Gefaengnis_3-300x225.jpg 300w, https:\/\/schule-ellenkey.at\/wp-content\/uploads\/2023\/03\/Gefaengnis_3-1024x768.jpg 1024w, https:\/\/schule-ellenkey.at\/wp-content\/uploads\/2023\/03\/Gefaengnis_3-768x576.jpg 768w, https:\/\/schule-ellenkey.at\/wp-content\/uploads\/2023\/03\/Gefaengnis_3-1536x1152.jpg 1536w, https:\/\/schule-ellenkey.at\/wp-content\/uploads\/2023\/03\/Gefaengnis_3-2048x1536.jpg 2048w\" sizes=\"(max-width: 939px) 100vw, 939px\" \/><\/a><\/p>\n<p>&nbsp;<\/p>\n<p><strong>17.02.2023<\/strong><\/p>\n<p><span style=\"color: #339966;\"><strong>Das Team der VS &amp; MS Ellen Key w\u00fcnscht allen Sch\u00fcler*innen, Erziehungsberechtigten und Unterst\u00fctzer*innen <span style=\"color: #99cc00;\">erholsame Semesterferien<\/span>. <\/strong><\/span><\/p>\n<p><span style=\"color: #339966;\"><strong>Wir starten wieder am <span style=\"color: #99cc00;\">27.02.2023<\/span>!<\/strong><\/span><\/p>\n<hr \/>\n<p><strong>23.12.2022<\/strong><\/p>\n<p><span style=\"color: #339966;\"><strong>Das Team der VS &amp; MS Ellen Key w\u00fcnscht allen Sch\u00fcler*innen, Erziehungsberechtigten und Unterst\u00fctzer*innen <span style=\"color: #99cc00;\">friedvolle Weihnachten<\/span> und <span style=\"color: #99cc00;\">erholsame Ferien<\/span>. <\/strong><\/span><\/p>\n<p><span style=\"color: #339966;\"><strong>Wir starten wieder am <span style=\"color: #99cc00;\">09.01.2023<\/span>!<\/strong><\/span><\/p>\n<hr \/>\n<p><strong>21.12.2022<\/strong><\/p>\n<p>Ein gro\u00dfes Dankesch\u00f6n an Styria vitalis! Die interne F\u00f6rderklasse freut sich \u00fcber neue Kochutensilien!<\/p>\n<p><img loading=\"lazy\" decoding=\"async\" src=\"https:\/\/schule-ellenkey.at\/wp-content\/uploads\/2023\/01\/Styria_vitalis_1-300x225.jpg\" alt=\"\" width=\"939\" height=\"705\" class=\"alignnone wp-image-1186\" srcset=\"https:\/\/schule-ellenkey.at\/wp-content\/uploads\/2023\/01\/Styria_vitalis_1-300x225.jpg 300w, https:\/\/schule-ellenkey.at\/wp-content\/uploads\/2023\/01\/Styria_vitalis_1-1024x768.jpg 1024w, https:\/\/schule-ellenkey.at\/wp-content\/uploads\/2023\/01\/Styria_vitalis_1-768x576.jpg 768w, https:\/\/schule-ellenkey.at\/wp-content\/uploads\/2023\/01\/Styria_vitalis_1-1536x1152.jpg 1536w, https:\/\/schule-ellenkey.at\/wp-content\/uploads\/2023\/01\/Styria_vitalis_1-2048x1536.jpg 2048w\" sizes=\"(max-width: 939px) 100vw, 939px\" \/><\/p>\n<p><img loading=\"lazy\" decoding=\"async\" src=\"https:\/\/schule-ellenkey.at\/wp-content\/uploads\/2023\/01\/Styria_vitalis_2-300x225.jpg\" alt=\"\" width=\"940\" height=\"705\" class=\"alignnone wp-image-1187\" srcset=\"https:\/\/schule-ellenkey.at\/wp-content\/uploads\/2023\/01\/Styria_vitalis_2-300x225.jpg 300w, https:\/\/schule-ellenkey.at\/wp-content\/uploads\/2023\/01\/Styria_vitalis_2-1024x768.jpg 1024w, https:\/\/schule-ellenkey.at\/wp-content\/uploads\/2023\/01\/Styria_vitalis_2-768x576.jpg 768w, https:\/\/schule-ellenkey.at\/wp-content\/uploads\/2023\/01\/Styria_vitalis_2-1536x1152.jpg 1536w, https:\/\/schule-ellenkey.at\/wp-content\/uploads\/2023\/01\/Styria_vitalis_2-2048x1536.jpg 2048w\" sizes=\"(max-width: 940px) 100vw, 940px\" \/><\/p>\n<p><span>Auf den Spuren der b\u00e4uerlichen Weihnachtszeit in St\u00fcbing&#8230;\u00a0<\/span><\/p>\n<p><img loading=\"lazy\" decoding=\"async\" src=\"https:\/\/schule-ellenkey.at\/wp-content\/uploads\/2023\/01\/Stuebing_1-300x200.jpg\" alt=\"\" width=\"940\" height=\"626\" class=\"alignnone wp-image-1188\" srcset=\"https:\/\/schule-ellenkey.at\/wp-content\/uploads\/2023\/01\/Stuebing_1-300x200.jpg 300w, https:\/\/schule-ellenkey.at\/wp-content\/uploads\/2023\/01\/Stuebing_1-1024x683.jpg 1024w, https:\/\/schule-ellenkey.at\/wp-content\/uploads\/2023\/01\/Stuebing_1-768x512.jpg 768w, https:\/\/schule-ellenkey.at\/wp-content\/uploads\/2023\/01\/Stuebing_1-1536x1024.jpg 1536w, https:\/\/schule-ellenkey.at\/wp-content\/uploads\/2023\/01\/Stuebing_1-2048x1366.jpg 2048w, https:\/\/schule-ellenkey.at\/wp-content\/uploads\/2023\/01\/Stuebing_1-360x240.jpg 360w\" sizes=\"(max-width: 940px) 100vw, 940px\" \/><\/p>\n<p><img loading=\"lazy\" decoding=\"async\" src=\"https:\/\/schule-ellenkey.at\/wp-content\/uploads\/2023\/01\/Stuebing_2-300x200.jpg\" alt=\"\" width=\"940\" height=\"626\" class=\"alignnone wp-image-1189\" srcset=\"https:\/\/schule-ellenkey.at\/wp-content\/uploads\/2023\/01\/Stuebing_2-300x200.jpg 300w, https:\/\/schule-ellenkey.at\/wp-content\/uploads\/2023\/01\/Stuebing_2-1024x683.jpg 1024w, https:\/\/schule-ellenkey.at\/wp-content\/uploads\/2023\/01\/Stuebing_2-768x512.jpg 768w, https:\/\/schule-ellenkey.at\/wp-content\/uploads\/2023\/01\/Stuebing_2-1536x1024.jpg 1536w, https:\/\/schule-ellenkey.at\/wp-content\/uploads\/2023\/01\/Stuebing_2-2048x1366.jpg 2048w, https:\/\/schule-ellenkey.at\/wp-content\/uploads\/2023\/01\/Stuebing_2-360x240.jpg 360w\" sizes=\"(max-width: 940px) 100vw, 940px\" \/><\/p>\n<p>&nbsp;<\/p>\n<p><strong>29.11.2022<\/strong><\/p>\n<p>In der G\u00e4rtnerei im &#8222;Aufwind&#8220; fand ein stimmungsvolles Adventkranzbinden statt&#8230;<\/p>\n<p><img loading=\"lazy\" decoding=\"async\" src=\"https:\/\/schule-ellenkey.at\/wp-content\/uploads\/2022\/11\/AK3-300x200.jpg\" alt=\"\" width=\"939\" height=\"626\" class=\"alignnone wp-image-1179\" srcset=\"https:\/\/schule-ellenkey.at\/wp-content\/uploads\/2022\/11\/AK3-300x200.jpg 300w, https:\/\/schule-ellenkey.at\/wp-content\/uploads\/2022\/11\/AK3-1024x683.jpg 1024w, https:\/\/schule-ellenkey.at\/wp-content\/uploads\/2022\/11\/AK3-768x512.jpg 768w, https:\/\/schule-ellenkey.at\/wp-content\/uploads\/2022\/11\/AK3-1536x1024.jpg 1536w, https:\/\/schule-ellenkey.at\/wp-content\/uploads\/2022\/11\/AK3-2048x1366.jpg 2048w, https:\/\/schule-ellenkey.at\/wp-content\/uploads\/2022\/11\/AK3-360x240.jpg 360w\" sizes=\"(max-width: 939px) 100vw, 939px\" \/><\/p>\n<p><img loading=\"lazy\" decoding=\"async\" src=\"https:\/\/schule-ellenkey.at\/wp-content\/uploads\/2022\/11\/AK4-300x200.jpg\" alt=\"\" width=\"939\" height=\"626\" class=\"alignnone wp-image-1180\" srcset=\"https:\/\/schule-ellenkey.at\/wp-content\/uploads\/2022\/11\/AK4-300x200.jpg 300w, https:\/\/schule-ellenkey.at\/wp-content\/uploads\/2022\/11\/AK4-1024x683.jpg 1024w, https:\/\/schule-ellenkey.at\/wp-content\/uploads\/2022\/11\/AK4-768x512.jpg 768w, https:\/\/schule-ellenkey.at\/wp-content\/uploads\/2022\/11\/AK4-1536x1024.jpg 1536w, https:\/\/schule-ellenkey.at\/wp-content\/uploads\/2022\/11\/AK4-2048x1366.jpg 2048w, https:\/\/schule-ellenkey.at\/wp-content\/uploads\/2022\/11\/AK4-360x240.jpg 360w\" sizes=\"(max-width: 939px) 100vw, 939px\" \/><\/p>\n<p>&nbsp;<\/p>\n<p><strong><span style=\"color: #000000;\">22.11.2022<\/span><\/strong><\/p>\n<p><span style=\"color: #339966;\"><strong>Zur Erinnerung: der <span style=\"color: #99cc00;\">08.12.<\/span> und <span style=\"color: #99cc00;\">09.12.2022<\/span> sind <span style=\"color: #99cc00;\">schulfreie<\/span> Tage! (Feiertag und schulautonom frei)<\/strong><\/span><\/p>\n<hr \/>\n<p><strong>15.11.2022<\/strong><\/p>\n<p>Die VS 2 hat heute flei\u00dfig Brot gebacken&#8230;<\/p>\n<p><a href=\"https:\/\/schule-ellenkey.at\/?attachment_id=1239\" rel=\"attachment wp-att-1239\"><img loading=\"lazy\" decoding=\"async\" src=\"https:\/\/schule-ellenkey.at\/wp-content\/uploads\/2023\/09\/Brot_backen-scaled.jpg\" alt=\"\" width=\"939\" height=\"704\" class=\"alignnone wp-image-1239\" srcset=\"https:\/\/schule-ellenkey.at\/wp-content\/uploads\/2023\/09\/Brot_backen-scaled.jpg 2560w, https:\/\/schule-ellenkey.at\/wp-content\/uploads\/2023\/09\/Brot_backen-300x225.jpg 300w, https:\/\/schule-ellenkey.at\/wp-content\/uploads\/2023\/09\/Brot_backen-1024x768.jpg 1024w, https:\/\/schule-ellenkey.at\/wp-content\/uploads\/2023\/09\/Brot_backen-768x576.jpg 768w, https:\/\/schule-ellenkey.at\/wp-content\/uploads\/2023\/09\/Brot_backen-1536x1152.jpg 1536w, https:\/\/schule-ellenkey.at\/wp-content\/uploads\/2023\/09\/Brot_backen-2048x1536.jpg 2048w\" sizes=\"(max-width: 939px) 100vw, 939px\" \/><\/a><\/p>\n<p>&nbsp;<\/p>\n<p><strong>11.11.2022<\/strong><\/p>\n<p>Am Fr\u00f6belpark wurde zusammen mit den Studenten ein &#8222;N\u00e4h-Projekt&#8220; realisiert. Die Sch\u00fcler absolvierten den N\u00e4hmaschinenf\u00fchrerschein und n\u00e4hten danach Sitzs\u00e4cke f\u00fcr die Klasse&#8230;<\/p>\n<p><img loading=\"lazy\" decoding=\"async\" src=\"https:\/\/schule-ellenkey.at\/wp-content\/uploads\/2022\/11\/Naehmaschine_1-300x225.jpg\" alt=\"\" width=\"940\" height=\"706\" class=\"alignnone wp-image-1174\" srcset=\"https:\/\/schule-ellenkey.at\/wp-content\/uploads\/2022\/11\/Naehmaschine_1-300x225.jpg 300w, https:\/\/schule-ellenkey.at\/wp-content\/uploads\/2022\/11\/Naehmaschine_1-1024x768.jpg 1024w, https:\/\/schule-ellenkey.at\/wp-content\/uploads\/2022\/11\/Naehmaschine_1-768x576.jpg 768w, https:\/\/schule-ellenkey.at\/wp-content\/uploads\/2022\/11\/Naehmaschine_1-1536x1152.jpg 1536w, https:\/\/schule-ellenkey.at\/wp-content\/uploads\/2022\/11\/Naehmaschine_1-2048x1536.jpg 2048w\" sizes=\"(max-width: 940px) 100vw, 940px\" \/><\/p>\n<p><img loading=\"lazy\" decoding=\"async\" src=\"https:\/\/schule-ellenkey.at\/wp-content\/uploads\/2022\/11\/Naehmaschine_2-300x225.jpg\" alt=\"\" width=\"939\" height=\"704\" class=\"alignnone wp-image-1175\" srcset=\"https:\/\/schule-ellenkey.at\/wp-content\/uploads\/2022\/11\/Naehmaschine_2-300x225.jpg 300w, https:\/\/schule-ellenkey.at\/wp-content\/uploads\/2022\/11\/Naehmaschine_2-1024x768.jpg 1024w, https:\/\/schule-ellenkey.at\/wp-content\/uploads\/2022\/11\/Naehmaschine_2-768x576.jpg 768w, https:\/\/schule-ellenkey.at\/wp-content\/uploads\/2022\/11\/Naehmaschine_2-1536x1152.jpg 1536w, https:\/\/schule-ellenkey.at\/wp-content\/uploads\/2022\/11\/Naehmaschine_2-2048x1536.jpg 2048w\" sizes=\"(max-width: 939px) 100vw, 939px\" \/><\/p>\n<p>&nbsp;<\/p>\n<p><strong>21.10.2022<\/strong><\/p>\n<p><span style=\"color: #339966;\"><strong>Herbstferien<\/strong><\/span>: <span style=\"color: #99cc00;\"><strong>26.10.<\/strong><\/span> <strong>bis einschlie\u00dflich<\/strong> <span style=\"color: #99cc00;\"><strong>02.11.2022<\/strong><\/span><\/p>\n<p><strong>Vom <span style=\"color: #339966;\">Schulforum<\/span> wurden folgende <span style=\"color: #339966;\">schulautonome Tage<\/span> festgelegt:<\/strong><\/p>\n<p><span style=\"color: #99cc00;\"><strong>24.10.2022<\/strong><\/span><\/p>\n<p><span style=\"color: #99cc00;\"><strong>25.10.2022<\/strong><\/span><\/p>\n<p><span style=\"color: #99cc00;\"><strong>09.12.2022<\/strong><\/span><\/p>\n<p><strong>Vom <span style=\"color: #339966;\">Ministerium<\/span> wurden folgende <span style=\"color: #339966;\">autonome Tage<\/span> vorgegeben:<\/strong><\/p>\n<p><span style=\"color: #99cc00;\"><strong>19.05.2023<\/strong><\/span><\/p>\n<p><span style=\"color: #99cc00;\"><strong>09.06.2023<\/strong><\/span><\/p>\n<hr \/>\n<p><strong>06.10.2022<\/strong><\/p>\n<p>&#8222;Herbst im Aufwind&#8220;&#8230; gemeinsame Apfelernte, Maroni braten und Fotoshow der letzten gemeinsamen Jahre&#8230;<\/p>\n<p><img loading=\"lazy\" decoding=\"async\" src=\"https:\/\/schule-ellenkey.at\/wp-content\/uploads\/2022\/10\/Aufwind_Apfel_1-300x225.jpg\" alt=\"\" width=\"939\" height=\"704\" class=\"alignnone wp-image-1164\" srcset=\"https:\/\/schule-ellenkey.at\/wp-content\/uploads\/2022\/10\/Aufwind_Apfel_1-300x225.jpg 300w, https:\/\/schule-ellenkey.at\/wp-content\/uploads\/2022\/10\/Aufwind_Apfel_1-1024x768.jpg 1024w, https:\/\/schule-ellenkey.at\/wp-content\/uploads\/2022\/10\/Aufwind_Apfel_1-768x576.jpg 768w, https:\/\/schule-ellenkey.at\/wp-content\/uploads\/2022\/10\/Aufwind_Apfel_1-1536x1152.jpg 1536w, https:\/\/schule-ellenkey.at\/wp-content\/uploads\/2022\/10\/Aufwind_Apfel_1-2048x1536.jpg 2048w\" sizes=\"(max-width: 939px) 100vw, 939px\" \/><\/p>\n<p>Die VS 2 begab sich im Kletterpark Hilmteich in luftige H\u00f6hen&#8230;<\/p>\n<p><a href=\"https:\/\/schule-ellenkey.at\/?attachment_id=1236\" rel=\"attachment wp-att-1236\"><img loading=\"lazy\" decoding=\"async\" src=\"https:\/\/schule-ellenkey.at\/wp-content\/uploads\/2023\/09\/Leechwald_Kletterpark.jpg\" alt=\"\" width=\"939\" height=\"1409\" class=\"alignnone wp-image-1236\" srcset=\"https:\/\/schule-ellenkey.at\/wp-content\/uploads\/2023\/09\/Leechwald_Kletterpark.jpg 1134w, https:\/\/schule-ellenkey.at\/wp-content\/uploads\/2023\/09\/Leechwald_Kletterpark-200x300.jpg 200w, https:\/\/schule-ellenkey.at\/wp-content\/uploads\/2023\/09\/Leechwald_Kletterpark-683x1024.jpg 683w, https:\/\/schule-ellenkey.at\/wp-content\/uploads\/2023\/09\/Leechwald_Kletterpark-768x1152.jpg 768w, https:\/\/schule-ellenkey.at\/wp-content\/uploads\/2023\/09\/Leechwald_Kletterpark-1024x1536.jpg 1024w\" sizes=\"(max-width: 939px) 100vw, 939px\" \/><\/a><\/p>\n<p>&nbsp;<\/p>\n<p><strong>30.09.2022<\/strong><\/p>\n<p>Die Klasse in der Justizanstalt hat an einem internationalen Kunstwettbewerb f\u00fcr Jugendliche, M\u00e4nner und Frauen in Haft teilgenommen&#8230;<\/p>\n<p><img loading=\"lazy\" decoding=\"async\" src=\"https:\/\/schule-ellenkey.at\/wp-content\/uploads\/2022\/10\/Kunstwettbewerb_1-300x225.jpg\" alt=\"\" width=\"939\" height=\"704\" class=\"alignnone wp-image-1165\" srcset=\"https:\/\/schule-ellenkey.at\/wp-content\/uploads\/2022\/10\/Kunstwettbewerb_1-300x225.jpg 300w, https:\/\/schule-ellenkey.at\/wp-content\/uploads\/2022\/10\/Kunstwettbewerb_1-1024x768.jpg 1024w, https:\/\/schule-ellenkey.at\/wp-content\/uploads\/2022\/10\/Kunstwettbewerb_1-768x576.jpg 768w, https:\/\/schule-ellenkey.at\/wp-content\/uploads\/2022\/10\/Kunstwettbewerb_1-1536x1152.jpg 1536w, https:\/\/schule-ellenkey.at\/wp-content\/uploads\/2022\/10\/Kunstwettbewerb_1-2048x1536.jpg 2048w\" sizes=\"(max-width: 939px) 100vw, 939px\" \/><\/p>\n<p><img loading=\"lazy\" decoding=\"async\" src=\"https:\/\/schule-ellenkey.at\/wp-content\/uploads\/2022\/10\/Kunstwettbewerb_2-300x225.jpg\" alt=\"\" width=\"939\" height=\"704\" class=\"alignnone wp-image-1166\" srcset=\"https:\/\/schule-ellenkey.at\/wp-content\/uploads\/2022\/10\/Kunstwettbewerb_2-300x225.jpg 300w, https:\/\/schule-ellenkey.at\/wp-content\/uploads\/2022\/10\/Kunstwettbewerb_2-1024x768.jpg 1024w, https:\/\/schule-ellenkey.at\/wp-content\/uploads\/2022\/10\/Kunstwettbewerb_2-768x576.jpg 768w, https:\/\/schule-ellenkey.at\/wp-content\/uploads\/2022\/10\/Kunstwettbewerb_2-1536x1152.jpg 1536w, https:\/\/schule-ellenkey.at\/wp-content\/uploads\/2022\/10\/Kunstwettbewerb_2-2048x1536.jpg 2048w\" sizes=\"(max-width: 939px) 100vw, 939px\" \/><\/p>\n<p>&nbsp;<\/p>\n<p><strong>21.09.2022<\/strong><\/p>\n<p>Diesmal wanderte die VS 2 \u00fcber den Ursprungweg zur Lorbeerquelle und weiter zum Fitnessparcours beim R\u00fcckhaltebecken&#8230;<\/p>\n<p><img loading=\"lazy\" decoding=\"async\" src=\"https:\/\/schule-ellenkey.at\/wp-content\/uploads\/2022\/09\/Wandertag_Ursprung-300x225.jpg\" alt=\"\" width=\"940\" height=\"705\" class=\"alignnone wp-image-1137\" srcset=\"https:\/\/schule-ellenkey.at\/wp-content\/uploads\/2022\/09\/Wandertag_Ursprung-300x225.jpg 300w, https:\/\/schule-ellenkey.at\/wp-content\/uploads\/2022\/09\/Wandertag_Ursprung-1024x768.jpg 1024w, https:\/\/schule-ellenkey.at\/wp-content\/uploads\/2022\/09\/Wandertag_Ursprung-768x576.jpg 768w, https:\/\/schule-ellenkey.at\/wp-content\/uploads\/2022\/09\/Wandertag_Ursprung-1536x1152.jpg 1536w, https:\/\/schule-ellenkey.at\/wp-content\/uploads\/2022\/09\/Wandertag_Ursprung-2048x1536.jpg 2048w\" sizes=\"(max-width: 940px) 100vw, 940px\" \/><\/p>\n<p>&nbsp;<\/p>\n<p><strong>15.09.2022<\/strong><\/p>\n<p>Viel Spa\u00df hatte die VS 2 auf der &#8222;Fratz Graz-Spielestra\u00dfe&#8220; direkt vor dem Schultor&#8230;<\/p>\n<p><img loading=\"lazy\" decoding=\"async\" src=\"https:\/\/schule-ellenkey.at\/wp-content\/uploads\/2022\/09\/Spielestrasse-300x225.jpg\" alt=\"\" width=\"940\" height=\"705\" class=\"alignnone wp-image-1136\" srcset=\"https:\/\/schule-ellenkey.at\/wp-content\/uploads\/2022\/09\/Spielestrasse-300x225.jpg 300w, https:\/\/schule-ellenkey.at\/wp-content\/uploads\/2022\/09\/Spielestrasse-1024x768.jpg 1024w, https:\/\/schule-ellenkey.at\/wp-content\/uploads\/2022\/09\/Spielestrasse-768x576.jpg 768w, https:\/\/schule-ellenkey.at\/wp-content\/uploads\/2022\/09\/Spielestrasse-1536x1152.jpg 1536w, https:\/\/schule-ellenkey.at\/wp-content\/uploads\/2022\/09\/Spielestrasse-2048x1536.jpg 2048w\" sizes=\"(max-width: 940px) 100vw, 940px\" \/><\/p>\n<p>&nbsp;<\/p>\n<p><strong>14.09.2022<\/strong><\/p>\n<p>Die VS 2 wanderte mit tierischer Begleitung von Graz St. Veit \u00fcber die Schirmleiten nach Stattegg&#8230;<\/p>\n<p><img loading=\"lazy\" decoding=\"async\" src=\"https:\/\/schule-ellenkey.at\/wp-content\/uploads\/2022\/09\/Wandertag_Stattegg-300x225.jpg\" alt=\"\" width=\"940\" height=\"705\" class=\"alignnone wp-image-1135\" srcset=\"https:\/\/schule-ellenkey.at\/wp-content\/uploads\/2022\/09\/Wandertag_Stattegg-300x225.jpg 300w, https:\/\/schule-ellenkey.at\/wp-content\/uploads\/2022\/09\/Wandertag_Stattegg-1024x768.jpg 1024w, https:\/\/schule-ellenkey.at\/wp-content\/uploads\/2022\/09\/Wandertag_Stattegg-768x576.jpg 768w, https:\/\/schule-ellenkey.at\/wp-content\/uploads\/2022\/09\/Wandertag_Stattegg-1536x1152.jpg 1536w, https:\/\/schule-ellenkey.at\/wp-content\/uploads\/2022\/09\/Wandertag_Stattegg-2048x1536.jpg 2048w\" sizes=\"(max-width: 940px) 100vw, 940px\" \/><\/p>\n<p>Auch die &#8222;Aufwind-Klasse&#8220; war aktiv&#8230;<\/p>\n<p>Text (Carina Wonisch, BEd)<\/p>\n<p><img loading=\"lazy\" decoding=\"async\" src=\"https:\/\/schule-ellenkey.at\/wp-content\/uploads\/2022\/09\/Wandertag_Goesting-1-300x225.jpg\" alt=\"\" width=\"939\" height=\"705\" class=\"alignnone wp-image-1140\" srcset=\"https:\/\/schule-ellenkey.at\/wp-content\/uploads\/2022\/09\/Wandertag_Goesting-1-300x225.jpg 300w, https:\/\/schule-ellenkey.at\/wp-content\/uploads\/2022\/09\/Wandertag_Goesting-1-1024x768.jpg 1024w, https:\/\/schule-ellenkey.at\/wp-content\/uploads\/2022\/09\/Wandertag_Goesting-1-768x576.jpg 768w, https:\/\/schule-ellenkey.at\/wp-content\/uploads\/2022\/09\/Wandertag_Goesting-1-1536x1152.jpg 1536w, https:\/\/schule-ellenkey.at\/wp-content\/uploads\/2022\/09\/Wandertag_Goesting-1-2048x1536.jpg 2048w\" sizes=\"(max-width: 939px) 100vw, 939px\" \/><\/p>\n<p>Bei unseren Ausfl\u00fcgen zur Burgruine G\u00f6sting und St. Johann und Paul konnte sich die Klasse an der frischen Luft beschnuppern. Trotz anstrengendem Aufstieg kam der Spa\u00df nicht zu kurz! Mit tollen Erinnerungen starten wir ins Schuljahr 2022\/23!<\/p>\n<hr \/>\n<p><strong>08.07.2022<\/strong><\/p>\n<p><strong>Das Team der VS &amp; MS Ellen Key w\u00fcnscht allen Sch\u00fcler*innen, Eltern und Erziehungsberechtigten einen <span style=\"color: #99cc00;\">erholsamen und gesunden Sommer<span style=\"color: #000000;\">!<\/span><\/span><\/strong><\/p>\n<p><strong>Die Schule startet an allen Standorten am <span style=\"color: #99cc00;\">12. September<\/span> um <span style=\"color: #99cc00;\">8 Uhr<\/span>.<\/strong><\/p>\n<hr \/>\n<p><strong>07.07.2022<\/strong><\/p>\n<p><strong>R\u00fcckblick der MS 1<\/strong> auf gemeinsame Aktivit\u00e4ten im Schuljahr 2021\/22:<\/p>\n<p>Texte: Daniela Sonnleitner, BEd<\/p>\n<p><img loading=\"lazy\" decoding=\"async\" src=\"https:\/\/schule-ellenkey.at\/wp-content\/uploads\/2022\/09\/Kalligraf_1-225x300.jpg\" alt=\"\" width=\"940\" height=\"1253\" class=\"alignnone wp-image-1115\" srcset=\"https:\/\/schule-ellenkey.at\/wp-content\/uploads\/2022\/09\/Kalligraf_1-225x300.jpg 225w, https:\/\/schule-ellenkey.at\/wp-content\/uploads\/2022\/09\/Kalligraf_1-768x1024.jpg 768w, https:\/\/schule-ellenkey.at\/wp-content\/uploads\/2022\/09\/Kalligraf_1-1152x1536.jpg 1152w, https:\/\/schule-ellenkey.at\/wp-content\/uploads\/2022\/09\/Kalligraf_1.jpg 1200w\" sizes=\"(max-width: 940px) 100vw, 940px\" \/> <img loading=\"lazy\" decoding=\"async\" src=\"https:\/\/schule-ellenkey.at\/wp-content\/uploads\/2022\/09\/Kalligraf_2-1-225x300.jpg\" alt=\"\" width=\"940\" height=\"1252\" class=\"alignnone wp-image-1125\" srcset=\"https:\/\/schule-ellenkey.at\/wp-content\/uploads\/2022\/09\/Kalligraf_2-1-225x300.jpg 225w, https:\/\/schule-ellenkey.at\/wp-content\/uploads\/2022\/09\/Kalligraf_2-1-768x1024.jpg 768w, https:\/\/schule-ellenkey.at\/wp-content\/uploads\/2022\/09\/Kalligraf_2-1-1152x1536.jpg 1152w, https:\/\/schule-ellenkey.at\/wp-content\/uploads\/2022\/09\/Kalligraf_2-1.jpg 1200w\" sizes=\"(max-width: 940px) 100vw, 940px\" \/><\/p>\n<p class=\"xxmsonormal\"><b>Projekt \u201eSchreib dich GROSS\u201c<\/b><o:p><\/o:p><\/p>\n<p class=\"xxmsonormal\">Die MS 1 widmete sich in diesem Jahr der transformativen Kunst. Das ganze Schuljahr \u00fcber arbeiteten wir mit Tao-Kalligrafie (transformative Kunst). Durch die neue Ausrichtung und Harmonisierung unseres gesamten K\u00f6rpersystems, die man beim Schreiben erlangt, konnten wir effektiver am Klassenklima, am Verhalten, der Konzentrationsf\u00e4higkeit und an vielen Themen im Sozialbereich arbeiten und auch viele wunderbare Verbesserungen erkennen. Vielen Dank an unseren Kalligrafielehrer Mag. Martin Veigl! <o:p><\/o:p><\/p>\n<p>&nbsp;<\/p>\n<p><img loading=\"lazy\" decoding=\"async\" src=\"https:\/\/schule-ellenkey.at\/wp-content\/uploads\/2022\/09\/Storytelling-300x200.jpg\" alt=\"\" width=\"940\" height=\"626\" class=\"alignnone wp-image-1117\" srcset=\"https:\/\/schule-ellenkey.at\/wp-content\/uploads\/2022\/09\/Storytelling-300x200.jpg 300w, https:\/\/schule-ellenkey.at\/wp-content\/uploads\/2022\/09\/Storytelling-1024x683.jpg 1024w, https:\/\/schule-ellenkey.at\/wp-content\/uploads\/2022\/09\/Storytelling-768x512.jpg 768w, https:\/\/schule-ellenkey.at\/wp-content\/uploads\/2022\/09\/Storytelling-1536x1024.jpg 1536w, https:\/\/schule-ellenkey.at\/wp-content\/uploads\/2022\/09\/Storytelling-360x240.jpg 360w, https:\/\/schule-ellenkey.at\/wp-content\/uploads\/2022\/09\/Storytelling.jpg 1701w\" sizes=\"(max-width: 940px) 100vw, 940px\" \/><\/p>\n<p><strong>Storytelling Festival Graz Juni 2022 im Schauspielhaus<\/strong><\/p>\n<p>Wir alle waren sehr beeindruckt, wie diese wundervollen Geschichten auf verschiedenste Art und Weise zum Leben erweckt wurden. Uns wurde eine Vielf\u00e4ltigkeit des klassischen Erz\u00e4hlens, aber auch durch Musik, Gesang, Tanz, Akrobatik, Gestik und Mimik geboten!<\/p>\n<p>&nbsp;<\/p>\n<p><img loading=\"lazy\" decoding=\"async\" src=\"https:\/\/schule-ellenkey.at\/wp-content\/uploads\/2022\/09\/Fussball_1-300x200.jpg\" alt=\"\" width=\"939\" height=\"626\" class=\"alignnone wp-image-1118\" srcset=\"https:\/\/schule-ellenkey.at\/wp-content\/uploads\/2022\/09\/Fussball_1-300x200.jpg 300w, https:\/\/schule-ellenkey.at\/wp-content\/uploads\/2022\/09\/Fussball_1-1024x683.jpg 1024w, https:\/\/schule-ellenkey.at\/wp-content\/uploads\/2022\/09\/Fussball_1-768x512.jpg 768w, https:\/\/schule-ellenkey.at\/wp-content\/uploads\/2022\/09\/Fussball_1-1536x1024.jpg 1536w, https:\/\/schule-ellenkey.at\/wp-content\/uploads\/2022\/09\/Fussball_1-2048x1366.jpg 2048w, https:\/\/schule-ellenkey.at\/wp-content\/uploads\/2022\/09\/Fussball_1-360x240.jpg 360w\" sizes=\"(max-width: 939px) 100vw, 939px\" \/><\/p>\n<p><img loading=\"lazy\" decoding=\"async\" src=\"https:\/\/schule-ellenkey.at\/wp-content\/uploads\/2022\/09\/Fussball_2-300x200.jpg\" alt=\"\" width=\"939\" height=\"625\" class=\"alignnone wp-image-1119\" srcset=\"https:\/\/schule-ellenkey.at\/wp-content\/uploads\/2022\/09\/Fussball_2-300x200.jpg 300w, https:\/\/schule-ellenkey.at\/wp-content\/uploads\/2022\/09\/Fussball_2-1024x683.jpg 1024w, https:\/\/schule-ellenkey.at\/wp-content\/uploads\/2022\/09\/Fussball_2-768x512.jpg 768w, https:\/\/schule-ellenkey.at\/wp-content\/uploads\/2022\/09\/Fussball_2-1536x1024.jpg 1536w, https:\/\/schule-ellenkey.at\/wp-content\/uploads\/2022\/09\/Fussball_2-2048x1366.jpg 2048w, https:\/\/schule-ellenkey.at\/wp-content\/uploads\/2022\/09\/Fussball_2-360x240.jpg 360w\" sizes=\"(max-width: 939px) 100vw, 939px\" \/><\/p>\n<p><img loading=\"lazy\" decoding=\"async\" src=\"https:\/\/schule-ellenkey.at\/wp-content\/uploads\/2022\/09\/Fussball_3-300x200.jpg\" alt=\"\" width=\"939\" height=\"626\" class=\"alignnone wp-image-1120\" srcset=\"https:\/\/schule-ellenkey.at\/wp-content\/uploads\/2022\/09\/Fussball_3-300x200.jpg 300w, https:\/\/schule-ellenkey.at\/wp-content\/uploads\/2022\/09\/Fussball_3-1024x683.jpg 1024w, https:\/\/schule-ellenkey.at\/wp-content\/uploads\/2022\/09\/Fussball_3-768x512.jpg 768w, https:\/\/schule-ellenkey.at\/wp-content\/uploads\/2022\/09\/Fussball_3-1536x1024.jpg 1536w, https:\/\/schule-ellenkey.at\/wp-content\/uploads\/2022\/09\/Fussball_3-2048x1366.jpg 2048w, https:\/\/schule-ellenkey.at\/wp-content\/uploads\/2022\/09\/Fussball_3-360x240.jpg 360w\" sizes=\"(max-width: 939px) 100vw, 939px\" \/><\/p>\n<p><strong>Fu\u00dfballturnier<\/strong><\/p>\n<p>Wir nahmen am 16. Unify Fu\u00dfballturnier teil und erreichten den 4. Platz in der st\u00e4rksten Gruppe. Die Gegner waren sehr stark und teilweise viel \u00e4lter als unsere Traummannschaft. Unterst\u00fctzt wurden wir von Leon aus der VS.<\/p>\n<p>&nbsp;<\/p>\n<p><img loading=\"lazy\" decoding=\"async\" src=\"https:\/\/schule-ellenkey.at\/wp-content\/uploads\/2022\/09\/Notebook_1-300x200.jpg\" alt=\"\" width=\"939\" height=\"625\" class=\"alignnone wp-image-1121\" srcset=\"https:\/\/schule-ellenkey.at\/wp-content\/uploads\/2022\/09\/Notebook_1-300x200.jpg 300w, https:\/\/schule-ellenkey.at\/wp-content\/uploads\/2022\/09\/Notebook_1-1024x683.jpg 1024w, https:\/\/schule-ellenkey.at\/wp-content\/uploads\/2022\/09\/Notebook_1-768x512.jpg 768w, https:\/\/schule-ellenkey.at\/wp-content\/uploads\/2022\/09\/Notebook_1-1536x1024.jpg 1536w, https:\/\/schule-ellenkey.at\/wp-content\/uploads\/2022\/09\/Notebook_1-2048x1366.jpg 2048w, https:\/\/schule-ellenkey.at\/wp-content\/uploads\/2022\/09\/Notebook_1-360x240.jpg 360w\" sizes=\"(max-width: 939px) 100vw, 939px\" \/><\/p>\n<p><img loading=\"lazy\" decoding=\"async\" src=\"https:\/\/schule-ellenkey.at\/wp-content\/uploads\/2022\/09\/Notebook_2-300x200.jpg\" alt=\"\" width=\"939\" height=\"625\" class=\"alignnone wp-image-1122\" srcset=\"https:\/\/schule-ellenkey.at\/wp-content\/uploads\/2022\/09\/Notebook_2-300x200.jpg 300w, https:\/\/schule-ellenkey.at\/wp-content\/uploads\/2022\/09\/Notebook_2-1024x683.jpg 1024w, https:\/\/schule-ellenkey.at\/wp-content\/uploads\/2022\/09\/Notebook_2-768x512.jpg 768w, https:\/\/schule-ellenkey.at\/wp-content\/uploads\/2022\/09\/Notebook_2-1536x1024.jpg 1536w, https:\/\/schule-ellenkey.at\/wp-content\/uploads\/2022\/09\/Notebook_2-2048x1366.jpg 2048w, https:\/\/schule-ellenkey.at\/wp-content\/uploads\/2022\/09\/Notebook_2-360x240.jpg 360w\" sizes=\"(max-width: 939px) 100vw, 939px\" \/><\/p>\n<p><strong>Neue Notebooks f\u00fcr die MS 1<\/strong><\/p>\n<p>Ein Highlight dieses Jahres war, die Anschaffung der Notebooks f\u00fcr den Unterricht. Alle Sch\u00fcler arbeiten mit Begeisterung und sind sehr motiviert nicht nur ihre Computerspiele zu spielen, sondern sich auch mit g\u00e4ngiger Software zu besch\u00e4ftigen. Gro\u00dfartige Pr\u00e4sentationsfolien wurden mit Power Point erstellt, es wurde recherchiert, kopiert und pr\u00e4sentiert.<\/p>\n<p>&nbsp;<\/p>\n<p><img loading=\"lazy\" decoding=\"async\" src=\"https:\/\/schule-ellenkey.at\/wp-content\/uploads\/2022\/09\/Maerchen-300x200.jpg\" alt=\"\" width=\"939\" height=\"627\" class=\"alignnone wp-image-1123\" srcset=\"https:\/\/schule-ellenkey.at\/wp-content\/uploads\/2022\/09\/Maerchen-300x200.jpg 300w, https:\/\/schule-ellenkey.at\/wp-content\/uploads\/2022\/09\/Maerchen-1024x683.jpg 1024w, https:\/\/schule-ellenkey.at\/wp-content\/uploads\/2022\/09\/Maerchen-768x512.jpg 768w, https:\/\/schule-ellenkey.at\/wp-content\/uploads\/2022\/09\/Maerchen-1536x1024.jpg 1536w, https:\/\/schule-ellenkey.at\/wp-content\/uploads\/2022\/09\/Maerchen-2048x1366.jpg 2048w, https:\/\/schule-ellenkey.at\/wp-content\/uploads\/2022\/09\/Maerchen-360x240.jpg 360w\" sizes=\"(max-width: 939px) 100vw, 939px\" \/><\/p>\n<p><strong>Kreativ in Deutsch <\/strong><\/p>\n<p>Im Herbst befassten wir uns mit dem Thema M\u00e4rchen. Viele Szenen aus bekannten M\u00e4rchen spielten wir gemeinsam nach, bevor wir sie kreativ in W\u00f6rter und S\u00e4tze verwandelten. Wir alle hatten gro\u00dfen Spa\u00df &#8211; auch unser Schulassistent!<\/p>\n<p>&nbsp;<\/p>\n<p><strong>06.07.2022<\/strong><\/p>\n<p>In diesem Schuljahr wurde anhand der Ideen der Kinder der VS 2 und der Ideen von Kindern einer deutschsprachigen Schule in Amerika abwechselnd eine Geschichte geschrieben und gemeinsam illustriert.<\/p>\n<p>(Text: Bianca Strauss, BEd)<\/p>\n<p><img loading=\"lazy\" decoding=\"async\" src=\"https:\/\/schule-ellenkey.at\/wp-content\/uploads\/2022\/09\/USA-300x200.jpg\" alt=\"\" width=\"940\" height=\"626\" class=\"alignnone wp-image-1129\" srcset=\"https:\/\/schule-ellenkey.at\/wp-content\/uploads\/2022\/09\/USA-300x200.jpg 300w, https:\/\/schule-ellenkey.at\/wp-content\/uploads\/2022\/09\/USA-1024x683.jpg 1024w, https:\/\/schule-ellenkey.at\/wp-content\/uploads\/2022\/09\/USA-768x512.jpg 768w, https:\/\/schule-ellenkey.at\/wp-content\/uploads\/2022\/09\/USA-1536x1024.jpg 1536w, https:\/\/schule-ellenkey.at\/wp-content\/uploads\/2022\/09\/USA-2048x1366.jpg 2048w, https:\/\/schule-ellenkey.at\/wp-content\/uploads\/2022\/09\/USA-360x240.jpg 360w\" sizes=\"(max-width: 940px) 100vw, 940px\" \/><\/p>\n<p>&nbsp;<\/p>\n<p><strong>03.07.2022<\/strong><\/p>\n<p>Vor kurzem war ich mit meiner Klasse (VS 2) in Krieglach auf Projekttagen. Es hat mir sehr viel Spa\u00df gemacht. Wir wanderten vom Bauernhof auf den Berg zum Gasthof Annerlbauer. Das war sehr anstrengend. Dort gab es Gokarts, mit denen wir wild herumfuhren. Wir schnitzten und spielten im Wald. Mit der Waldbiologin bauten wir eine Kugelbahn. Auf dem Heuwagen wurden wir zu den Alpakas gebracht. Wir wanderten mit den herzigen Tieren durch den Wald. Jeden Abend gab es ein Lagerfeuer. Wir grillten W\u00fcrstchen und Marshmallows. Manche von uns nahmen an der Mutprobe teil. Sie spazierten alleine in der Finsternis durch den Wald. Ein Hirsch r\u00f6hrte laut. Am Bach errichteten wir einen Staudamm und wir streichelten die Schafe Flecki und Blacky. Das waren tolle Erlebnisse!<\/p>\n<p>(Text: Michael Gaggl, BEd)<\/p>\n<p><img loading=\"lazy\" decoding=\"async\" src=\"https:\/\/schule-ellenkey.at\/wp-content\/uploads\/2022\/07\/Projekttage_1-300x225.jpg\" alt=\"\" width=\"939\" height=\"705\" class=\"alignnone wp-image-1103\" srcset=\"https:\/\/schule-ellenkey.at\/wp-content\/uploads\/2022\/07\/Projekttage_1-300x225.jpg 300w, https:\/\/schule-ellenkey.at\/wp-content\/uploads\/2022\/07\/Projekttage_1-1024x768.jpg 1024w, https:\/\/schule-ellenkey.at\/wp-content\/uploads\/2022\/07\/Projekttage_1-768x576.jpg 768w, https:\/\/schule-ellenkey.at\/wp-content\/uploads\/2022\/07\/Projekttage_1-1536x1152.jpg 1536w, https:\/\/schule-ellenkey.at\/wp-content\/uploads\/2022\/07\/Projekttage_1-2048x1536.jpg 2048w\" sizes=\"(max-width: 939px) 100vw, 939px\" \/><\/p>\n<p><img loading=\"lazy\" decoding=\"async\" src=\"https:\/\/schule-ellenkey.at\/wp-content\/uploads\/2022\/07\/Projekttage_2-300x225.jpg\" alt=\"\" width=\"939\" height=\"705\" class=\"alignnone wp-image-1104\" srcset=\"https:\/\/schule-ellenkey.at\/wp-content\/uploads\/2022\/07\/Projekttage_2-300x225.jpg 300w, https:\/\/schule-ellenkey.at\/wp-content\/uploads\/2022\/07\/Projekttage_2-1024x768.jpg 1024w, https:\/\/schule-ellenkey.at\/wp-content\/uploads\/2022\/07\/Projekttage_2-768x576.jpg 768w, https:\/\/schule-ellenkey.at\/wp-content\/uploads\/2022\/07\/Projekttage_2-1536x1152.jpg 1536w, https:\/\/schule-ellenkey.at\/wp-content\/uploads\/2022\/07\/Projekttage_2-2048x1536.jpg 2048w\" sizes=\"(max-width: 939px) 100vw, 939px\" \/><\/p>\n<p>Weitere Aktivit\u00e4ten der VS 2: Spa\u00df im Augarten und das Bedrucken von T-Shirts&#8230;<\/p>\n<p><img loading=\"lazy\" decoding=\"async\" src=\"https:\/\/schule-ellenkey.at\/wp-content\/uploads\/2022\/07\/AU_Shirts_VS_2-300x200.jpg\" alt=\"\" width=\"940\" height=\"626\" class=\"alignnone wp-image-1111\" srcset=\"https:\/\/schule-ellenkey.at\/wp-content\/uploads\/2022\/07\/AU_Shirts_VS_2-300x200.jpg 300w, https:\/\/schule-ellenkey.at\/wp-content\/uploads\/2022\/07\/AU_Shirts_VS_2-1024x683.jpg 1024w, https:\/\/schule-ellenkey.at\/wp-content\/uploads\/2022\/07\/AU_Shirts_VS_2-768x512.jpg 768w, https:\/\/schule-ellenkey.at\/wp-content\/uploads\/2022\/07\/AU_Shirts_VS_2-1536x1024.jpg 1536w, https:\/\/schule-ellenkey.at\/wp-content\/uploads\/2022\/07\/AU_Shirts_VS_2-2048x1366.jpg 2048w, https:\/\/schule-ellenkey.at\/wp-content\/uploads\/2022\/07\/AU_Shirts_VS_2-360x240.jpg 360w\" sizes=\"(max-width: 940px) 100vw, 940px\" \/><\/p>\n<p>&nbsp;<\/p>\n<p><strong>13.06.2022<\/strong><\/p>\n<p>Die Wachteln am Fr\u00f6belpark sind nun schon fast erwachsen&#8230;<\/p>\n<p><img loading=\"lazy\" decoding=\"async\" src=\"https:\/\/schule-ellenkey.at\/wp-content\/uploads\/2022\/06\/Kueken_5-300x200.jpg\" alt=\"\" width=\"940\" height=\"626\" class=\"alignnone wp-image-1100\" srcset=\"https:\/\/schule-ellenkey.at\/wp-content\/uploads\/2022\/06\/Kueken_5-300x200.jpg 300w, https:\/\/schule-ellenkey.at\/wp-content\/uploads\/2022\/06\/Kueken_5-1024x683.jpg 1024w, https:\/\/schule-ellenkey.at\/wp-content\/uploads\/2022\/06\/Kueken_5-768x512.jpg 768w, https:\/\/schule-ellenkey.at\/wp-content\/uploads\/2022\/06\/Kueken_5-1536x1024.jpg 1536w, https:\/\/schule-ellenkey.at\/wp-content\/uploads\/2022\/06\/Kueken_5-360x240.jpg 360w, https:\/\/schule-ellenkey.at\/wp-content\/uploads\/2022\/06\/Kueken_5.jpg 1701w\" sizes=\"(max-width: 940px) 100vw, 940px\" \/><\/p>\n<p>&nbsp;<\/p>\n<p><strong>23.05.2022<\/strong><\/p>\n<p>Am Fr\u00f6belpark wuseln frisch geschl\u00fcpfte Miniwachteln durch die Klasse <span style=\"color: #ff0000;\">\u2665<\/span><\/p>\n<p><img loading=\"lazy\" decoding=\"async\" src=\"https:\/\/schule-ellenkey.at\/wp-content\/uploads\/2022\/05\/Kueken_3-300x200.jpg\" alt=\"\" width=\"939\" height=\"626\" class=\"alignnone wp-image-1096\" srcset=\"https:\/\/schule-ellenkey.at\/wp-content\/uploads\/2022\/05\/Kueken_3-300x200.jpg 300w, https:\/\/schule-ellenkey.at\/wp-content\/uploads\/2022\/05\/Kueken_3-1024x683.jpg 1024w, https:\/\/schule-ellenkey.at\/wp-content\/uploads\/2022\/05\/Kueken_3-768x512.jpg 768w, https:\/\/schule-ellenkey.at\/wp-content\/uploads\/2022\/05\/Kueken_3-1536x1024.jpg 1536w, https:\/\/schule-ellenkey.at\/wp-content\/uploads\/2022\/05\/Kueken_3-360x240.jpg 360w, https:\/\/schule-ellenkey.at\/wp-content\/uploads\/2022\/05\/Kueken_3.jpg 1701w\" sizes=\"(max-width: 939px) 100vw, 939px\" \/><\/p>\n<p><img loading=\"lazy\" decoding=\"async\" src=\"https:\/\/schule-ellenkey.at\/wp-content\/uploads\/2022\/05\/Kueken_4-300x200.jpg\" alt=\"\" width=\"939\" height=\"626\" class=\"alignnone wp-image-1097\" srcset=\"https:\/\/schule-ellenkey.at\/wp-content\/uploads\/2022\/05\/Kueken_4-300x200.jpg 300w, https:\/\/schule-ellenkey.at\/wp-content\/uploads\/2022\/05\/Kueken_4-1024x683.jpg 1024w, https:\/\/schule-ellenkey.at\/wp-content\/uploads\/2022\/05\/Kueken_4-768x512.jpg 768w, https:\/\/schule-ellenkey.at\/wp-content\/uploads\/2022\/05\/Kueken_4-1536x1024.jpg 1536w, https:\/\/schule-ellenkey.at\/wp-content\/uploads\/2022\/05\/Kueken_4-360x240.jpg 360w, https:\/\/schule-ellenkey.at\/wp-content\/uploads\/2022\/05\/Kueken_4.jpg 1701w\" sizes=\"(max-width: 939px) 100vw, 939px\" \/><\/p>\n<p>&nbsp;<\/p>\n<p><strong>27.04.2022<\/strong><\/p>\n<p>Die Sch\u00fcler am Fr\u00f6belpark versuchen sich in der Brandmalerei&#8230;<\/p>\n<p><img loading=\"lazy\" decoding=\"async\" src=\"https:\/\/schule-ellenkey.at\/wp-content\/uploads\/2022\/04\/Brandmalerei-300x225.jpg\" alt=\"\" width=\"940\" height=\"706\" class=\"alignnone wp-image-1074\" srcset=\"https:\/\/schule-ellenkey.at\/wp-content\/uploads\/2022\/04\/Brandmalerei-300x225.jpg 300w, https:\/\/schule-ellenkey.at\/wp-content\/uploads\/2022\/04\/Brandmalerei-1024x768.jpg 1024w, https:\/\/schule-ellenkey.at\/wp-content\/uploads\/2022\/04\/Brandmalerei-768x576.jpg 768w, https:\/\/schule-ellenkey.at\/wp-content\/uploads\/2022\/04\/Brandmalerei-1536x1152.jpg 1536w, https:\/\/schule-ellenkey.at\/wp-content\/uploads\/2022\/04\/Brandmalerei-2048x1536.jpg 2048w\" sizes=\"(max-width: 940px) 100vw, 940px\" \/><\/p>\n<p>&#8230;und teilen den Klassenraum mit einer selbst gefertigten Trennwand ab.<\/p>\n<p><img loading=\"lazy\" decoding=\"async\" src=\"https:\/\/schule-ellenkey.at\/wp-content\/uploads\/2022\/04\/Trennwand-300x225.jpg\" alt=\"\" width=\"940\" height=\"705\" class=\"alignnone wp-image-1078\" srcset=\"https:\/\/schule-ellenkey.at\/wp-content\/uploads\/2022\/04\/Trennwand-300x225.jpg 300w, https:\/\/schule-ellenkey.at\/wp-content\/uploads\/2022\/04\/Trennwand-1024x768.jpg 1024w, https:\/\/schule-ellenkey.at\/wp-content\/uploads\/2022\/04\/Trennwand-768x576.jpg 768w, https:\/\/schule-ellenkey.at\/wp-content\/uploads\/2022\/04\/Trennwand-1536x1152.jpg 1536w, https:\/\/schule-ellenkey.at\/wp-content\/uploads\/2022\/04\/Trennwand-2048x1536.jpg 2048w\" sizes=\"(max-width: 940px) 100vw, 940px\" \/><\/p>\n<hr \/>\n<p><strong>22.04.2022<\/strong><\/p>\n<p>Die t\u00e4gliche Jause am Fr\u00f6belpark wird durch eine gro\u00dfz\u00fcgige Spende der B\u00e4ckerei Martin Auer m\u00f6glich! Danke daf\u00fcr&#8230;<\/p>\n<p><img loading=\"lazy\" decoding=\"async\" src=\"https:\/\/schule-ellenkey.at\/wp-content\/uploads\/2022\/04\/Jause-300x225.jpg\" alt=\"\" width=\"940\" height=\"705\" class=\"alignnone wp-image-1068\" srcset=\"https:\/\/schule-ellenkey.at\/wp-content\/uploads\/2022\/04\/Jause-300x225.jpg 300w, https:\/\/schule-ellenkey.at\/wp-content\/uploads\/2022\/04\/Jause-1024x768.jpg 1024w, https:\/\/schule-ellenkey.at\/wp-content\/uploads\/2022\/04\/Jause-768x576.jpg 768w, https:\/\/schule-ellenkey.at\/wp-content\/uploads\/2022\/04\/Jause-1536x1152.jpg 1536w, https:\/\/schule-ellenkey.at\/wp-content\/uploads\/2022\/04\/Jause-2048x1536.jpg 2048w\" sizes=\"(max-width: 940px) 100vw, 940px\" \/><\/p>\n<p>Der brandneue Tischtennistisch ist eine gro\u00dfartige Spende der Firma Gigasport! Danke daf\u00fcr&#8230;<\/p>\n<p><img loading=\"lazy\" decoding=\"async\" src=\"https:\/\/schule-ellenkey.at\/wp-content\/uploads\/2022\/04\/Tischtennis-225x300.jpg\" alt=\"\" width=\"940\" height=\"1254\" class=\"alignnone wp-image-1076\" srcset=\"https:\/\/schule-ellenkey.at\/wp-content\/uploads\/2022\/04\/Tischtennis-225x300.jpg 225w, https:\/\/schule-ellenkey.at\/wp-content\/uploads\/2022\/04\/Tischtennis-768x1024.jpg 768w, https:\/\/schule-ellenkey.at\/wp-content\/uploads\/2022\/04\/Tischtennis-1152x1536.jpg 1152w, https:\/\/schule-ellenkey.at\/wp-content\/uploads\/2022\/04\/Tischtennis.jpg 1200w\" sizes=\"(max-width: 940px) 100vw, 940px\" \/><\/p>\n<hr \/>\n<p><strong>08.04.2022<\/strong><\/p>\n<p><span style=\"color: #339966;\"><strong>Osterferien:<\/strong><\/span> 11.04.2022 &#8211; 18.04.2022<\/p>\n<p><span style=\"color: #339966;\"><strong>Erster Schultag nach den Ferien:<\/strong><\/span> 19.04.2022<\/p>\n<p>Das Team der VS &amp; MS Ellen Key w\u00fcnscht allen Sch\u00fcler*innen sch\u00f6ne Osterferien!<\/p>\n<p><img loading=\"lazy\" decoding=\"async\" src=\"https:\/\/schule-ellenkey.at\/wp-content\/uploads\/2022\/04\/Ostern_2-300x200.jpg\" alt=\"\" width=\"940\" height=\"626\" class=\"alignnone wp-image-1062\" srcset=\"https:\/\/schule-ellenkey.at\/wp-content\/uploads\/2022\/04\/Ostern_2-300x200.jpg 300w, https:\/\/schule-ellenkey.at\/wp-content\/uploads\/2022\/04\/Ostern_2-1024x683.jpg 1024w, https:\/\/schule-ellenkey.at\/wp-content\/uploads\/2022\/04\/Ostern_2-768x512.jpg 768w, https:\/\/schule-ellenkey.at\/wp-content\/uploads\/2022\/04\/Ostern_2-1536x1024.jpg 1536w, https:\/\/schule-ellenkey.at\/wp-content\/uploads\/2022\/04\/Ostern_2-360x240.jpg 360w, https:\/\/schule-ellenkey.at\/wp-content\/uploads\/2022\/04\/Ostern_2.jpg 1701w\" sizes=\"(max-width: 940px) 100vw, 940px\" \/><\/p>\n<p><img loading=\"lazy\" decoding=\"async\" src=\"https:\/\/schule-ellenkey.at\/wp-content\/uploads\/2022\/04\/Ostern_3-300x225.jpg\" alt=\"\" width=\"939\" height=\"704\" class=\"alignnone wp-image-1064\" srcset=\"https:\/\/schule-ellenkey.at\/wp-content\/uploads\/2022\/04\/Ostern_3-300x225.jpg 300w, https:\/\/schule-ellenkey.at\/wp-content\/uploads\/2022\/04\/Ostern_3-1024x768.jpg 1024w, https:\/\/schule-ellenkey.at\/wp-content\/uploads\/2022\/04\/Ostern_3-768x576.jpg 768w, https:\/\/schule-ellenkey.at\/wp-content\/uploads\/2022\/04\/Ostern_3-1536x1152.jpg 1536w, https:\/\/schule-ellenkey.at\/wp-content\/uploads\/2022\/04\/Ostern_3-2048x1536.jpg 2048w\" sizes=\"(max-width: 939px) 100vw, 939px\" \/><\/p>\n<p>Rechtzeitig zu Ostern besch\u00e4ftigt sich die Klasse am Fr\u00f6belpark mit einem H\u00fchnerprojekt&#8230;<\/p>\n<p><img loading=\"lazy\" decoding=\"async\" src=\"https:\/\/schule-ellenkey.at\/wp-content\/uploads\/2022\/04\/Kueken_2-300x200.jpg\" alt=\"\" width=\"939\" height=\"625\" class=\"alignnone wp-image-1071\" srcset=\"https:\/\/schule-ellenkey.at\/wp-content\/uploads\/2022\/04\/Kueken_2-300x200.jpg 300w, https:\/\/schule-ellenkey.at\/wp-content\/uploads\/2022\/04\/Kueken_2-1024x683.jpg 1024w, https:\/\/schule-ellenkey.at\/wp-content\/uploads\/2022\/04\/Kueken_2-768x512.jpg 768w, https:\/\/schule-ellenkey.at\/wp-content\/uploads\/2022\/04\/Kueken_2-1536x1024.jpg 1536w, https:\/\/schule-ellenkey.at\/wp-content\/uploads\/2022\/04\/Kueken_2-360x240.jpg 360w, https:\/\/schule-ellenkey.at\/wp-content\/uploads\/2022\/04\/Kueken_2.jpg 1701w\" sizes=\"(max-width: 939px) 100vw, 939px\" \/><\/p>\n<hr \/>\n<p><strong>23.12.2021<\/strong><\/p>\n<p><span style=\"color: #339966;\"><strong>Weihnachtsferien<\/strong><\/span><strong>:<\/strong> 23.12.2021 &#8211; 09.01.2022<\/p>\n<p><strong><span style=\"color: #339966;\">Erster Schultag im neuen Jahr: <\/span><\/strong><span style=\"color: #000000;\">10.01.2022<\/span><\/p>\n<p>Das Team der VS &amp; MS Ellen Key w\u00fcnscht allen Sch\u00fcler*innen erholsame Weihnachtsferien und einen gesunden Rutsch in das neue Jahr 2022!<\/p>\n<p><img loading=\"lazy\" decoding=\"async\" src=\"https:\/\/schule-ellenkey.at\/wp-content\/uploads\/2021\/12\/Krippe_1-300x200.jpg\" alt=\"\" width=\"939\" height=\"627\" class=\"alignnone wp-image-1056\" srcset=\"https:\/\/schule-ellenkey.at\/wp-content\/uploads\/2021\/12\/Krippe_1-300x200.jpg 300w, https:\/\/schule-ellenkey.at\/wp-content\/uploads\/2021\/12\/Krippe_1-1024x683.jpg 1024w, https:\/\/schule-ellenkey.at\/wp-content\/uploads\/2021\/12\/Krippe_1-768x512.jpg 768w, https:\/\/schule-ellenkey.at\/wp-content\/uploads\/2021\/12\/Krippe_1-1536x1024.jpg 1536w, https:\/\/schule-ellenkey.at\/wp-content\/uploads\/2021\/12\/Krippe_1-2048x1366.jpg 2048w, https:\/\/schule-ellenkey.at\/wp-content\/uploads\/2021\/12\/Krippe_1-360x240.jpg 360w\" sizes=\"(max-width: 939px) 100vw, 939px\" \/><\/p>\n<p><img loading=\"lazy\" decoding=\"async\" src=\"https:\/\/schule-ellenkey.at\/wp-content\/uploads\/2021\/12\/Lebkuchenhaus-300x200.jpg\" alt=\"\" width=\"939\" height=\"625\" class=\"alignnone wp-image-1057\" srcset=\"https:\/\/schule-ellenkey.at\/wp-content\/uploads\/2021\/12\/Lebkuchenhaus-300x200.jpg 300w, https:\/\/schule-ellenkey.at\/wp-content\/uploads\/2021\/12\/Lebkuchenhaus-1024x683.jpg 1024w, https:\/\/schule-ellenkey.at\/wp-content\/uploads\/2021\/12\/Lebkuchenhaus-768x512.jpg 768w, https:\/\/schule-ellenkey.at\/wp-content\/uploads\/2021\/12\/Lebkuchenhaus-1536x1024.jpg 1536w, https:\/\/schule-ellenkey.at\/wp-content\/uploads\/2021\/12\/Lebkuchenhaus-2048x1366.jpg 2048w, https:\/\/schule-ellenkey.at\/wp-content\/uploads\/2021\/12\/Lebkuchenhaus-360x240.jpg 360w\" sizes=\"(max-width: 939px) 100vw, 939px\" \/><\/p>\n<p><img loading=\"lazy\" decoding=\"async\" src=\"https:\/\/schule-ellenkey.at\/wp-content\/uploads\/2022\/04\/AK2-300x200.jpg\" alt=\"\" width=\"939\" height=\"626\" class=\"alignnone wp-image-1065\" srcset=\"https:\/\/schule-ellenkey.at\/wp-content\/uploads\/2022\/04\/AK2-300x200.jpg 300w, https:\/\/schule-ellenkey.at\/wp-content\/uploads\/2022\/04\/AK2-1024x683.jpg 1024w, https:\/\/schule-ellenkey.at\/wp-content\/uploads\/2022\/04\/AK2-768x512.jpg 768w, https:\/\/schule-ellenkey.at\/wp-content\/uploads\/2022\/04\/AK2-1536x1024.jpg 1536w, https:\/\/schule-ellenkey.at\/wp-content\/uploads\/2022\/04\/AK2-2048x1366.jpg 2048w, https:\/\/schule-ellenkey.at\/wp-content\/uploads\/2022\/04\/AK2-360x240.jpg 360w\" sizes=\"(max-width: 939px) 100vw, 939px\" \/><\/p>\n<hr \/>\n<p><strong>13.12.2021<\/strong><\/p>\n<p>Der <strong><span style=\"color: #339966;\">07.01.2022<\/span><\/strong> wurde laut Verordnung zum <strong><span style=\"color: #339966;\">schulfreien Tag<\/span><\/strong> erkl\u00e4rt. Das Schulforum hat den <strong><span style=\"color: #339966;\">23.12.2021<\/span><\/strong> zum <strong><span style=\"color: #339966;\">schulautonomen Tag<\/span><\/strong> bestimmt.<\/p>\n<hr \/>\n<p><strong>26.11.2021<\/strong><\/p>\n<p>&#8222;Kreative K\u00f6pfe&#8220; in der Justizanstalt&#8230;<\/p>\n<p><img loading=\"lazy\" decoding=\"async\" src=\"https:\/\/schule-ellenkey.at\/wp-content\/uploads\/2021\/11\/Gefaengnis_Kreative_Koepfe-300x225.jpg\" alt=\"\" width=\"939\" height=\"704\" class=\"alignnone wp-image-1051\" srcset=\"https:\/\/schule-ellenkey.at\/wp-content\/uploads\/2021\/11\/Gefaengnis_Kreative_Koepfe-300x225.jpg 300w, https:\/\/schule-ellenkey.at\/wp-content\/uploads\/2021\/11\/Gefaengnis_Kreative_Koepfe-1024x768.jpg 1024w, https:\/\/schule-ellenkey.at\/wp-content\/uploads\/2021\/11\/Gefaengnis_Kreative_Koepfe-768x576.jpg 768w, https:\/\/schule-ellenkey.at\/wp-content\/uploads\/2021\/11\/Gefaengnis_Kreative_Koepfe-1536x1152.jpg 1536w, https:\/\/schule-ellenkey.at\/wp-content\/uploads\/2021\/11\/Gefaengnis_Kreative_Koepfe-2048x1536.jpg 2048w\" sizes=\"(max-width: 939px) 100vw, 939px\" \/><\/p>\n<p>&#8222;Schwarze Drahth\u00e4nde&#8220; am Fr\u00f6belpark&#8230;<\/p>\n<p><img loading=\"lazy\" decoding=\"async\" src=\"https:\/\/schule-ellenkey.at\/wp-content\/uploads\/2022\/04\/Drahthaende-300x225.jpg\" alt=\"\" width=\"939\" height=\"704\" class=\"alignnone wp-image-1066\" srcset=\"https:\/\/schule-ellenkey.at\/wp-content\/uploads\/2022\/04\/Drahthaende-300x225.jpg 300w, https:\/\/schule-ellenkey.at\/wp-content\/uploads\/2022\/04\/Drahthaende-1024x768.jpg 1024w, https:\/\/schule-ellenkey.at\/wp-content\/uploads\/2022\/04\/Drahthaende-768x576.jpg 768w, https:\/\/schule-ellenkey.at\/wp-content\/uploads\/2022\/04\/Drahthaende-1536x1152.jpg 1536w, https:\/\/schule-ellenkey.at\/wp-content\/uploads\/2022\/04\/Drahthaende-2048x1536.jpg 2048w\" sizes=\"(max-width: 939px) 100vw, 939px\" \/><\/p>\n<hr \/>\n<p><strong>23.11.2021<\/strong><\/p>\n<p><span style=\"color: #ff0000;\"><strong>Covid-19 Update:<\/strong><\/span><\/p>\n<p><strong>Seit 22. 11. gilt ein <span style=\"color: #99cc00;\">bundesweiter Lockdown. Schulen bleiben jedoch ge\u00f6ffnet!<\/span> Sch\u00fcler*innen, die nicht am Pr\u00e4senzunterricht teilnehmen m\u00f6chten, haben die Erlaubnis zum Fernbleiben vom Unterricht. Das Fernbleiben kann <span style=\"color: #99cc00;\">tageweise<\/span> erfolgen, ein stundenweises Fernbleiben ist nicht m\u00f6glich. Jeder Sch\u00fcler und jede Sch\u00fclerin, der\/die in die Schule kommen will, kann unter der <span style=\"color: #99cc00;\">Einhaltung der<\/span> <span style=\"color: #99cc00;\">Hygiene- und Testvorgaben<\/span> am Unterricht teilnehmen. Im <span style=\"color: #99cc00;\">gesamten<\/span> Schulgeb\u00e4ude muss ein <span style=\"color: #99cc00;\">Mund-Nasen-Schutz<\/span> getragen werden.\u00a0<\/strong><\/p>\n<hr \/>\n<p><strong>04.11.2021<\/strong><\/p>\n<p>Eine feine Auswahl an Herbstaktivit\u00e4ten der VS 2&#8230;<\/p>\n<p><img loading=\"lazy\" decoding=\"async\" src=\"https:\/\/schule-ellenkey.at\/wp-content\/uploads\/2021\/11\/H_1-300x225.jpg\" alt=\"\" width=\"940\" height=\"705\" class=\"alignnone wp-image-1046\" srcset=\"https:\/\/schule-ellenkey.at\/wp-content\/uploads\/2021\/11\/H_1-300x225.jpg 300w, https:\/\/schule-ellenkey.at\/wp-content\/uploads\/2021\/11\/H_1-1024x768.jpg 1024w, https:\/\/schule-ellenkey.at\/wp-content\/uploads\/2021\/11\/H_1-768x576.jpg 768w, https:\/\/schule-ellenkey.at\/wp-content\/uploads\/2021\/11\/H_1-1536x1152.jpg 1536w, https:\/\/schule-ellenkey.at\/wp-content\/uploads\/2021\/11\/H_1-2048x1536.jpg 2048w\" sizes=\"(max-width: 940px) 100vw, 940px\" \/><\/p>\n<p><img loading=\"lazy\" decoding=\"async\" src=\"https:\/\/schule-ellenkey.at\/wp-content\/uploads\/2021\/11\/H_2-300x225.jpg\" alt=\"\" width=\"940\" height=\"705\" class=\"alignnone wp-image-1047\" srcset=\"https:\/\/schule-ellenkey.at\/wp-content\/uploads\/2021\/11\/H_2-300x225.jpg 300w, https:\/\/schule-ellenkey.at\/wp-content\/uploads\/2021\/11\/H_2-1024x768.jpg 1024w, https:\/\/schule-ellenkey.at\/wp-content\/uploads\/2021\/11\/H_2-768x576.jpg 768w, https:\/\/schule-ellenkey.at\/wp-content\/uploads\/2021\/11\/H_2-1536x1152.jpg 1536w, https:\/\/schule-ellenkey.at\/wp-content\/uploads\/2021\/11\/H_2-2048x1536.jpg 2048w\" sizes=\"(max-width: 940px) 100vw, 940px\" \/><\/p>\n<p>Am Fr\u00f6belpark finden die berufspraktischen Tage statt&#8230;<\/p>\n<p><img loading=\"lazy\" decoding=\"async\" src=\"https:\/\/schule-ellenkey.at\/wp-content\/uploads\/2022\/04\/BPT_3-225x300.jpg\" alt=\"\" width=\"940\" height=\"1253\" class=\"alignnone wp-image-1072\" srcset=\"https:\/\/schule-ellenkey.at\/wp-content\/uploads\/2022\/04\/BPT_3-225x300.jpg 225w, https:\/\/schule-ellenkey.at\/wp-content\/uploads\/2022\/04\/BPT_3-768x1024.jpg 768w, https:\/\/schule-ellenkey.at\/wp-content\/uploads\/2022\/04\/BPT_3-1152x1536.jpg 1152w, https:\/\/schule-ellenkey.at\/wp-content\/uploads\/2022\/04\/BPT_3.jpg 1200w\" sizes=\"(max-width: 940px) 100vw, 940px\" \/><\/p>\n<p><strong>31.10.2021<\/strong><\/p>\n<p><span style=\"color: #ff6600;\"><strong>Halloweengr\u00fc\u00dfe<\/strong><\/span> aus der Klasse in der JA&#8230;<\/p>\n<p><img loading=\"lazy\" decoding=\"async\" src=\"https:\/\/schule-ellenkey.at\/wp-content\/uploads\/2021\/10\/Gefaengnis_Halloween-300x225.jpg\" alt=\"\" width=\"939\" height=\"704\" class=\"alignnone wp-image-1042\" srcset=\"https:\/\/schule-ellenkey.at\/wp-content\/uploads\/2021\/10\/Gefaengnis_Halloween-300x225.jpg 300w, https:\/\/schule-ellenkey.at\/wp-content\/uploads\/2021\/10\/Gefaengnis_Halloween-1024x768.jpg 1024w, https:\/\/schule-ellenkey.at\/wp-content\/uploads\/2021\/10\/Gefaengnis_Halloween-768x576.jpg 768w, https:\/\/schule-ellenkey.at\/wp-content\/uploads\/2021\/10\/Gefaengnis_Halloween-1536x1152.jpg 1536w, https:\/\/schule-ellenkey.at\/wp-content\/uploads\/2021\/10\/Gefaengnis_Halloween-2048x1536.jpg 2048w\" sizes=\"(max-width: 939px) 100vw, 939px\" \/><\/p>\n<hr \/>\n<p><strong>21.10.2021<\/strong><\/p>\n<p><span style=\"color: #339966;\"><strong>Herbstferien<\/strong><\/span>: <span style=\"color: #99cc00;\"><strong>26.10.<\/strong><\/span> <strong>bis einschlie\u00dflich<\/strong> <span style=\"color: #99cc00;\"><strong>02.11.2021<\/strong><\/span><\/p>\n<p><strong>Vom <span style=\"color: #339966;\">Schulforum<\/span> wurden folgende <span style=\"color: #339966;\">schulautonome Tage<\/span> festgelegt:<\/strong><\/p>\n<p><span style=\"color: #99cc00;\"><strong>25.10.2021<\/strong><\/span><\/p>\n<p><span style=\"color: #99cc00;\"><strong>07.01.2022<\/strong><\/span><\/p>\n<p><span style=\"color: #99cc00;\"><strong>07.06.2022<\/strong><\/span><\/p>\n<p>&nbsp;<\/p>\n<p><strong>Vom <span style=\"color: #339966;\">Ministerium<\/span> wurden folgende <span style=\"color: #339966;\">autonome Tage<\/span> vorgegeben:<\/strong><\/p>\n<p><span style=\"color: #99cc00;\"><strong>27.05.2022<\/strong><\/span><\/p>\n<p><span style=\"color: #99cc00;\"><strong>17.06.2022<\/strong><\/span><\/p>\n<hr \/>\n<p><strong>04.10.2021<\/strong><\/p>\n<p><strong><span style=\"color: #ff0000;\">Covid-19 Update:<\/span><\/strong><\/p>\n<p><strong>Die <span style=\"color: #339966;\">Risikostufen-Matrix<\/span> des Bundesministeriums zeigt nach der dreiw\u00f6chigen schulischen Eingangsphase die <span style=\"color: #99cc00;\">aktuelle Risikostufe der VS &amp; MS Ellen Key<\/span>.\u00a0<\/strong><\/p>\n<p><img loading=\"lazy\" decoding=\"async\" src=\"https:\/\/schule-ellenkey.at\/wp-content\/uploads\/2021\/10\/Matrix-225x300.jpg\" alt=\"\" width=\"940\" height=\"1253\" class=\"alignnone wp-image-1017\" srcset=\"https:\/\/schule-ellenkey.at\/wp-content\/uploads\/2021\/10\/Matrix-225x300.jpg 225w, https:\/\/schule-ellenkey.at\/wp-content\/uploads\/2021\/10\/Matrix-768x1024.jpg 768w, https:\/\/schule-ellenkey.at\/wp-content\/uploads\/2021\/10\/Matrix-1152x1536.jpg 1152w, https:\/\/schule-ellenkey.at\/wp-content\/uploads\/2021\/10\/Matrix.jpg 1200w\" sizes=\"(max-width: 940px) 100vw, 940px\" \/><\/p>\n<hr \/>\n<p><strong>09.07.2021<\/strong><\/p>\n<p><strong>Das Team der VS &amp; MS Ellen Key w\u00fcnscht allen Sch\u00fcler*innen, Eltern und Erziehungsberechtigten einen <span style=\"color: #99cc00;\">erholsamen und gesunden Sommer<span style=\"color: #000000;\">!<\/span><\/span><\/strong><\/p>\n<p><strong>Die Schule startet an allen Standorten am <span style=\"color: #99cc00;\">13. September<\/span> um <span style=\"color: #99cc00;\">8 Uhr<\/span>.<\/strong><\/p>\n<hr \/>\n<p><strong>06.07.2021<\/strong><\/p>\n<p>Die Sch\u00fcler der VS 2 sind heute erneut in den Sattel der Schimmelstute &#8222;Keksi&#8220; gestiegen.<\/p>\n<p><img loading=\"lazy\" decoding=\"async\" src=\"https:\/\/schule-ellenkey.at\/wp-content\/uploads\/2021\/07\/Reiten_1-300x200.jpg\" alt=\"\" width=\"940\" height=\"626\" class=\"alignnone wp-image-999\" srcset=\"https:\/\/schule-ellenkey.at\/wp-content\/uploads\/2021\/07\/Reiten_1-300x200.jpg 300w, https:\/\/schule-ellenkey.at\/wp-content\/uploads\/2021\/07\/Reiten_1-1024x683.jpg 1024w, https:\/\/schule-ellenkey.at\/wp-content\/uploads\/2021\/07\/Reiten_1-768x512.jpg 768w, https:\/\/schule-ellenkey.at\/wp-content\/uploads\/2021\/07\/Reiten_1-1536x1024.jpg 1536w, https:\/\/schule-ellenkey.at\/wp-content\/uploads\/2021\/07\/Reiten_1-2048x1366.jpg 2048w, https:\/\/schule-ellenkey.at\/wp-content\/uploads\/2021\/07\/Reiten_1-360x240.jpg 360w\" sizes=\"(max-width: 940px) 100vw, 940px\" \/><\/p>\n<p><img loading=\"lazy\" decoding=\"async\" src=\"https:\/\/schule-ellenkey.at\/wp-content\/uploads\/2021\/07\/Reiten_2-300x200.jpg\" alt=\"\" width=\"939\" height=\"626\" class=\"alignnone wp-image-1001\" srcset=\"https:\/\/schule-ellenkey.at\/wp-content\/uploads\/2021\/07\/Reiten_2-300x200.jpg 300w, https:\/\/schule-ellenkey.at\/wp-content\/uploads\/2021\/07\/Reiten_2-1024x683.jpg 1024w, https:\/\/schule-ellenkey.at\/wp-content\/uploads\/2021\/07\/Reiten_2-768x512.jpg 768w, https:\/\/schule-ellenkey.at\/wp-content\/uploads\/2021\/07\/Reiten_2-1536x1024.jpg 1536w, https:\/\/schule-ellenkey.at\/wp-content\/uploads\/2021\/07\/Reiten_2-2048x1366.jpg 2048w, https:\/\/schule-ellenkey.at\/wp-content\/uploads\/2021\/07\/Reiten_2-360x240.jpg 360w\" sizes=\"(max-width: 939px) 100vw, 939px\" \/><\/p>\n<p>Auch Streicheleinheiten f\u00fcr das K\u00e4tzchen durften nicht fehlen&#8230;<\/p>\n<p><img loading=\"lazy\" decoding=\"async\" src=\"https:\/\/schule-ellenkey.at\/wp-content\/uploads\/2021\/07\/Reiten_3-300x200.jpg\" alt=\"\" width=\"939\" height=\"626\" class=\"alignnone wp-image-1000\" srcset=\"https:\/\/schule-ellenkey.at\/wp-content\/uploads\/2021\/07\/Reiten_3-300x200.jpg 300w, https:\/\/schule-ellenkey.at\/wp-content\/uploads\/2021\/07\/Reiten_3-1024x683.jpg 1024w, https:\/\/schule-ellenkey.at\/wp-content\/uploads\/2021\/07\/Reiten_3-768x512.jpg 768w, https:\/\/schule-ellenkey.at\/wp-content\/uploads\/2021\/07\/Reiten_3-1536x1024.jpg 1536w, https:\/\/schule-ellenkey.at\/wp-content\/uploads\/2021\/07\/Reiten_3-2048x1366.jpg 2048w, https:\/\/schule-ellenkey.at\/wp-content\/uploads\/2021\/07\/Reiten_3-360x240.jpg 360w\" sizes=\"(max-width: 939px) 100vw, 939px\" \/><\/p>\n<p>&#8230;und schlie\u00dflich wurden sogar noch kleine Kr\u00f6ten entdeckt!<\/p>\n<p>Ein spannender Vormittag!<\/p>\n<p>&nbsp;<\/p>\n<p><strong>01.07.2021<\/strong><\/p>\n<p>Die VS 2 nahm sich eine k\u00fchle Auszeit in der Rettenbachklamm.<\/p>\n<p><img loading=\"lazy\" decoding=\"async\" src=\"https:\/\/schule-ellenkey.at\/wp-content\/uploads\/2021\/07\/Klamm_3-300x225.jpg\" alt=\"\" width=\"939\" height=\"704\" class=\"alignnone wp-image-996\" srcset=\"https:\/\/schule-ellenkey.at\/wp-content\/uploads\/2021\/07\/Klamm_3-300x225.jpg 300w, https:\/\/schule-ellenkey.at\/wp-content\/uploads\/2021\/07\/Klamm_3-1024x768.jpg 1024w, https:\/\/schule-ellenkey.at\/wp-content\/uploads\/2021\/07\/Klamm_3-768x576.jpg 768w, https:\/\/schule-ellenkey.at\/wp-content\/uploads\/2021\/07\/Klamm_3-1536x1152.jpg 1536w, https:\/\/schule-ellenkey.at\/wp-content\/uploads\/2021\/07\/Klamm_3-2048x1536.jpg 2048w\" sizes=\"(max-width: 939px) 100vw, 939px\" \/><\/p>\n<p><img loading=\"lazy\" decoding=\"async\" src=\"https:\/\/schule-ellenkey.at\/wp-content\/uploads\/2021\/07\/Klamm_4-300x225.jpg\" alt=\"\" width=\"939\" height=\"704\" class=\"alignnone wp-image-997\" srcset=\"https:\/\/schule-ellenkey.at\/wp-content\/uploads\/2021\/07\/Klamm_4-300x225.jpg 300w, https:\/\/schule-ellenkey.at\/wp-content\/uploads\/2021\/07\/Klamm_4-1024x768.jpg 1024w, https:\/\/schule-ellenkey.at\/wp-content\/uploads\/2021\/07\/Klamm_4-768x576.jpg 768w, https:\/\/schule-ellenkey.at\/wp-content\/uploads\/2021\/07\/Klamm_4-1536x1152.jpg 1536w, https:\/\/schule-ellenkey.at\/wp-content\/uploads\/2021\/07\/Klamm_4-2048x1536.jpg 2048w\" sizes=\"(max-width: 939px) 100vw, 939px\" \/><\/p>\n<p>&nbsp;<\/p>\n<p><strong>29.06.2021<\/strong><\/p>\n<p>Die VS 2 verbrachte heute einen spannenden und lehrreichen Vormittag im Botanischen Garten.<\/p>\n<p><img loading=\"lazy\" decoding=\"async\" src=\"https:\/\/schule-ellenkey.at\/wp-content\/uploads\/2021\/06\/Botanischer_G-300x225.jpg\" alt=\"\" width=\"939\" height=\"704\" class=\"alignnone wp-image-994\" srcset=\"https:\/\/schule-ellenkey.at\/wp-content\/uploads\/2021\/06\/Botanischer_G-300x225.jpg 300w, https:\/\/schule-ellenkey.at\/wp-content\/uploads\/2021\/06\/Botanischer_G-1024x768.jpg 1024w, https:\/\/schule-ellenkey.at\/wp-content\/uploads\/2021\/06\/Botanischer_G-768x576.jpg 768w, https:\/\/schule-ellenkey.at\/wp-content\/uploads\/2021\/06\/Botanischer_G-1536x1152.jpg 1536w, https:\/\/schule-ellenkey.at\/wp-content\/uploads\/2021\/06\/Botanischer_G-2048x1536.jpg 2048w\" sizes=\"(max-width: 939px) 100vw, 939px\" \/><\/p>\n<p>&nbsp;<\/p>\n<p><strong>25.06.2021<\/strong><\/p>\n<p>Im &#8222;Aufwind&#8220; wurde der H\u00fchnerstall f\u00fcr den frischgeschl\u00fcpften Nachwuchs fertiggestellt&#8230;<\/p>\n<p><img loading=\"lazy\" decoding=\"async\" src=\"https:\/\/schule-ellenkey.at\/wp-content\/uploads\/2021\/06\/Huehnerstall-300x200.jpg\" alt=\"\" width=\"939\" height=\"625\" class=\"alignnone wp-image-990\" srcset=\"https:\/\/schule-ellenkey.at\/wp-content\/uploads\/2021\/06\/Huehnerstall-300x200.jpg 300w, https:\/\/schule-ellenkey.at\/wp-content\/uploads\/2021\/06\/Huehnerstall-1024x683.jpg 1024w, https:\/\/schule-ellenkey.at\/wp-content\/uploads\/2021\/06\/Huehnerstall-768x512.jpg 768w, https:\/\/schule-ellenkey.at\/wp-content\/uploads\/2021\/06\/Huehnerstall-1536x1024.jpg 1536w, https:\/\/schule-ellenkey.at\/wp-content\/uploads\/2021\/06\/Huehnerstall-360x240.jpg 360w, https:\/\/schule-ellenkey.at\/wp-content\/uploads\/2021\/06\/Huehnerstall.jpg 1701w\" sizes=\"(max-width: 939px) 100vw, 939px\" \/><\/p>\n<p><img loading=\"lazy\" decoding=\"async\" src=\"https:\/\/schule-ellenkey.at\/wp-content\/uploads\/2021\/06\/Huehnerstall_2-300x200.jpg\" alt=\"\" width=\"939\" height=\"625\" class=\"alignnone wp-image-991\" srcset=\"https:\/\/schule-ellenkey.at\/wp-content\/uploads\/2021\/06\/Huehnerstall_2-300x200.jpg 300w, https:\/\/schule-ellenkey.at\/wp-content\/uploads\/2021\/06\/Huehnerstall_2-1024x683.jpg 1024w, https:\/\/schule-ellenkey.at\/wp-content\/uploads\/2021\/06\/Huehnerstall_2-768x512.jpg 768w, https:\/\/schule-ellenkey.at\/wp-content\/uploads\/2021\/06\/Huehnerstall_2-1536x1024.jpg 1536w, https:\/\/schule-ellenkey.at\/wp-content\/uploads\/2021\/06\/Huehnerstall_2-360x240.jpg 360w, https:\/\/schule-ellenkey.at\/wp-content\/uploads\/2021\/06\/Huehnerstall_2.jpg 1701w\" sizes=\"(max-width: 939px) 100vw, 939px\" \/><\/p>\n<p>&#8230;und im duftenden Heu gechillt&#8230;<\/p>\n<p><img loading=\"lazy\" decoding=\"async\" src=\"https:\/\/schule-ellenkey.at\/wp-content\/uploads\/2021\/06\/Huehnerstall_3-225x300.jpg\" alt=\"\" width=\"939\" height=\"1253\" class=\"alignnone wp-image-992\" srcset=\"https:\/\/schule-ellenkey.at\/wp-content\/uploads\/2021\/06\/Huehnerstall_3-225x300.jpg 225w, https:\/\/schule-ellenkey.at\/wp-content\/uploads\/2021\/06\/Huehnerstall_3-768x1024.jpg 768w, https:\/\/schule-ellenkey.at\/wp-content\/uploads\/2021\/06\/Huehnerstall_3-1152x1536.jpg 1152w, https:\/\/schule-ellenkey.at\/wp-content\/uploads\/2021\/06\/Huehnerstall_3.jpg 1200w\" sizes=\"(max-width: 939px) 100vw, 939px\" \/><\/p>\n<p>&nbsp;<\/p>\n<p><strong>18.06.2021<\/strong><\/p>\n<p>Die VS 2 erwanderte heute bei strahlendem Sonnenschein den Schlossberg.<\/p>\n<p><img loading=\"lazy\" decoding=\"async\" src=\"https:\/\/schule-ellenkey.at\/wp-content\/uploads\/2021\/06\/Schlossberg-300x225.jpg\" alt=\"\" width=\"940\" height=\"706\" class=\"alignnone wp-image-986\" srcset=\"https:\/\/schule-ellenkey.at\/wp-content\/uploads\/2021\/06\/Schlossberg-300x225.jpg 300w, https:\/\/schule-ellenkey.at\/wp-content\/uploads\/2021\/06\/Schlossberg-1024x768.jpg 1024w, https:\/\/schule-ellenkey.at\/wp-content\/uploads\/2021\/06\/Schlossberg-768x576.jpg 768w, https:\/\/schule-ellenkey.at\/wp-content\/uploads\/2021\/06\/Schlossberg-1536x1152.jpg 1536w, https:\/\/schule-ellenkey.at\/wp-content\/uploads\/2021\/06\/Schlossberg-2048x1536.jpg 2048w\" sizes=\"(max-width: 940px) 100vw, 940px\" \/><\/p>\n<p>&nbsp;<\/p>\n<p><strong>08.06.2021<\/strong><\/p>\n<p>Die VS 2 verbrachte heute einen lustigen Vormittag im Naturschutzgebiet am Rielteich in Andritz. Es wurde bei sonnigem Wetter nach Kaulquappen im Gabriachbach gesucht, auf umgefallenen Baumst\u00e4mmen geklettert&#8230;<\/p>\n<p><img loading=\"lazy\" decoding=\"async\" src=\"https:\/\/schule-ellenkey.at\/wp-content\/uploads\/2021\/06\/Rielteich_1-300x225.jpg\" alt=\"\" width=\"939\" height=\"704\" class=\"alignnone wp-image-982\" srcset=\"https:\/\/schule-ellenkey.at\/wp-content\/uploads\/2021\/06\/Rielteich_1-300x225.jpg 300w, https:\/\/schule-ellenkey.at\/wp-content\/uploads\/2021\/06\/Rielteich_1-1024x768.jpg 1024w, https:\/\/schule-ellenkey.at\/wp-content\/uploads\/2021\/06\/Rielteich_1-768x576.jpg 768w, https:\/\/schule-ellenkey.at\/wp-content\/uploads\/2021\/06\/Rielteich_1-1536x1152.jpg 1536w, https:\/\/schule-ellenkey.at\/wp-content\/uploads\/2021\/06\/Rielteich_1-2048x1536.jpg 2048w\" sizes=\"(max-width: 939px) 100vw, 939px\" \/><\/p>\n<p>&#8230;und eine Geburtstagsjause am Ufer des Rielteiches eingenommen.<\/p>\n<p><img loading=\"lazy\" decoding=\"async\" src=\"https:\/\/schule-ellenkey.at\/wp-content\/uploads\/2021\/06\/Rielteich_2-300x225.jpg\" alt=\"\" width=\"939\" height=\"704\" class=\"alignnone wp-image-983\" srcset=\"https:\/\/schule-ellenkey.at\/wp-content\/uploads\/2021\/06\/Rielteich_2-300x225.jpg 300w, https:\/\/schule-ellenkey.at\/wp-content\/uploads\/2021\/06\/Rielteich_2-1024x768.jpg 1024w, https:\/\/schule-ellenkey.at\/wp-content\/uploads\/2021\/06\/Rielteich_2-768x576.jpg 768w, https:\/\/schule-ellenkey.at\/wp-content\/uploads\/2021\/06\/Rielteich_2-1536x1152.jpg 1536w, https:\/\/schule-ellenkey.at\/wp-content\/uploads\/2021\/06\/Rielteich_2-2048x1536.jpg 2048w\" sizes=\"(max-width: 939px) 100vw, 939px\" \/><\/p>\n<p>&nbsp;<\/p>\n<p><strong>21.05.2021<\/strong><\/p>\n<p>Die Klasse im &#8222;Aufwind&#8220; war sehr aktiv&#8230;<\/p>\n<p><img loading=\"lazy\" decoding=\"async\" src=\"https:\/\/schule-ellenkey.at\/wp-content\/uploads\/2021\/05\/BPT_1-225x300.jpg\" alt=\"\" width=\"939\" height=\"1251\" class=\"alignnone wp-image-974\" srcset=\"https:\/\/schule-ellenkey.at\/wp-content\/uploads\/2021\/05\/BPT_1-225x300.jpg 225w, https:\/\/schule-ellenkey.at\/wp-content\/uploads\/2021\/05\/BPT_1-768x1024.jpg 768w, https:\/\/schule-ellenkey.at\/wp-content\/uploads\/2021\/05\/BPT_1-1152x1536.jpg 1152w, https:\/\/schule-ellenkey.at\/wp-content\/uploads\/2021\/05\/BPT_1.jpg 1200w\" sizes=\"(max-width: 939px) 100vw, 939px\" \/><img loading=\"lazy\" decoding=\"async\" src=\"https:\/\/schule-ellenkey.at\/wp-content\/uploads\/2021\/05\/BPT_2-225x300.jpg\" alt=\"\" width=\"939\" height=\"1252\" class=\"alignnone wp-image-975\" srcset=\"https:\/\/schule-ellenkey.at\/wp-content\/uploads\/2021\/05\/BPT_2-225x300.jpg 225w, https:\/\/schule-ellenkey.at\/wp-content\/uploads\/2021\/05\/BPT_2-768x1024.jpg 768w, https:\/\/schule-ellenkey.at\/wp-content\/uploads\/2021\/05\/BPT_2-1152x1536.jpg 1152w, https:\/\/schule-ellenkey.at\/wp-content\/uploads\/2021\/05\/BPT_2.jpg 1200w\" sizes=\"(max-width: 939px) 100vw, 939px\" \/><\/p>\n<p>&#8230;bei den Berufspraktischen Tagen&#8230;<\/p>\n<p><img loading=\"lazy\" decoding=\"async\" src=\"https:\/\/schule-ellenkey.at\/wp-content\/uploads\/2021\/05\/Imker_1-300x200.jpg\" alt=\"\" width=\"939\" height=\"625\" class=\"alignnone wp-image-976\" srcset=\"https:\/\/schule-ellenkey.at\/wp-content\/uploads\/2021\/05\/Imker_1-300x200.jpg 300w, https:\/\/schule-ellenkey.at\/wp-content\/uploads\/2021\/05\/Imker_1-1024x683.jpg 1024w, https:\/\/schule-ellenkey.at\/wp-content\/uploads\/2021\/05\/Imker_1-768x512.jpg 768w, https:\/\/schule-ellenkey.at\/wp-content\/uploads\/2021\/05\/Imker_1-1536x1024.jpg 1536w, https:\/\/schule-ellenkey.at\/wp-content\/uploads\/2021\/05\/Imker_1-360x240.jpg 360w, https:\/\/schule-ellenkey.at\/wp-content\/uploads\/2021\/05\/Imker_1.jpg 1701w\" sizes=\"(max-width: 939px) 100vw, 939px\" \/><\/p>\n<p><img loading=\"lazy\" decoding=\"async\" src=\"https:\/\/schule-ellenkey.at\/wp-content\/uploads\/2021\/05\/Imker_2-300x200.jpg\" alt=\"\" width=\"939\" height=\"626\" class=\"alignnone wp-image-977\" srcset=\"https:\/\/schule-ellenkey.at\/wp-content\/uploads\/2021\/05\/Imker_2-300x200.jpg 300w, https:\/\/schule-ellenkey.at\/wp-content\/uploads\/2021\/05\/Imker_2-1024x683.jpg 1024w, https:\/\/schule-ellenkey.at\/wp-content\/uploads\/2021\/05\/Imker_2-768x512.jpg 768w, https:\/\/schule-ellenkey.at\/wp-content\/uploads\/2021\/05\/Imker_2-1536x1024.jpg 1536w, https:\/\/schule-ellenkey.at\/wp-content\/uploads\/2021\/05\/Imker_2-360x240.jpg 360w, https:\/\/schule-ellenkey.at\/wp-content\/uploads\/2021\/05\/Imker_2.jpg 1701w\" sizes=\"(max-width: 939px) 100vw, 939px\" \/><\/p>\n<p>&#8230;beim Imkern&#8230;<\/p>\n<p><img loading=\"lazy\" decoding=\"async\" src=\"https:\/\/schule-ellenkey.at\/wp-content\/uploads\/2021\/05\/Kueken_1-300x200.jpg\" alt=\"\" width=\"939\" height=\"626\" class=\"alignnone wp-image-978\" srcset=\"https:\/\/schule-ellenkey.at\/wp-content\/uploads\/2021\/05\/Kueken_1-300x200.jpg 300w, https:\/\/schule-ellenkey.at\/wp-content\/uploads\/2021\/05\/Kueken_1-1024x683.jpg 1024w, https:\/\/schule-ellenkey.at\/wp-content\/uploads\/2021\/05\/Kueken_1-768x512.jpg 768w, https:\/\/schule-ellenkey.at\/wp-content\/uploads\/2021\/05\/Kueken_1-1536x1024.jpg 1536w, https:\/\/schule-ellenkey.at\/wp-content\/uploads\/2021\/05\/Kueken_1-360x240.jpg 360w, https:\/\/schule-ellenkey.at\/wp-content\/uploads\/2021\/05\/Kueken_1.jpg 1701w\" sizes=\"(max-width: 939px) 100vw, 939px\" \/><\/p>\n<p>&#8230;und die K\u00fcken werden auch schon fl\u00fcgge <span style=\"color: #ff0000;\">\u2665<\/span>&#8230;<\/p>\n<hr \/>\n<p><strong>11.05.2021<\/strong><\/p>\n<p><strong><span style=\"color: #ff0000;\">Covid-19 Update:<\/span><\/strong><\/p>\n<p><span style=\"color: #000000;\"><strong>Ab <span style=\"color: #339966;\">17.05.2021<\/span> gilt f\u00fcr alle Schularten wieder <span style=\"color: #339966;\">Pr\u00e4senzunterricht<\/span>. Die bekannten <span style=\"color: #339966;\">Hygienema\u00dfnahmen<\/span> sind einzuhalten. F\u00fcr die Teilnahme am Pr\u00e4senzunterricht ist die <span style=\"color: #339966;\">regelm\u00e4\u00dfige Testung<\/span> Voraussetzung!<\/strong><\/span><\/p>\n<hr \/>\n<p><strong>06.05.2021<\/strong><\/p>\n<p><span style=\"color: #99cc00;\"><strong>Schulautonome Tage im Sommersemester 2020\/21:\u00a0<\/strong><\/span><\/p>\n<ul>\n<li><strong>14. Mai<\/strong><\/li>\n<li><strong>25. Mai<\/strong><\/li>\n<li><strong>04. Juni<\/strong><\/li>\n<\/ul>\n<hr \/>\n<p>Update von der Klasse im &#8222;Aufwind&#8220;: Die ersten K\u00fcken sind geschl\u00fcpft! <span style=\"color: #ff0000;\">\u2665<\/span><\/p>\n<p><img loading=\"lazy\" decoding=\"async\" src=\"https:\/\/schule-ellenkey.at\/wp-content\/uploads\/2021\/05\/Kueken_9-300x200.jpg\" alt=\"\" width=\"939\" height=\"626\" class=\"alignnone wp-image-966\" srcset=\"https:\/\/schule-ellenkey.at\/wp-content\/uploads\/2021\/05\/Kueken_9-300x200.jpg 300w, https:\/\/schule-ellenkey.at\/wp-content\/uploads\/2021\/05\/Kueken_9-1024x683.jpg 1024w, https:\/\/schule-ellenkey.at\/wp-content\/uploads\/2021\/05\/Kueken_9-768x512.jpg 768w, https:\/\/schule-ellenkey.at\/wp-content\/uploads\/2021\/05\/Kueken_9-1536x1024.jpg 1536w, https:\/\/schule-ellenkey.at\/wp-content\/uploads\/2021\/05\/Kueken_9-360x240.jpg 360w, https:\/\/schule-ellenkey.at\/wp-content\/uploads\/2021\/05\/Kueken_9.jpg 1701w\" sizes=\"(max-width: 939px) 100vw, 939px\" \/><\/p>\n<p><img loading=\"lazy\" decoding=\"async\" src=\"https:\/\/schule-ellenkey.at\/wp-content\/uploads\/2021\/05\/Kueken_10-300x200.jpg\" alt=\"\" width=\"939\" height=\"626\" class=\"alignnone wp-image-967\" srcset=\"https:\/\/schule-ellenkey.at\/wp-content\/uploads\/2021\/05\/Kueken_10-300x200.jpg 300w, https:\/\/schule-ellenkey.at\/wp-content\/uploads\/2021\/05\/Kueken_10-1024x683.jpg 1024w, https:\/\/schule-ellenkey.at\/wp-content\/uploads\/2021\/05\/Kueken_10-768x512.jpg 768w, https:\/\/schule-ellenkey.at\/wp-content\/uploads\/2021\/05\/Kueken_10-1536x1024.jpg 1536w, https:\/\/schule-ellenkey.at\/wp-content\/uploads\/2021\/05\/Kueken_10-360x240.jpg 360w, https:\/\/schule-ellenkey.at\/wp-content\/uploads\/2021\/05\/Kueken_10.jpg 1701w\" sizes=\"(max-width: 939px) 100vw, 939px\" \/><\/p>\n<p>&nbsp;<\/p>\n<p><strong>30.04.2021<\/strong><\/p>\n<p>Im &#8222;Aufwind&#8220; wartet man gespannt auf das Schl\u00fcpfen der K\u00fcken. Die M\u00fchen haben sich gelohnt &#8211; das fertige Aufzuchtgehege kann sich sehen lassen!<\/p>\n<p><img loading=\"lazy\" decoding=\"async\" src=\"https:\/\/schule-ellenkey.at\/wp-content\/uploads\/2021\/05\/Gehege_2-300x200.jpg\" alt=\"\" width=\"939\" height=\"625\" class=\"alignnone wp-image-957\" srcset=\"https:\/\/schule-ellenkey.at\/wp-content\/uploads\/2021\/05\/Gehege_2-300x200.jpg 300w, https:\/\/schule-ellenkey.at\/wp-content\/uploads\/2021\/05\/Gehege_2-1024x683.jpg 1024w, https:\/\/schule-ellenkey.at\/wp-content\/uploads\/2021\/05\/Gehege_2-768x512.jpg 768w, https:\/\/schule-ellenkey.at\/wp-content\/uploads\/2021\/05\/Gehege_2-1536x1024.jpg 1536w, https:\/\/schule-ellenkey.at\/wp-content\/uploads\/2021\/05\/Gehege_2-360x240.jpg 360w, https:\/\/schule-ellenkey.at\/wp-content\/uploads\/2021\/05\/Gehege_2.jpg 1701w\" sizes=\"(max-width: 939px) 100vw, 939px\" \/><\/p>\n<p><img loading=\"lazy\" decoding=\"async\" src=\"https:\/\/schule-ellenkey.at\/wp-content\/uploads\/2021\/05\/Gehege_3-300x200.jpg\" alt=\"\" width=\"939\" height=\"626\" class=\"alignnone wp-image-958\" srcset=\"https:\/\/schule-ellenkey.at\/wp-content\/uploads\/2021\/05\/Gehege_3-300x200.jpg 300w, https:\/\/schule-ellenkey.at\/wp-content\/uploads\/2021\/05\/Gehege_3-1024x683.jpg 1024w, https:\/\/schule-ellenkey.at\/wp-content\/uploads\/2021\/05\/Gehege_3-768x512.jpg 768w, https:\/\/schule-ellenkey.at\/wp-content\/uploads\/2021\/05\/Gehege_3-1536x1024.jpg 1536w, https:\/\/schule-ellenkey.at\/wp-content\/uploads\/2021\/05\/Gehege_3-360x240.jpg 360w, https:\/\/schule-ellenkey.at\/wp-content\/uploads\/2021\/05\/Gehege_3.jpg 1701w\" sizes=\"(max-width: 939px) 100vw, 939px\" \/><\/p>\n<p>&nbsp;<\/p>\n<p><strong>27.04.2021<\/strong><\/p>\n<p>Die Klasse im &#8222;Aufwind&#8220; hat sich die H\u00fchnerzucht zur neuen Aufgabe gemacht. Das Aufzuchtgehege wird nat\u00fcrlich selbst gebaut und die Eier mittels Inkubator ausgebr\u00fctet. Viel Erfolg!<\/p>\n<p><img loading=\"lazy\" decoding=\"async\" src=\"https:\/\/schule-ellenkey.at\/wp-content\/uploads\/2021\/04\/Ei_1-200x300.jpg\" alt=\"\" width=\"940\" height=\"1412\" class=\"alignnone wp-image-953\" \/><\/p>\n<p><img loading=\"lazy\" decoding=\"async\" src=\"https:\/\/schule-ellenkey.at\/wp-content\/uploads\/2021\/04\/Gehege-200x300.jpg\" alt=\"\" width=\"940\" height=\"1410\" class=\"alignnone wp-image-954\" srcset=\"https:\/\/schule-ellenkey.at\/wp-content\/uploads\/2021\/04\/Gehege-200x300.jpg 200w, https:\/\/schule-ellenkey.at\/wp-content\/uploads\/2021\/04\/Gehege-683x1024.jpg 683w, https:\/\/schule-ellenkey.at\/wp-content\/uploads\/2021\/04\/Gehege-768x1152.jpg 768w, https:\/\/schule-ellenkey.at\/wp-content\/uploads\/2021\/04\/Gehege-1024x1536.jpg 1024w, https:\/\/schule-ellenkey.at\/wp-content\/uploads\/2021\/04\/Gehege.jpg 1134w\" sizes=\"(max-width: 940px) 100vw, 940px\" \/><\/p>\n<p>&nbsp;<\/p>\n<p>Vom Teig zur fertigen Pasta! Die Klasse im &#8222;Aufwind&#8220; hat alles selbst gemacht.<\/p>\n<p><img loading=\"lazy\" decoding=\"async\" src=\"https:\/\/schule-ellenkey.at\/wp-content\/uploads\/2021\/04\/Nudeln_5-200x300.jpg\" alt=\"\" width=\"940\" height=\"1410\" class=\"alignnone wp-image-949\" srcset=\"https:\/\/schule-ellenkey.at\/wp-content\/uploads\/2021\/04\/Nudeln_5-200x300.jpg 200w, https:\/\/schule-ellenkey.at\/wp-content\/uploads\/2021\/04\/Nudeln_5-683x1024.jpg 683w, https:\/\/schule-ellenkey.at\/wp-content\/uploads\/2021\/04\/Nudeln_5-768x1152.jpg 768w, https:\/\/schule-ellenkey.at\/wp-content\/uploads\/2021\/04\/Nudeln_5-1024x1536.jpg 1024w, https:\/\/schule-ellenkey.at\/wp-content\/uploads\/2021\/04\/Nudeln_5.jpg 1134w\" sizes=\"(max-width: 940px) 100vw, 940px\" \/><\/p>\n<p><img loading=\"lazy\" decoding=\"async\" src=\"https:\/\/schule-ellenkey.at\/wp-content\/uploads\/2021\/04\/Nudeln_6-200x300.jpg\" alt=\"\" width=\"939\" height=\"1409\" class=\"alignnone wp-image-950\" srcset=\"https:\/\/schule-ellenkey.at\/wp-content\/uploads\/2021\/04\/Nudeln_6-200x300.jpg 200w, https:\/\/schule-ellenkey.at\/wp-content\/uploads\/2021\/04\/Nudeln_6-683x1024.jpg 683w, https:\/\/schule-ellenkey.at\/wp-content\/uploads\/2021\/04\/Nudeln_6-768x1152.jpg 768w, https:\/\/schule-ellenkey.at\/wp-content\/uploads\/2021\/04\/Nudeln_6-1024x1536.jpg 1024w, https:\/\/schule-ellenkey.at\/wp-content\/uploads\/2021\/04\/Nudeln_6.jpg 1134w\" sizes=\"(max-width: 939px) 100vw, 939px\" \/><\/p>\n<hr \/>\n<p><strong>19.04.2021<\/strong><\/p>\n<p>Eine kreative Auswahl aus der &#8222;Gef\u00e4ngnisklasse&#8220;&#8230;<\/p>\n<p><img loading=\"lazy\" decoding=\"async\" src=\"https:\/\/schule-ellenkey.at\/wp-content\/uploads\/2021\/05\/Gefaengnis-300x225.jpg\" alt=\"\" width=\"939\" height=\"704\" class=\"alignnone wp-image-961\" srcset=\"https:\/\/schule-ellenkey.at\/wp-content\/uploads\/2021\/05\/Gefaengnis-300x225.jpg 300w, https:\/\/schule-ellenkey.at\/wp-content\/uploads\/2021\/05\/Gefaengnis-1024x768.jpg 1024w, https:\/\/schule-ellenkey.at\/wp-content\/uploads\/2021\/05\/Gefaengnis-768x576.jpg 768w, https:\/\/schule-ellenkey.at\/wp-content\/uploads\/2021\/05\/Gefaengnis-1536x1152.jpg 1536w, https:\/\/schule-ellenkey.at\/wp-content\/uploads\/2021\/05\/Gefaengnis-2048x1536.jpg 2048w\" sizes=\"(max-width: 939px) 100vw, 939px\" \/><\/p>\n<p><img loading=\"lazy\" decoding=\"async\" src=\"https:\/\/schule-ellenkey.at\/wp-content\/uploads\/2021\/05\/Gefaengnis_2-300x225.jpg\" alt=\"\" width=\"939\" height=\"704\" class=\"alignnone wp-image-962\" srcset=\"https:\/\/schule-ellenkey.at\/wp-content\/uploads\/2021\/05\/Gefaengnis_2-300x225.jpg 300w, https:\/\/schule-ellenkey.at\/wp-content\/uploads\/2021\/05\/Gefaengnis_2-1024x768.jpg 1024w, https:\/\/schule-ellenkey.at\/wp-content\/uploads\/2021\/05\/Gefaengnis_2-768x576.jpg 768w, https:\/\/schule-ellenkey.at\/wp-content\/uploads\/2021\/05\/Gefaengnis_2-1536x1152.jpg 1536w, https:\/\/schule-ellenkey.at\/wp-content\/uploads\/2021\/05\/Gefaengnis_2-2048x1536.jpg 2048w\" sizes=\"(max-width: 939px) 100vw, 939px\" \/><\/p>\n<hr \/>\n<p><strong>26.03.2021<\/strong><\/p>\n<p><span style=\"color: #339966;\"><strong>Osterferien<\/strong><\/span>: 29.03. &#8211; 05.04.2021<\/p>\n<p><strong><span style=\"color: #339966;\">Achtung<\/span><\/strong>: Erster Schultag nach den Osterferien ist der <strong><span style=\"color: #339966;\">Dienstag, 06.04.2021<\/span><\/strong>!<\/p>\n<p>Das Team der VS &amp; MS Ellen Key w\u00fcnscht allen Sch\u00fcler*innen erholsame und gesunde Osterferien!<\/p>\n<hr \/>\n<p><strong>26.03.2021<\/strong><\/p>\n<p>Die Klasse im &#8222;Aufwind&#8220; hat eine k\u00f6stliche Osterjause aufgetischt. Mahlzeit!<\/p>\n<p><img loading=\"lazy\" decoding=\"async\" src=\"https:\/\/schule-ellenkey.at\/wp-content\/uploads\/2021\/04\/Osterjause-300x225.jpg\" alt=\"\" width=\"940\" height=\"706\" class=\"alignnone wp-image-943\" srcset=\"https:\/\/schule-ellenkey.at\/wp-content\/uploads\/2021\/04\/Osterjause-300x225.jpg 300w, https:\/\/schule-ellenkey.at\/wp-content\/uploads\/2021\/04\/Osterjause-1024x768.jpg 1024w, https:\/\/schule-ellenkey.at\/wp-content\/uploads\/2021\/04\/Osterjause-768x576.jpg 768w, https:\/\/schule-ellenkey.at\/wp-content\/uploads\/2021\/04\/Osterjause-1536x1152.jpg 1536w, https:\/\/schule-ellenkey.at\/wp-content\/uploads\/2021\/04\/Osterjause-2048x1536.jpg 2048w\" sizes=\"(max-width: 940px) 100vw, 940px\" \/><\/p>\n<p>&nbsp;<\/p>\n<p><strong>23.03.2021<\/strong><\/p>\n<p>Die Klasse im &#8222;Aufwind&#8220; bereitet sich auf das bevorstehende Osterfest vor.<\/p>\n<p><img loading=\"lazy\" decoding=\"async\" src=\"https:\/\/schule-ellenkey.at\/wp-content\/uploads\/2021\/03\/Ostern-300x225.jpg\" alt=\"\" width=\"940\" height=\"706\" class=\"alignnone wp-image-937\" srcset=\"https:\/\/schule-ellenkey.at\/wp-content\/uploads\/2021\/03\/Ostern-300x225.jpg 300w, https:\/\/schule-ellenkey.at\/wp-content\/uploads\/2021\/03\/Ostern-1024x768.jpg 1024w, https:\/\/schule-ellenkey.at\/wp-content\/uploads\/2021\/03\/Ostern-768x576.jpg 768w, https:\/\/schule-ellenkey.at\/wp-content\/uploads\/2021\/03\/Ostern-1536x1152.jpg 1536w, https:\/\/schule-ellenkey.at\/wp-content\/uploads\/2021\/03\/Ostern-2048x1536.jpg 2048w\" sizes=\"(max-width: 940px) 100vw, 940px\" \/><\/p>\n<p><img loading=\"lazy\" decoding=\"async\" src=\"https:\/\/schule-ellenkey.at\/wp-content\/uploads\/2021\/03\/Ostern_1-300x225.jpg\" alt=\"\" width=\"939\" height=\"705\" class=\"alignnone wp-image-938\" srcset=\"https:\/\/schule-ellenkey.at\/wp-content\/uploads\/2021\/03\/Ostern_1-300x225.jpg 300w, https:\/\/schule-ellenkey.at\/wp-content\/uploads\/2021\/03\/Ostern_1-1024x768.jpg 1024w, https:\/\/schule-ellenkey.at\/wp-content\/uploads\/2021\/03\/Ostern_1-768x576.jpg 768w, https:\/\/schule-ellenkey.at\/wp-content\/uploads\/2021\/03\/Ostern_1-1536x1152.jpg 1536w, https:\/\/schule-ellenkey.at\/wp-content\/uploads\/2021\/03\/Ostern_1-2048x1536.jpg 2048w\" sizes=\"(max-width: 939px) 100vw, 939px\" \/><\/p>\n<p>&nbsp;<\/p>\n<p><strong>15.02.2021<\/strong><\/p>\n<p>Die Klasse im &#8222;Aufwind&#8220; verbrachte den letzten Schultag vor den Ferien &#8222;on ice&#8220;.<\/p>\n<p><img loading=\"lazy\" decoding=\"async\" src=\"https:\/\/schule-ellenkey.at\/wp-content\/uploads\/2021\/02\/ICE1-300x225.jpg\" alt=\"\" width=\"940\" height=\"706\" class=\"alignnone wp-image-932\" srcset=\"https:\/\/schule-ellenkey.at\/wp-content\/uploads\/2021\/02\/ICE1-300x225.jpg 300w, https:\/\/schule-ellenkey.at\/wp-content\/uploads\/2021\/02\/ICE1-1024x768.jpg 1024w, https:\/\/schule-ellenkey.at\/wp-content\/uploads\/2021\/02\/ICE1-768x576.jpg 768w, https:\/\/schule-ellenkey.at\/wp-content\/uploads\/2021\/02\/ICE1-1536x1152.jpg 1536w, https:\/\/schule-ellenkey.at\/wp-content\/uploads\/2021\/02\/ICE1-2048x1536.jpg 2048w\" sizes=\"(max-width: 940px) 100vw, 940px\" \/><\/p>\n<p><img loading=\"lazy\" decoding=\"async\" src=\"https:\/\/schule-ellenkey.at\/wp-content\/uploads\/2021\/02\/ICE2-300x225.jpg\" alt=\"\" width=\"939\" height=\"705\" class=\"alignnone wp-image-933\" srcset=\"https:\/\/schule-ellenkey.at\/wp-content\/uploads\/2021\/02\/ICE2-300x225.jpg 300w, https:\/\/schule-ellenkey.at\/wp-content\/uploads\/2021\/02\/ICE2-1024x768.jpg 1024w, https:\/\/schule-ellenkey.at\/wp-content\/uploads\/2021\/02\/ICE2-768x576.jpg 768w, https:\/\/schule-ellenkey.at\/wp-content\/uploads\/2021\/02\/ICE2-1536x1152.jpg 1536w, https:\/\/schule-ellenkey.at\/wp-content\/uploads\/2021\/02\/ICE2-2048x1536.jpg 2048w\" sizes=\"(max-width: 939px) 100vw, 939px\" \/><\/p>\n<hr \/>\n<p><strong>05.02.2021<\/strong><\/p>\n<p><span style=\"color: #339966;\"><strong>Semesterferien<\/strong><\/span>: 08.02. &#8211; 13.02.2021<\/p>\n<p><span style=\"color: #339966;\"><strong>Schulstart<\/strong><\/span>: 15.02.2021<\/p>\n<p>Wie vom Ministerium beschlossen findet an unserer Schule nach den Semesterferien f\u00fcr die <strong>VS-Klassen Pr\u00e4senzunterricht<\/strong> und f\u00fcr die <strong>MS-Klassen Schichtbetrieb<\/strong> statt.<\/p>\n<p>Das Team der VS &amp; MS Ellen Key w\u00fcnscht allen Sch\u00fcler*innen erholsame und gesunde Semesterferien.<\/p>\n<hr \/>\n<p><strong>13.01.2021<\/strong><\/p>\n<p>Im &#8222;Aufwind&#8220; waren die Konditorlehrlinge flei\u00dfig am Werk und kreierten k\u00f6stliche Cake-Pops Variationen.<\/p>\n<p><img loading=\"lazy\" decoding=\"async\" src=\"https:\/\/schule-ellenkey.at\/wp-content\/uploads\/2021\/01\/CP1-300x225.jpg\" alt=\"\" width=\"940\" height=\"706\" class=\"alignnone wp-image-924\" srcset=\"https:\/\/schule-ellenkey.at\/wp-content\/uploads\/2021\/01\/CP1-300x225.jpg 300w, https:\/\/schule-ellenkey.at\/wp-content\/uploads\/2021\/01\/CP1-1024x768.jpg 1024w, https:\/\/schule-ellenkey.at\/wp-content\/uploads\/2021\/01\/CP1-768x576.jpg 768w, https:\/\/schule-ellenkey.at\/wp-content\/uploads\/2021\/01\/CP1-1536x1152.jpg 1536w, https:\/\/schule-ellenkey.at\/wp-content\/uploads\/2021\/01\/CP1-2048x1536.jpg 2048w\" sizes=\"(max-width: 940px) 100vw, 940px\" \/><\/p>\n<p><img loading=\"lazy\" decoding=\"async\" src=\"https:\/\/schule-ellenkey.at\/wp-content\/uploads\/2021\/01\/CP2-300x225.jpg\" alt=\"\" width=\"939\" height=\"705\" class=\"alignnone wp-image-925\" srcset=\"https:\/\/schule-ellenkey.at\/wp-content\/uploads\/2021\/01\/CP2-300x225.jpg 300w, https:\/\/schule-ellenkey.at\/wp-content\/uploads\/2021\/01\/CP2-1024x768.jpg 1024w, https:\/\/schule-ellenkey.at\/wp-content\/uploads\/2021\/01\/CP2-768x576.jpg 768w, https:\/\/schule-ellenkey.at\/wp-content\/uploads\/2021\/01\/CP2-1536x1152.jpg 1536w, https:\/\/schule-ellenkey.at\/wp-content\/uploads\/2021\/01\/CP2-2048x1536.jpg 2048w\" sizes=\"(max-width: 939px) 100vw, 939px\" \/><\/p>\n<p>&nbsp;<\/p>\n<p><strong>12.01.2021<\/strong><\/p>\n<p>Die Klasse im &#8222;Aufwind&#8220; hat mit einer Studentin \u00fcber einen l\u00e4ngeren Zeitraum hinweg ein Graffitiprojekt realisiert. Die ben\u00f6tigten Leinw\u00e4nde wurden daf\u00fcr auf die selbstgebauten Rahmen gespannt und trotz klirrender K\u00e4lte gelang heute mit voller Motivation die finale Umsetzung des Projekts.<\/p>\n<p>Die fertigen Werke k\u00f6nnen sich sehen lassen&#8230;<\/p>\n<p><img loading=\"lazy\" decoding=\"async\" src=\"https:\/\/schule-ellenkey.at\/wp-content\/uploads\/2021\/01\/G1-300x225.jpg\" alt=\"\" width=\"939\" height=\"705\" class=\"alignnone wp-image-915\" srcset=\"https:\/\/schule-ellenkey.at\/wp-content\/uploads\/2021\/01\/G1-300x225.jpg 300w, https:\/\/schule-ellenkey.at\/wp-content\/uploads\/2021\/01\/G1-1024x768.jpg 1024w, https:\/\/schule-ellenkey.at\/wp-content\/uploads\/2021\/01\/G1-768x576.jpg 768w, https:\/\/schule-ellenkey.at\/wp-content\/uploads\/2021\/01\/G1-1536x1152.jpg 1536w, https:\/\/schule-ellenkey.at\/wp-content\/uploads\/2021\/01\/G1-2048x1536.jpg 2048w\" sizes=\"(max-width: 939px) 100vw, 939px\" \/><\/p>\n<p><img loading=\"lazy\" decoding=\"async\" src=\"https:\/\/schule-ellenkey.at\/wp-content\/uploads\/2021\/01\/G2-300x225.jpg\" alt=\"\" width=\"939\" height=\"705\" class=\"alignnone wp-image-916\" srcset=\"https:\/\/schule-ellenkey.at\/wp-content\/uploads\/2021\/01\/G2-300x225.jpg 300w, https:\/\/schule-ellenkey.at\/wp-content\/uploads\/2021\/01\/G2-1024x768.jpg 1024w, https:\/\/schule-ellenkey.at\/wp-content\/uploads\/2021\/01\/G2-768x576.jpg 768w, https:\/\/schule-ellenkey.at\/wp-content\/uploads\/2021\/01\/G2-1536x1152.jpg 1536w, https:\/\/schule-ellenkey.at\/wp-content\/uploads\/2021\/01\/G2-2048x1536.jpg 2048w\" sizes=\"(max-width: 939px) 100vw, 939px\" \/><\/p>\n<p><img loading=\"lazy\" decoding=\"async\" src=\"https:\/\/schule-ellenkey.at\/wp-content\/uploads\/2021\/01\/G4-300x225.jpg\" alt=\"\" width=\"939\" height=\"705\" class=\"alignnone wp-image-917\" srcset=\"https:\/\/schule-ellenkey.at\/wp-content\/uploads\/2021\/01\/G4-300x225.jpg 300w, https:\/\/schule-ellenkey.at\/wp-content\/uploads\/2021\/01\/G4-1024x768.jpg 1024w, https:\/\/schule-ellenkey.at\/wp-content\/uploads\/2021\/01\/G4-768x576.jpg 768w, https:\/\/schule-ellenkey.at\/wp-content\/uploads\/2021\/01\/G4-1536x1152.jpg 1536w, https:\/\/schule-ellenkey.at\/wp-content\/uploads\/2021\/01\/G4-2048x1536.jpg 2048w\" sizes=\"(max-width: 939px) 100vw, 939px\" \/><\/p>\n<p><img loading=\"lazy\" decoding=\"async\" src=\"https:\/\/schule-ellenkey.at\/wp-content\/uploads\/2021\/01\/G5-300x225.jpg\" alt=\"\" width=\"939\" height=\"705\" class=\"alignnone wp-image-918\" srcset=\"https:\/\/schule-ellenkey.at\/wp-content\/uploads\/2021\/01\/G5-300x225.jpg 300w, https:\/\/schule-ellenkey.at\/wp-content\/uploads\/2021\/01\/G5-1024x768.jpg 1024w, https:\/\/schule-ellenkey.at\/wp-content\/uploads\/2021\/01\/G5-768x576.jpg 768w, https:\/\/schule-ellenkey.at\/wp-content\/uploads\/2021\/01\/G5-1536x1152.jpg 1536w, https:\/\/schule-ellenkey.at\/wp-content\/uploads\/2021\/01\/G5-2048x1536.jpg 2048w\" sizes=\"(max-width: 939px) 100vw, 939px\" \/><\/p>\n<p><img loading=\"lazy\" decoding=\"async\" src=\"https:\/\/schule-ellenkey.at\/wp-content\/uploads\/2021\/01\/G6-300x225.jpg\" alt=\"\" width=\"939\" height=\"705\" class=\"alignnone wp-image-919\" srcset=\"https:\/\/schule-ellenkey.at\/wp-content\/uploads\/2021\/01\/G6-300x225.jpg 300w, https:\/\/schule-ellenkey.at\/wp-content\/uploads\/2021\/01\/G6-1024x768.jpg 1024w, https:\/\/schule-ellenkey.at\/wp-content\/uploads\/2021\/01\/G6-768x576.jpg 768w, https:\/\/schule-ellenkey.at\/wp-content\/uploads\/2021\/01\/G6-1536x1152.jpg 1536w, https:\/\/schule-ellenkey.at\/wp-content\/uploads\/2021\/01\/G6-2048x1536.jpg 2048w\" sizes=\"(max-width: 939px) 100vw, 939px\" \/><\/p>\n<hr \/>\n<p><strong>23.12.2020<\/strong><\/p>\n<p><span style=\"color: #339966;\"><strong>Weihnachtsferien<\/strong><\/span>: 24.12.2020 &#8211; 06.01.2021<\/p>\n<p><strong><span style=\"color: #339966;\">Ab 07.01.2021 findet an unserer Schule (wie schon im zweiten Lockdown) wieder Pr\u00e4senzunterricht statt!<\/span><\/strong><\/p>\n<p>Das Team der VS &amp; MS Ellen Key w\u00fcnscht allen Sch\u00fcler*innen erholsame Weihnachtsferien und einen gesunden Rutsch in das neue Jahr 2021!<\/p>\n<hr \/>\n<p><strong>11.12.2020<\/strong><\/p>\n<p>Die VS 2 \u00f6ffnet ihre Pforten zur Weihnachtsbackstube. Wie herrlich die Kekse duften!<\/p>\n<p><img loading=\"lazy\" decoding=\"async\" src=\"https:\/\/schule-ellenkey.at\/wp-content\/uploads\/2020\/12\/Kekse_1-300x200.jpg\" alt=\"\" width=\"939\" height=\"626\" class=\"alignnone wp-image-897\" srcset=\"https:\/\/schule-ellenkey.at\/wp-content\/uploads\/2020\/12\/Kekse_1-300x200.jpg 300w, https:\/\/schule-ellenkey.at\/wp-content\/uploads\/2020\/12\/Kekse_1-1024x683.jpg 1024w, https:\/\/schule-ellenkey.at\/wp-content\/uploads\/2020\/12\/Kekse_1-768x512.jpg 768w, https:\/\/schule-ellenkey.at\/wp-content\/uploads\/2020\/12\/Kekse_1-1536x1024.jpg 1536w, https:\/\/schule-ellenkey.at\/wp-content\/uploads\/2020\/12\/Kekse_1-2048x1366.jpg 2048w, https:\/\/schule-ellenkey.at\/wp-content\/uploads\/2020\/12\/Kekse_1-360x240.jpg 360w\" sizes=\"(max-width: 939px) 100vw, 939px\" \/><\/p>\n<p><img loading=\"lazy\" decoding=\"async\" src=\"https:\/\/schule-ellenkey.at\/wp-content\/uploads\/2020\/12\/Kekse_2-300x200.jpg\" alt=\"\" width=\"940\" height=\"626\" class=\"alignnone wp-image-898\" srcset=\"https:\/\/schule-ellenkey.at\/wp-content\/uploads\/2020\/12\/Kekse_2-300x200.jpg 300w, https:\/\/schule-ellenkey.at\/wp-content\/uploads\/2020\/12\/Kekse_2-1024x683.jpg 1024w, https:\/\/schule-ellenkey.at\/wp-content\/uploads\/2020\/12\/Kekse_2-768x512.jpg 768w, https:\/\/schule-ellenkey.at\/wp-content\/uploads\/2020\/12\/Kekse_2-1536x1024.jpg 1536w, https:\/\/schule-ellenkey.at\/wp-content\/uploads\/2020\/12\/Kekse_2-2048x1366.jpg 2048w, https:\/\/schule-ellenkey.at\/wp-content\/uploads\/2020\/12\/Kekse_2-360x240.jpg 360w\" sizes=\"(max-width: 940px) 100vw, 940px\" \/><\/p>\n<p><img loading=\"lazy\" decoding=\"async\" src=\"https:\/\/schule-ellenkey.at\/wp-content\/uploads\/2020\/12\/Kekse_3-1-300x200.jpg\" alt=\"\" width=\"940\" height=\"626\" class=\"alignnone wp-image-906\" srcset=\"https:\/\/schule-ellenkey.at\/wp-content\/uploads\/2020\/12\/Kekse_3-1-300x200.jpg 300w, https:\/\/schule-ellenkey.at\/wp-content\/uploads\/2020\/12\/Kekse_3-1-1024x683.jpg 1024w, https:\/\/schule-ellenkey.at\/wp-content\/uploads\/2020\/12\/Kekse_3-1-768x512.jpg 768w, https:\/\/schule-ellenkey.at\/wp-content\/uploads\/2020\/12\/Kekse_3-1-1536x1024.jpg 1536w, https:\/\/schule-ellenkey.at\/wp-content\/uploads\/2020\/12\/Kekse_3-1-2048x1366.jpg 2048w, https:\/\/schule-ellenkey.at\/wp-content\/uploads\/2020\/12\/Kekse_3-1-360x240.jpg 360w\" sizes=\"(max-width: 940px) 100vw, 940px\" \/><\/p>\n<p><img loading=\"lazy\" decoding=\"async\" src=\"https:\/\/schule-ellenkey.at\/wp-content\/uploads\/2020\/12\/Kekse_4-300x200.jpg\" alt=\"\" width=\"940\" height=\"626\" class=\"alignnone wp-image-900\" srcset=\"https:\/\/schule-ellenkey.at\/wp-content\/uploads\/2020\/12\/Kekse_4-300x200.jpg 300w, https:\/\/schule-ellenkey.at\/wp-content\/uploads\/2020\/12\/Kekse_4-1024x683.jpg 1024w, https:\/\/schule-ellenkey.at\/wp-content\/uploads\/2020\/12\/Kekse_4-768x512.jpg 768w, https:\/\/schule-ellenkey.at\/wp-content\/uploads\/2020\/12\/Kekse_4-1536x1024.jpg 1536w, https:\/\/schule-ellenkey.at\/wp-content\/uploads\/2020\/12\/Kekse_4-2048x1366.jpg 2048w, https:\/\/schule-ellenkey.at\/wp-content\/uploads\/2020\/12\/Kekse_4-360x240.jpg 360w\" sizes=\"(max-width: 940px) 100vw, 940px\" \/><\/p>\n<p>Auch im &#8222;Aufwind&#8220; wurde in der Vorweihnachtszeit flei\u00dfig gebacken und sogar der Adventskranz selbst gebunden&#8230;<\/p>\n<p><img loading=\"lazy\" decoding=\"async\" src=\"https:\/\/schule-ellenkey.at\/wp-content\/uploads\/2021\/01\/WK1-300x200.jpg\" alt=\"\" width=\"939\" height=\"626\" class=\"alignnone wp-image-922\" srcset=\"https:\/\/schule-ellenkey.at\/wp-content\/uploads\/2021\/01\/WK1-300x200.jpg 300w, https:\/\/schule-ellenkey.at\/wp-content\/uploads\/2021\/01\/WK1-1024x683.jpg 1024w, https:\/\/schule-ellenkey.at\/wp-content\/uploads\/2021\/01\/WK1-768x512.jpg 768w, https:\/\/schule-ellenkey.at\/wp-content\/uploads\/2021\/01\/WK1-1536x1024.jpg 1536w, https:\/\/schule-ellenkey.at\/wp-content\/uploads\/2021\/01\/WK1-2048x1366.jpg 2048w, https:\/\/schule-ellenkey.at\/wp-content\/uploads\/2021\/01\/WK1-360x240.jpg 360w\" sizes=\"(max-width: 939px) 100vw, 939px\" \/><\/p>\n<p><img loading=\"lazy\" decoding=\"async\" src=\"https:\/\/schule-ellenkey.at\/wp-content\/uploads\/2021\/01\/AK1-300x200.jpg\" alt=\"\" width=\"939\" height=\"626\" class=\"alignnone wp-image-926\" srcset=\"https:\/\/schule-ellenkey.at\/wp-content\/uploads\/2021\/01\/AK1-300x200.jpg 300w, https:\/\/schule-ellenkey.at\/wp-content\/uploads\/2021\/01\/AK1-1024x683.jpg 1024w, https:\/\/schule-ellenkey.at\/wp-content\/uploads\/2021\/01\/AK1-768x512.jpg 768w, https:\/\/schule-ellenkey.at\/wp-content\/uploads\/2021\/01\/AK1-1536x1024.jpg 1536w, https:\/\/schule-ellenkey.at\/wp-content\/uploads\/2021\/01\/AK1-2048x1366.jpg 2048w, https:\/\/schule-ellenkey.at\/wp-content\/uploads\/2021\/01\/AK1-360x240.jpg 360w\" sizes=\"(max-width: 939px) 100vw, 939px\" \/><\/p>\n<hr \/>\n<p><strong>15.11.2020<\/strong><\/p>\n<p><strong><span style=\"color: #ff0000;\">Covid-19 Update:<\/span><\/strong><\/p>\n<p>Die Entwicklung der Covid-19-Infektionen hat dazu gef\u00fchrt, dass neuerlich ein harter Lockdown in \u00d6sterreich notwendig ist. Ab Dienstag, den 17. November 2020, findet an Volksschulen, Mittelschulen, AHS-Unterstufen und an Polytechnischen Schulen nur mehr ein eingeschr\u00e4nkter Betrieb mit Lernbegleitung statt.<\/p>\n<p><strong><span style=\"color: #339966;\">An der VS &amp; MS Ellen Key findet als Sondererziehungsschule weiterhin Pr\u00e4senzunterricht statt! Es kann in Ausnahmef\u00e4llen aber ein Fernbleiben vom Unterricht von Sch\u00fclern und Sch\u00fclerinnen erteilt werden.<\/span><\/strong><\/p>\n<hr \/>\n<p><strong><span style=\"color: #339966;\">Herbstferien<\/span><\/strong>: 27.10.2020 &#8211; 31.10.2020<\/p>\n<p><strong><span style=\"color: #99cc00;\">Schulfrei<\/span><\/strong>: 01.11.2020 und 02.11.2020 (Allerheiligen und Allerseelen)<\/p>\n<p>Das Team der VS &amp; MS Ellen Key w\u00fcnscht allen Sch\u00fcler*innen entspannte und gesunde freie Tage!<\/p>\n<p>&nbsp;<\/p>\n<p><strong>23.10.2020<\/strong><\/p>\n<p>Beim Pro-Holz Workshop in der VS 2 wurden heute viele spannende Experimente rund um das Thema Holz gemacht. Das Wissen der Sch\u00fcler*innen \u00fcber diesen wunderbaren Stoff aus der Natur wurde vertieft und spielerisch gefestigt.<\/p>\n<p><img loading=\"lazy\" decoding=\"async\" src=\"https:\/\/schule-ellenkey.at\/wp-content\/uploads\/2020\/10\/HW_1-300x180.jpg\" alt=\"\" width=\"940\" height=\"564\" class=\"alignnone wp-image-820\" srcset=\"https:\/\/schule-ellenkey.at\/wp-content\/uploads\/2020\/10\/HW_1-300x180.jpg 300w, https:\/\/schule-ellenkey.at\/wp-content\/uploads\/2020\/10\/HW_1-1024x614.jpg 1024w, https:\/\/schule-ellenkey.at\/wp-content\/uploads\/2020\/10\/HW_1-768x461.jpg 768w, https:\/\/schule-ellenkey.at\/wp-content\/uploads\/2020\/10\/HW_1-1536x921.jpg 1536w, https:\/\/schule-ellenkey.at\/wp-content\/uploads\/2020\/10\/HW_1.jpg 1969w\" sizes=\"(max-width: 940px) 100vw, 940px\" \/><\/p>\n<p><img loading=\"lazy\" decoding=\"async\" src=\"https:\/\/schule-ellenkey.at\/wp-content\/uploads\/2020\/10\/HW_2-300x180.jpg\" alt=\"\" width=\"940\" height=\"564\" class=\"alignnone wp-image-821\" srcset=\"https:\/\/schule-ellenkey.at\/wp-content\/uploads\/2020\/10\/HW_2-300x180.jpg 300w, https:\/\/schule-ellenkey.at\/wp-content\/uploads\/2020\/10\/HW_2-1024x614.jpg 1024w, https:\/\/schule-ellenkey.at\/wp-content\/uploads\/2020\/10\/HW_2-768x461.jpg 768w, https:\/\/schule-ellenkey.at\/wp-content\/uploads\/2020\/10\/HW_2-1536x921.jpg 1536w, https:\/\/schule-ellenkey.at\/wp-content\/uploads\/2020\/10\/HW_2.jpg 1969w\" sizes=\"(max-width: 940px) 100vw, 940px\" \/><\/p>\n<p><img loading=\"lazy\" decoding=\"async\" src=\"https:\/\/schule-ellenkey.at\/wp-content\/uploads\/2020\/10\/HW_3-300x180.jpg\" alt=\"\" width=\"940\" height=\"564\" class=\"alignnone wp-image-822\" srcset=\"https:\/\/schule-ellenkey.at\/wp-content\/uploads\/2020\/10\/HW_3-300x180.jpg 300w, https:\/\/schule-ellenkey.at\/wp-content\/uploads\/2020\/10\/HW_3-1024x614.jpg 1024w, https:\/\/schule-ellenkey.at\/wp-content\/uploads\/2020\/10\/HW_3-768x461.jpg 768w, https:\/\/schule-ellenkey.at\/wp-content\/uploads\/2020\/10\/HW_3-1536x921.jpg 1536w, https:\/\/schule-ellenkey.at\/wp-content\/uploads\/2020\/10\/HW_3.jpg 1969w\" sizes=\"(max-width: 940px) 100vw, 940px\" \/><\/p>\n<p><img loading=\"lazy\" decoding=\"async\" src=\"https:\/\/schule-ellenkey.at\/wp-content\/uploads\/2020\/10\/HW_4-300x180.jpg\" alt=\"\" width=\"940\" height=\"564\" class=\"alignnone wp-image-823\" srcset=\"https:\/\/schule-ellenkey.at\/wp-content\/uploads\/2020\/10\/HW_4-300x180.jpg 300w, https:\/\/schule-ellenkey.at\/wp-content\/uploads\/2020\/10\/HW_4-1024x614.jpg 1024w, https:\/\/schule-ellenkey.at\/wp-content\/uploads\/2020\/10\/HW_4-768x461.jpg 768w, https:\/\/schule-ellenkey.at\/wp-content\/uploads\/2020\/10\/HW_4-1536x921.jpg 1536w, https:\/\/schule-ellenkey.at\/wp-content\/uploads\/2020\/10\/HW_4.jpg 1969w\" sizes=\"(max-width: 940px) 100vw, 940px\" \/><\/p>\n<p>&nbsp;<\/p>\n<p><strong>20.10.2020<\/strong><\/p>\n<p>Heute ging in der VS 2 abermals der &#8222;Vorhang auf&#8220;&#8230; \ud83d\ude42<\/p>\n<p>In spannenden &#8222;jeux dramatiques&#8220; begab sich die Klasse diesmal auf eine abenteuerliche Schatzsuche.<\/p>\n<p><img loading=\"lazy\" decoding=\"async\" src=\"https:\/\/schule-ellenkey.at\/wp-content\/uploads\/2020\/10\/Theater_2_fertig-300x180.jpg\" alt=\"\" width=\"940\" height=\"564\" class=\"alignnone wp-image-819\" srcset=\"https:\/\/schule-ellenkey.at\/wp-content\/uploads\/2020\/10\/Theater_2_fertig-300x180.jpg 300w, https:\/\/schule-ellenkey.at\/wp-content\/uploads\/2020\/10\/Theater_2_fertig-1024x614.jpg 1024w, https:\/\/schule-ellenkey.at\/wp-content\/uploads\/2020\/10\/Theater_2_fertig-768x461.jpg 768w, https:\/\/schule-ellenkey.at\/wp-content\/uploads\/2020\/10\/Theater_2_fertig-1536x921.jpg 1536w, https:\/\/schule-ellenkey.at\/wp-content\/uploads\/2020\/10\/Theater_2_fertig.jpg 1969w\" sizes=\"(max-width: 940px) 100vw, 940px\" \/><\/p>\n<p>&nbsp;<\/p>\n<p><strong>16.10.2020<\/strong><\/p>\n<p>&#8222;Frieden &#8211; was ist das eigentlich?&#8220; Mit dieser wichtigen Frage hat sich die VS 2 im Museum f\u00fcr Geschichte am heutigen Vormittag intensiv besch\u00e4ftigt.<\/p>\n<p><img loading=\"lazy\" decoding=\"async\" src=\"https:\/\/schule-ellenkey.at\/wp-content\/uploads\/2020\/10\/Museum_1-243x300.jpg\" alt=\"\" width=\"939\" height=\"1159\" class=\"alignnone wp-image-814\" \/><\/p>\n<p><img loading=\"lazy\" decoding=\"async\" src=\"https:\/\/schule-ellenkey.at\/wp-content\/uploads\/2020\/10\/Museum_2-300x225.jpg\" alt=\"\" width=\"940\" height=\"705\" class=\"alignnone wp-image-815\" srcset=\"https:\/\/schule-ellenkey.at\/wp-content\/uploads\/2020\/10\/Museum_2-300x225.jpg 300w, https:\/\/schule-ellenkey.at\/wp-content\/uploads\/2020\/10\/Museum_2-1024x768.jpg 1024w, https:\/\/schule-ellenkey.at\/wp-content\/uploads\/2020\/10\/Museum_2-768x576.jpg 768w, https:\/\/schule-ellenkey.at\/wp-content\/uploads\/2020\/10\/Museum_2-1536x1152.jpg 1536w, https:\/\/schule-ellenkey.at\/wp-content\/uploads\/2020\/10\/Museum_2.jpg 1600w\" sizes=\"(max-width: 940px) 100vw, 940px\" \/><\/p>\n<p><img loading=\"lazy\" decoding=\"async\" src=\"https:\/\/schule-ellenkey.at\/wp-content\/uploads\/2020\/10\/Museum_3-300x225.jpg\" alt=\"\" width=\"940\" height=\"705\" class=\"alignnone wp-image-816\" srcset=\"https:\/\/schule-ellenkey.at\/wp-content\/uploads\/2020\/10\/Museum_3-300x225.jpg 300w, https:\/\/schule-ellenkey.at\/wp-content\/uploads\/2020\/10\/Museum_3-1024x768.jpg 1024w, https:\/\/schule-ellenkey.at\/wp-content\/uploads\/2020\/10\/Museum_3-768x576.jpg 768w, https:\/\/schule-ellenkey.at\/wp-content\/uploads\/2020\/10\/Museum_3-1536x1152.jpg 1536w, https:\/\/schule-ellenkey.at\/wp-content\/uploads\/2020\/10\/Museum_3.jpg 1600w\" sizes=\"(max-width: 940px) 100vw, 940px\" \/><\/p>\n<p><img loading=\"lazy\" decoding=\"async\" src=\"https:\/\/schule-ellenkey.at\/wp-content\/uploads\/2020\/10\/Museum_4-300x225.jpg\" alt=\"\" width=\"940\" height=\"705\" class=\"alignnone wp-image-817\" srcset=\"https:\/\/schule-ellenkey.at\/wp-content\/uploads\/2020\/10\/Museum_4-300x225.jpg 300w, https:\/\/schule-ellenkey.at\/wp-content\/uploads\/2020\/10\/Museum_4-1024x768.jpg 1024w, https:\/\/schule-ellenkey.at\/wp-content\/uploads\/2020\/10\/Museum_4-768x576.jpg 768w, https:\/\/schule-ellenkey.at\/wp-content\/uploads\/2020\/10\/Museum_4-1536x1152.jpg 1536w, https:\/\/schule-ellenkey.at\/wp-content\/uploads\/2020\/10\/Museum_4.jpg 1600w\" sizes=\"(max-width: 940px) 100vw, 940px\" \/><\/p>\n<p>&nbsp;<\/p>\n<p><strong>08.10.2020<\/strong><\/p>\n<p>Die VS 2, die MS 1, die MS 2 sowie die M\u00e4dchengruppe wagten sich heute im Kletterpark am Hilmteich in luftige H\u00f6hen. Ganz sch\u00f6n mutig&#8230;\u00a0 \ud83d\ude42<\/p>\n<p><img loading=\"lazy\" decoding=\"async\" src=\"https:\/\/schule-ellenkey.at\/wp-content\/uploads\/2020\/10\/Klett_1-225x300.jpg\" alt=\"\" width=\"940\" height=\"1253\" class=\"alignnone wp-image-807\" srcset=\"https:\/\/schule-ellenkey.at\/wp-content\/uploads\/2020\/10\/Klett_1-225x300.jpg 225w, https:\/\/schule-ellenkey.at\/wp-content\/uploads\/2020\/10\/Klett_1-768x1024.jpg 768w, https:\/\/schule-ellenkey.at\/wp-content\/uploads\/2020\/10\/Klett_1-1152x1536.jpg 1152w, https:\/\/schule-ellenkey.at\/wp-content\/uploads\/2020\/10\/Klett_1.jpg 1200w\" sizes=\"(max-width: 940px) 100vw, 940px\" \/><img loading=\"lazy\" decoding=\"async\" src=\"https:\/\/schule-ellenkey.at\/wp-content\/uploads\/2020\/10\/Klett_2-225x300.jpg\" alt=\"\" width=\"940\" height=\"1253\" class=\"alignnone wp-image-808\" srcset=\"https:\/\/schule-ellenkey.at\/wp-content\/uploads\/2020\/10\/Klett_2-225x300.jpg 225w, https:\/\/schule-ellenkey.at\/wp-content\/uploads\/2020\/10\/Klett_2-768x1024.jpg 768w, https:\/\/schule-ellenkey.at\/wp-content\/uploads\/2020\/10\/Klett_2-1152x1536.jpg 1152w, https:\/\/schule-ellenkey.at\/wp-content\/uploads\/2020\/10\/Klett_2.jpg 1200w\" sizes=\"(max-width: 940px) 100vw, 940px\" \/><img loading=\"lazy\" decoding=\"async\" src=\"https:\/\/schule-ellenkey.at\/wp-content\/uploads\/2020\/10\/Klett_3-225x300.jpg\" alt=\"\" width=\"940\" height=\"1253\" class=\"alignnone wp-image-809\" srcset=\"https:\/\/schule-ellenkey.at\/wp-content\/uploads\/2020\/10\/Klett_3-225x300.jpg 225w, https:\/\/schule-ellenkey.at\/wp-content\/uploads\/2020\/10\/Klett_3-768x1024.jpg 768w, https:\/\/schule-ellenkey.at\/wp-content\/uploads\/2020\/10\/Klett_3-1152x1536.jpg 1152w, https:\/\/schule-ellenkey.at\/wp-content\/uploads\/2020\/10\/Klett_3.jpg 1200w\" sizes=\"(max-width: 940px) 100vw, 940px\" \/><img loading=\"lazy\" decoding=\"async\" src=\"https:\/\/schule-ellenkey.at\/wp-content\/uploads\/2020\/10\/Klett_4-225x300.jpg\" alt=\"\" width=\"940\" height=\"1253\" class=\"alignnone wp-image-810\" srcset=\"https:\/\/schule-ellenkey.at\/wp-content\/uploads\/2020\/10\/Klett_4-225x300.jpg 225w, https:\/\/schule-ellenkey.at\/wp-content\/uploads\/2020\/10\/Klett_4-768x1024.jpg 768w, https:\/\/schule-ellenkey.at\/wp-content\/uploads\/2020\/10\/Klett_4-1152x1536.jpg 1152w, https:\/\/schule-ellenkey.at\/wp-content\/uploads\/2020\/10\/Klett_4.jpg 1200w\" sizes=\"(max-width: 940px) 100vw, 940px\" \/><img loading=\"lazy\" decoding=\"async\" src=\"https:\/\/schule-ellenkey.at\/wp-content\/uploads\/2020\/10\/Klett_5-225x300.jpg\" alt=\"\" width=\"940\" height=\"1253\" class=\"alignnone wp-image-811\" srcset=\"https:\/\/schule-ellenkey.at\/wp-content\/uploads\/2020\/10\/Klett_5-225x300.jpg 225w, https:\/\/schule-ellenkey.at\/wp-content\/uploads\/2020\/10\/Klett_5-768x1024.jpg 768w, https:\/\/schule-ellenkey.at\/wp-content\/uploads\/2020\/10\/Klett_5-1152x1536.jpg 1152w, https:\/\/schule-ellenkey.at\/wp-content\/uploads\/2020\/10\/Klett_5.jpg 1200w\" sizes=\"(max-width: 940px) 100vw, 940px\" \/><\/p>\n<p>&nbsp;<\/p>\n<p><strong>01.10.2020<\/strong><\/p>\n<p>Frei nach dem Motto &#8222;alles Gl\u00fcck dieser Erde liegt auf dem R\u00fccken der Pferde&#8220; erlebte die VS 2 heute bei strahlendem Sonnenschein einen unvergesslichen Reitausflug.<\/p>\n<p><img loading=\"lazy\" decoding=\"async\" src=\"https:\/\/schule-ellenkey.at\/wp-content\/uploads\/2020\/10\/Pferd_0-300x200.jpg\" alt=\"\" width=\"940\" height=\"626\" class=\"alignnone wp-image-799\" srcset=\"https:\/\/schule-ellenkey.at\/wp-content\/uploads\/2020\/10\/Pferd_0-300x200.jpg 300w, https:\/\/schule-ellenkey.at\/wp-content\/uploads\/2020\/10\/Pferd_0-1024x683.jpg 1024w, https:\/\/schule-ellenkey.at\/wp-content\/uploads\/2020\/10\/Pferd_0-768x512.jpg 768w, https:\/\/schule-ellenkey.at\/wp-content\/uploads\/2020\/10\/Pferd_0-1536x1024.jpg 1536w, https:\/\/schule-ellenkey.at\/wp-content\/uploads\/2020\/10\/Pferd_0-2048x1366.jpg 2048w, https:\/\/schule-ellenkey.at\/wp-content\/uploads\/2020\/10\/Pferd_0-360x240.jpg 360w\" sizes=\"(max-width: 940px) 100vw, 940px\" \/><\/p>\n<p><img loading=\"lazy\" decoding=\"async\" src=\"https:\/\/schule-ellenkey.at\/wp-content\/uploads\/2020\/10\/Pferd_2-300x200.jpg\" alt=\"\" width=\"940\" height=\"626\" class=\"alignnone wp-image-800\" srcset=\"https:\/\/schule-ellenkey.at\/wp-content\/uploads\/2020\/10\/Pferd_2-300x200.jpg 300w, https:\/\/schule-ellenkey.at\/wp-content\/uploads\/2020\/10\/Pferd_2-1024x683.jpg 1024w, https:\/\/schule-ellenkey.at\/wp-content\/uploads\/2020\/10\/Pferd_2-768x512.jpg 768w, https:\/\/schule-ellenkey.at\/wp-content\/uploads\/2020\/10\/Pferd_2-1536x1024.jpg 1536w, https:\/\/schule-ellenkey.at\/wp-content\/uploads\/2020\/10\/Pferd_2-2048x1366.jpg 2048w, https:\/\/schule-ellenkey.at\/wp-content\/uploads\/2020\/10\/Pferd_2-360x240.jpg 360w\" sizes=\"(max-width: 940px) 100vw, 940px\" \/><\/p>\n<p><img loading=\"lazy\" decoding=\"async\" src=\"https:\/\/schule-ellenkey.at\/wp-content\/uploads\/2020\/10\/Pferd_3-300x200.jpg\" alt=\"\" width=\"940\" height=\"626\" class=\"alignnone wp-image-801\" srcset=\"https:\/\/schule-ellenkey.at\/wp-content\/uploads\/2020\/10\/Pferd_3-300x200.jpg 300w, https:\/\/schule-ellenkey.at\/wp-content\/uploads\/2020\/10\/Pferd_3-1024x683.jpg 1024w, https:\/\/schule-ellenkey.at\/wp-content\/uploads\/2020\/10\/Pferd_3-768x512.jpg 768w, https:\/\/schule-ellenkey.at\/wp-content\/uploads\/2020\/10\/Pferd_3-1536x1024.jpg 1536w, https:\/\/schule-ellenkey.at\/wp-content\/uploads\/2020\/10\/Pferd_3-2048x1366.jpg 2048w, https:\/\/schule-ellenkey.at\/wp-content\/uploads\/2020\/10\/Pferd_3-360x240.jpg 360w\" sizes=\"(max-width: 940px) 100vw, 940px\" \/><\/p>\n<p><img loading=\"lazy\" decoding=\"async\" src=\"https:\/\/schule-ellenkey.at\/wp-content\/uploads\/2020\/10\/Pferd_7-300x200.jpg\" alt=\"\" width=\"940\" height=\"626\" class=\"alignnone wp-image-803\" srcset=\"https:\/\/schule-ellenkey.at\/wp-content\/uploads\/2020\/10\/Pferd_7-300x200.jpg 300w, https:\/\/schule-ellenkey.at\/wp-content\/uploads\/2020\/10\/Pferd_7-1024x683.jpg 1024w, https:\/\/schule-ellenkey.at\/wp-content\/uploads\/2020\/10\/Pferd_7-768x512.jpg 768w, https:\/\/schule-ellenkey.at\/wp-content\/uploads\/2020\/10\/Pferd_7-1536x1024.jpg 1536w, https:\/\/schule-ellenkey.at\/wp-content\/uploads\/2020\/10\/Pferd_7-2048x1366.jpg 2048w, https:\/\/schule-ellenkey.at\/wp-content\/uploads\/2020\/10\/Pferd_7-360x240.jpg 360w\" sizes=\"(max-width: 940px) 100vw, 940px\" \/><\/p>\n<p><img loading=\"lazy\" decoding=\"async\" src=\"https:\/\/schule-ellenkey.at\/wp-content\/uploads\/2020\/10\/Pferd7-300x200.jpg\" alt=\"\" width=\"940\" height=\"626\" class=\"alignnone wp-image-804\" srcset=\"https:\/\/schule-ellenkey.at\/wp-content\/uploads\/2020\/10\/Pferd7-300x200.jpg 300w, https:\/\/schule-ellenkey.at\/wp-content\/uploads\/2020\/10\/Pferd7-1024x683.jpg 1024w, https:\/\/schule-ellenkey.at\/wp-content\/uploads\/2020\/10\/Pferd7-768x512.jpg 768w, https:\/\/schule-ellenkey.at\/wp-content\/uploads\/2020\/10\/Pferd7-1536x1024.jpg 1536w, https:\/\/schule-ellenkey.at\/wp-content\/uploads\/2020\/10\/Pferd7-2048x1366.jpg 2048w, https:\/\/schule-ellenkey.at\/wp-content\/uploads\/2020\/10\/Pferd7-360x240.jpg 360w\" sizes=\"(max-width: 940px) 100vw, 940px\" \/><\/p>\n<p>&nbsp;<\/p>\n<p><strong>28.09.2020<\/strong><\/p>\n<p>Heute wurde es in der VS 2 richtig &#8222;dramatisch&#8220; \ud83d\ude09<\/p>\n<p>In spannenden &#8222;jeux dramatiques&#8220; begab sich die Klasse auf eine Zeitreise in die Welt der Dinosaurier&#8230; Vorhang auf!<\/p>\n<p><img loading=\"lazy\" decoding=\"async\" src=\"https:\/\/schule-ellenkey.at\/wp-content\/uploads\/2020\/09\/Theater_2-300x200.jpg\" alt=\"\" width=\"940\" height=\"626\" class=\"alignnone wp-image-794\" srcset=\"https:\/\/schule-ellenkey.at\/wp-content\/uploads\/2020\/09\/Theater_2-300x200.jpg 300w, https:\/\/schule-ellenkey.at\/wp-content\/uploads\/2020\/09\/Theater_2-1024x683.jpg 1024w, https:\/\/schule-ellenkey.at\/wp-content\/uploads\/2020\/09\/Theater_2-768x512.jpg 768w, https:\/\/schule-ellenkey.at\/wp-content\/uploads\/2020\/09\/Theater_2-1536x1024.jpg 1536w, https:\/\/schule-ellenkey.at\/wp-content\/uploads\/2020\/09\/Theater_2-360x240.jpg 360w, https:\/\/schule-ellenkey.at\/wp-content\/uploads\/2020\/09\/Theater_2.jpg 1701w\" sizes=\"(max-width: 940px) 100vw, 940px\" \/><\/p>\n<p><img loading=\"lazy\" decoding=\"async\" src=\"https:\/\/schule-ellenkey.at\/wp-content\/uploads\/2020\/09\/Theater_3-300x200.jpg\" alt=\"\" width=\"939\" height=\"626\" class=\"alignnone wp-image-795\" srcset=\"https:\/\/schule-ellenkey.at\/wp-content\/uploads\/2020\/09\/Theater_3-300x200.jpg 300w, https:\/\/schule-ellenkey.at\/wp-content\/uploads\/2020\/09\/Theater_3-1024x683.jpg 1024w, https:\/\/schule-ellenkey.at\/wp-content\/uploads\/2020\/09\/Theater_3-768x512.jpg 768w, https:\/\/schule-ellenkey.at\/wp-content\/uploads\/2020\/09\/Theater_3-1536x1024.jpg 1536w, https:\/\/schule-ellenkey.at\/wp-content\/uploads\/2020\/09\/Theater_3-360x240.jpg 360w, https:\/\/schule-ellenkey.at\/wp-content\/uploads\/2020\/09\/Theater_3.jpg 1701w\" sizes=\"(max-width: 939px) 100vw, 939px\" \/><\/p>\n<p><img loading=\"lazy\" decoding=\"async\" src=\"https:\/\/schule-ellenkey.at\/wp-content\/uploads\/2020\/09\/Theater_4-300x200.jpg\" alt=\"\" width=\"939\" height=\"626\" class=\"alignnone wp-image-796\" srcset=\"https:\/\/schule-ellenkey.at\/wp-content\/uploads\/2020\/09\/Theater_4-300x200.jpg 300w, https:\/\/schule-ellenkey.at\/wp-content\/uploads\/2020\/09\/Theater_4-1024x683.jpg 1024w, https:\/\/schule-ellenkey.at\/wp-content\/uploads\/2020\/09\/Theater_4-768x512.jpg 768w, https:\/\/schule-ellenkey.at\/wp-content\/uploads\/2020\/09\/Theater_4-1536x1024.jpg 1536w, https:\/\/schule-ellenkey.at\/wp-content\/uploads\/2020\/09\/Theater_4-360x240.jpg 360w, https:\/\/schule-ellenkey.at\/wp-content\/uploads\/2020\/09\/Theater_4.jpg 1701w\" sizes=\"(max-width: 939px) 100vw, 939px\" \/><\/p>\n<p><img loading=\"lazy\" decoding=\"async\" src=\"https:\/\/schule-ellenkey.at\/wp-content\/uploads\/2020\/09\/Theater_1-225x300.jpg\" alt=\"\" width=\"940\" height=\"1252\" class=\"alignnone wp-image-797\" srcset=\"https:\/\/schule-ellenkey.at\/wp-content\/uploads\/2020\/09\/Theater_1-225x300.jpg 225w, https:\/\/schule-ellenkey.at\/wp-content\/uploads\/2020\/09\/Theater_1-768x1024.jpg 768w, https:\/\/schule-ellenkey.at\/wp-content\/uploads\/2020\/09\/Theater_1-1152x1536.jpg 1152w, https:\/\/schule-ellenkey.at\/wp-content\/uploads\/2020\/09\/Theater_1.jpg 1200w\" sizes=\"(max-width: 940px) 100vw, 940px\" \/><\/p>\n<p>&nbsp;<\/p>\n<p><strong>24.09.2020<\/strong><\/p>\n<p>Die VS 2 machte heute den Europaspielplatz in Eggenberg unsicher&#8230;\u00a0 \ud83d\ude09<\/p>\n<p><img loading=\"lazy\" decoding=\"async\" src=\"https:\/\/schule-ellenkey.at\/wp-content\/uploads\/2020\/09\/Spielplatz_1-300x200.jpg\" alt=\"\" width=\"940\" height=\"626\" class=\"alignnone wp-image-783\" srcset=\"https:\/\/schule-ellenkey.at\/wp-content\/uploads\/2020\/09\/Spielplatz_1-300x200.jpg 300w, https:\/\/schule-ellenkey.at\/wp-content\/uploads\/2020\/09\/Spielplatz_1-1024x683.jpg 1024w, https:\/\/schule-ellenkey.at\/wp-content\/uploads\/2020\/09\/Spielplatz_1-768x512.jpg 768w, https:\/\/schule-ellenkey.at\/wp-content\/uploads\/2020\/09\/Spielplatz_1-1536x1024.jpg 1536w, https:\/\/schule-ellenkey.at\/wp-content\/uploads\/2020\/09\/Spielplatz_1-2048x1366.jpg 2048w, https:\/\/schule-ellenkey.at\/wp-content\/uploads\/2020\/09\/Spielplatz_1-360x240.jpg 360w\" sizes=\"(max-width: 940px) 100vw, 940px\" \/><\/p>\n<p><img loading=\"lazy\" decoding=\"async\" src=\"https:\/\/schule-ellenkey.at\/wp-content\/uploads\/2020\/09\/Spielplatz_2-300x200.jpg\" alt=\"\" width=\"940\" height=\"626\" class=\"alignnone wp-image-784\" srcset=\"https:\/\/schule-ellenkey.at\/wp-content\/uploads\/2020\/09\/Spielplatz_2-300x200.jpg 300w, https:\/\/schule-ellenkey.at\/wp-content\/uploads\/2020\/09\/Spielplatz_2-1024x683.jpg 1024w, https:\/\/schule-ellenkey.at\/wp-content\/uploads\/2020\/09\/Spielplatz_2-768x512.jpg 768w, https:\/\/schule-ellenkey.at\/wp-content\/uploads\/2020\/09\/Spielplatz_2-1536x1024.jpg 1536w, https:\/\/schule-ellenkey.at\/wp-content\/uploads\/2020\/09\/Spielplatz_2-2048x1366.jpg 2048w, https:\/\/schule-ellenkey.at\/wp-content\/uploads\/2020\/09\/Spielplatz_2-360x240.jpg 360w\" sizes=\"(max-width: 940px) 100vw, 940px\" \/><\/p>\n<p><img loading=\"lazy\" decoding=\"async\" src=\"https:\/\/schule-ellenkey.at\/wp-content\/uploads\/2020\/09\/Spielplatz_3-225x300.jpg\" alt=\"\" width=\"940\" height=\"1254\" class=\"alignnone wp-image-790\" srcset=\"https:\/\/schule-ellenkey.at\/wp-content\/uploads\/2020\/09\/Spielplatz_3-225x300.jpg 225w, https:\/\/schule-ellenkey.at\/wp-content\/uploads\/2020\/09\/Spielplatz_3-768x1024.jpg 768w, https:\/\/schule-ellenkey.at\/wp-content\/uploads\/2020\/09\/Spielplatz_3-1152x1536.jpg 1152w, https:\/\/schule-ellenkey.at\/wp-content\/uploads\/2020\/09\/Spielplatz_3.jpg 1200w\" sizes=\"(max-width: 940px) 100vw, 940px\" \/><\/p>\n<p>&nbsp;<\/p>\n<p><strong>22.09.2020<\/strong><\/p>\n<p>Die VS 2 erlebte heute einen spannenden und abenteuerlichen Wandertag bei herrlichem Wetter im Leechwald.<\/p>\n<p><img loading=\"lazy\" decoding=\"async\" src=\"https:\/\/schule-ellenkey.at\/wp-content\/uploads\/2020\/09\/Leechwald_1-200x300.jpg\" alt=\"\" width=\"940\" height=\"1410\" class=\"alignnone wp-image-778\" srcset=\"https:\/\/schule-ellenkey.at\/wp-content\/uploads\/2020\/09\/Leechwald_1-200x300.jpg 200w, https:\/\/schule-ellenkey.at\/wp-content\/uploads\/2020\/09\/Leechwald_1-683x1024.jpg 683w, https:\/\/schule-ellenkey.at\/wp-content\/uploads\/2020\/09\/Leechwald_1-768x1152.jpg 768w, https:\/\/schule-ellenkey.at\/wp-content\/uploads\/2020\/09\/Leechwald_1-1024x1536.jpg 1024w, https:\/\/schule-ellenkey.at\/wp-content\/uploads\/2020\/09\/Leechwald_1.jpg 1134w\" sizes=\"(max-width: 940px) 100vw, 940px\" \/><img loading=\"lazy\" decoding=\"async\" src=\"https:\/\/schule-ellenkey.at\/wp-content\/uploads\/2020\/09\/Leechwald_Aktuell_2-200x300.jpg\" alt=\"\" width=\"940\" height=\"1410\" class=\"alignnone wp-image-779\" srcset=\"https:\/\/schule-ellenkey.at\/wp-content\/uploads\/2020\/09\/Leechwald_Aktuell_2-200x300.jpg 200w, https:\/\/schule-ellenkey.at\/wp-content\/uploads\/2020\/09\/Leechwald_Aktuell_2-683x1024.jpg 683w, https:\/\/schule-ellenkey.at\/wp-content\/uploads\/2020\/09\/Leechwald_Aktuell_2-768x1152.jpg 768w, https:\/\/schule-ellenkey.at\/wp-content\/uploads\/2020\/09\/Leechwald_Aktuell_2-1024x1536.jpg 1024w, https:\/\/schule-ellenkey.at\/wp-content\/uploads\/2020\/09\/Leechwald_Aktuell_2.jpg 1134w\" sizes=\"(max-width: 940px) 100vw, 940px\" \/><img loading=\"lazy\" decoding=\"async\" src=\"https:\/\/schule-ellenkey.at\/wp-content\/uploads\/2020\/09\/Leechwald_Aktuell-200x300.jpg\" alt=\"\" width=\"940\" height=\"1410\" class=\"alignnone wp-image-780\" srcset=\"https:\/\/schule-ellenkey.at\/wp-content\/uploads\/2020\/09\/Leechwald_Aktuell-200x300.jpg 200w, https:\/\/schule-ellenkey.at\/wp-content\/uploads\/2020\/09\/Leechwald_Aktuell-683x1024.jpg 683w, https:\/\/schule-ellenkey.at\/wp-content\/uploads\/2020\/09\/Leechwald_Aktuell-768x1152.jpg 768w, https:\/\/schule-ellenkey.at\/wp-content\/uploads\/2020\/09\/Leechwald_Aktuell-1024x1536.jpg 1024w, https:\/\/schule-ellenkey.at\/wp-content\/uploads\/2020\/09\/Leechwald_Aktuell.jpg 1134w\" sizes=\"(max-width: 940px) 100vw, 940px\" \/><\/p>\n<p>Auch die Klasse im &#8222;Aufwind&#8220; erlebte den Wald mit allen Sinnen&#8230;<\/p>\n<p><img loading=\"lazy\" decoding=\"async\" src=\"https:\/\/schule-ellenkey.at\/wp-content\/uploads\/2021\/01\/WT1-300x225.jpg\" alt=\"\" width=\"940\" height=\"706\" class=\"alignnone wp-image-923\" srcset=\"https:\/\/schule-ellenkey.at\/wp-content\/uploads\/2021\/01\/WT1-300x225.jpg 300w, https:\/\/schule-ellenkey.at\/wp-content\/uploads\/2021\/01\/WT1-1024x768.jpg 1024w, https:\/\/schule-ellenkey.at\/wp-content\/uploads\/2021\/01\/WT1-768x576.jpg 768w, https:\/\/schule-ellenkey.at\/wp-content\/uploads\/2021\/01\/WT1-1536x1152.jpg 1536w, https:\/\/schule-ellenkey.at\/wp-content\/uploads\/2021\/01\/WT1-2048x1536.jpg 2048w\" sizes=\"(max-width: 940px) 100vw, 940px\" \/><\/p>\n<p><strong>10.09.2020<\/strong><\/p>\n<p>Liebe Eltern, liebe Erziehungsberechtigte!<\/p>\n<p>Nach einem sehr herausfordernden Sommersemester und hoffentlich erholsamen Ferien f\u00fcr Sie und Ihre Kinder starten wir am <strong>Montag, den 14.09.2020<\/strong> in das neue Schuljahr 2020\/21.<\/p>\n<p>Die Herausforderungen sind leider nicht kleiner geworden. Unser vorrangigstes Ziel ist, Ihren Kindern ein m\u00f6glichst entspanntes, aber auch ertragreiches Schuljahr zu erm\u00f6glichen.<\/p>\n<p>Um die Ansteckungsgefahr in Schulen so gering wie m\u00f6glich zu halten, sind folgende Hygienema\u00dfnahmen grunds\u00e4tzlich einzuhalten:<\/p>\n<ul>\n<li><strong><span style=\"color: #339966;\">Regelm\u00e4\u00dfiges Waschen und Desinfizieren der H\u00e4nde<\/span><\/strong><\/li>\n<li><strong><span style=\"color: #339966;\">Abst\u00e4nde einhalten<\/span><\/strong><\/li>\n<li><strong><span style=\"color: #339966;\">Atem- und Hustenhygiene einhalten<\/span><\/strong><\/li>\n<li><strong><span style=\"color: #339966;\">Regelm\u00e4\u00dfiges Intervalll\u00fcften der Klassenr\u00e4ume (alle 20 Minuten)<\/span><\/strong><\/li>\n<\/ul>\n<p><span style=\"color: #000000;\">Um neuerliche Schulschlie\u00dfungen zu verhindern, wurde die <strong>&#8222;Corona-Ampel&#8220;<\/strong> eingef\u00fchrt. Sie beinhaltet einen Stufenplan, der regionale Ma\u00dfnahmen vorschreibt.<\/span><\/p>\n<p><strong>Graz ist aktuell auf <span style=\"color: #000000;\">&#8222;gelb&#8220;<\/span> geschaltet. <\/strong>Das bedeutet folgende verst\u00e4rkte Hygienebestimmungen:<\/p>\n<ul>\n<li><strong><span style=\"color: #339966;\">Generelle Maskenpflicht f\u00fcr alle Personen beim Betreten des Schulgeb\u00e4udes und auf den G\u00e4ngen. In der Klasse k\u00f6nnen die Masken abgenommen werden<\/span><\/strong><\/li>\n<li><strong><span style=\"color: #339966;\">Maskenpflicht f\u00fcr alle schulfremden Personen<\/span><\/strong><\/li>\n<li><strong><span style=\"color: #339966;\">Sportunterricht vorwiegend im Freien<\/span><\/strong><\/li>\n<li><strong><span style=\"color: #339966;\">Singen nur im Freien oder mit Maske<\/span><\/strong><\/li>\n<\/ul>\n<p>Trotz der erschwerten Bedingungen freuen wir uns auf das neue Schuljahr und auf die Arbeit mit Ihren Kindern.<\/p>\n<p>Auf eine gute Zusammenarbeit und<\/p>\n<p>mit freundlichen Gr\u00fc\u00dfen<\/p>\n<p>Gernot Lenk f\u00fcr das Team der VS &amp; MS Ellen Key<\/p>\n<p>&nbsp;<\/p>\n<p><strong>Unterrichtszeiten in der 1. Schulwoche:<\/strong><\/p>\n<p><strong>Montag<\/strong>: bis 09:30 Uhr<\/p>\n<p><strong>Dienstag<\/strong>: bis 11:40 Uhr<\/p>\n<p><strong>ab Mittwoch<\/strong>: Unterricht laut Stundenplan<\/p>\n<hr \/>\n<p><strong>Letzter Schultag im Schuljahr 2019\/20<\/strong>: Freitag, 10.07.2020<\/p>\n<p><strong>Sommerferien<\/strong>: 11.07. &#8211; 13.09.2020<\/p>\n<p><strong>Erster Schultag im Schuljahr 2020\/21<\/strong>: Montag, 14.09.2020<\/p>\n<p>Das Team der VS &amp; NMS Ellen Key w\u00fcnscht allen Sch\u00fclern und Sch\u00fclerinnen einen erholsamen und gesunden Sommer!<\/p>\n<p>&nbsp;<\/p>\n<p><strong>08.07.2020<\/strong><\/p>\n<p>Bei sommerlichen Temperaturen kann man sich in der Rettenbachklamm herrlich abk\u00fchlen. Die VS 2 konnte den Ausflug heute sichtlich genie\u00dfen.<\/p>\n<p><img loading=\"lazy\" decoding=\"async\" src=\"https:\/\/schule-ellenkey.at\/wp-content\/uploads\/2020\/07\/Klamm_1-231x300.jpg\" alt=\"\" width=\"940\" height=\"1222\" class=\"alignnone wp-image-741\" \/><img loading=\"lazy\" decoding=\"async\" src=\"https:\/\/schule-ellenkey.at\/wp-content\/uploads\/2020\/07\/Klamm_2-300x208.jpg\" alt=\"\" width=\"940\" height=\"652\" class=\"alignnone wp-image-742\" srcset=\"https:\/\/schule-ellenkey.at\/wp-content\/uploads\/2020\/07\/Klamm_2-300x208.jpg 300w, https:\/\/schule-ellenkey.at\/wp-content\/uploads\/2020\/07\/Klamm_2-1024x709.jpg 1024w, https:\/\/schule-ellenkey.at\/wp-content\/uploads\/2020\/07\/Klamm_2-768x532.jpg 768w, https:\/\/schule-ellenkey.at\/wp-content\/uploads\/2020\/07\/Klamm_2-1536x1064.jpg 1536w, https:\/\/schule-ellenkey.at\/wp-content\/uploads\/2020\/07\/Klamm_2.jpg 1558w\" sizes=\"(max-width: 940px) 100vw, 940px\" \/><\/p>\n<p>&nbsp;<\/p>\n<p><strong>06.07.2020<\/strong><\/p>\n<p>Die VS 2 besuchte heute den Motorikpark Gamlitz. Es war ein sonniger, lustiger und beweglicher Vormittag!<\/p>\n<p><img loading=\"lazy\" decoding=\"async\" src=\"https:\/\/schule-ellenkey.at\/wp-content\/uploads\/2020\/07\/MP_1-300x279.jpg\" alt=\"\" width=\"940\" height=\"873\" class=\"alignnone wp-image-720\" srcset=\"https:\/\/schule-ellenkey.at\/wp-content\/uploads\/2020\/07\/MP_1-300x279.jpg 300w, https:\/\/schule-ellenkey.at\/wp-content\/uploads\/2020\/07\/MP_1.jpg 497w\" sizes=\"(max-width: 940px) 100vw, 940px\" \/><img loading=\"lazy\" decoding=\"async\" src=\"https:\/\/schule-ellenkey.at\/wp-content\/uploads\/2020\/07\/MP_2-225x300.jpg\" alt=\"\" width=\"940\" height=\"1252\" class=\"wp-image-721 alignnone\" srcset=\"https:\/\/schule-ellenkey.at\/wp-content\/uploads\/2020\/07\/MP_2-225x300.jpg 225w, https:\/\/schule-ellenkey.at\/wp-content\/uploads\/2020\/07\/MP_2-768x1024.jpg 768w, https:\/\/schule-ellenkey.at\/wp-content\/uploads\/2020\/07\/MP_2-1152x1536.jpg 1152w, https:\/\/schule-ellenkey.at\/wp-content\/uploads\/2020\/07\/MP_2.jpg 1200w\" sizes=\"(max-width: 940px) 100vw, 940px\" \/><img loading=\"lazy\" decoding=\"async\" src=\"https:\/\/schule-ellenkey.at\/wp-content\/uploads\/2020\/07\/MP_3-225x300.jpg\" alt=\"\" width=\"940\" height=\"1252\" class=\"alignnone wp-image-722\" srcset=\"https:\/\/schule-ellenkey.at\/wp-content\/uploads\/2020\/07\/MP_3-225x300.jpg 225w, https:\/\/schule-ellenkey.at\/wp-content\/uploads\/2020\/07\/MP_3-768x1024.jpg 768w, https:\/\/schule-ellenkey.at\/wp-content\/uploads\/2020\/07\/MP_3-1152x1536.jpg 1152w, https:\/\/schule-ellenkey.at\/wp-content\/uploads\/2020\/07\/MP_3.jpg 1200w\" sizes=\"(max-width: 940px) 100vw, 940px\" \/><\/p>\n<p>&nbsp;<\/p>\n<p><strong>03.07.2020<\/strong><\/p>\n<p>Die VS 2 nutzte das sommerliche Wetter f\u00fcr einen kleinen Ausflug zum Schloss Eggenberg. Wir bekamen zuerst eine spannende F\u00fchrung durch das Schloss und erkundeten dann den dazugeh\u00f6rigen Park samt Spielplatz.<\/p>\n<p><img loading=\"lazy\" decoding=\"async\" src=\"https:\/\/schule-ellenkey.at\/wp-content\/uploads\/2020\/07\/EB_1-300x226.jpg\" alt=\"\" width=\"940\" height=\"708\" class=\"alignnone wp-image-726\" srcset=\"https:\/\/schule-ellenkey.at\/wp-content\/uploads\/2020\/07\/EB_1-300x226.jpg 300w, https:\/\/schule-ellenkey.at\/wp-content\/uploads\/2020\/07\/EB_1.jpg 756w\" sizes=\"(max-width: 940px) 100vw, 940px\" \/><img loading=\"lazy\" decoding=\"async\" src=\"https:\/\/schule-ellenkey.at\/wp-content\/uploads\/2020\/07\/EB_2-300x208.jpg\" alt=\"\" width=\"940\" height=\"652\" class=\"alignnone wp-image-727\" srcset=\"https:\/\/schule-ellenkey.at\/wp-content\/uploads\/2020\/07\/EB_2-300x208.jpg 300w, https:\/\/schule-ellenkey.at\/wp-content\/uploads\/2020\/07\/EB_2.jpg 756w\" sizes=\"(max-width: 940px) 100vw, 940px\" \/><\/p>\n<p>&nbsp;<\/p>\n<p><strong>Pro-Holz Workshop Juni 2020<\/strong><\/p>\n<p>Frau Veronika Peinelt kam mit vielen spannenden Experimenten zu uns an die VS &amp; NMS Ellen Key. Spielerisch erarbeitete sie an verschiedenen Tagen mit der VS 1, der VS 2 und der NMS 1 die Themen Wald, Holz, Papier, Nachhaltigkeit und Klimaschutz. Dabei wurde Holz mit allen Sinnen erkundet und unter anderem gemeinsam eine Leonardo-Br\u00fccke gebaut.<\/p>\n<p><img loading=\"lazy\" decoding=\"async\" src=\"https:\/\/schule-ellenkey.at\/wp-content\/uploads\/2020\/07\/HWS_1-215x300.jpg\" alt=\"\" width=\"939\" height=\"1309\" class=\" wp-image-730\" \/><\/p>\n<p><img loading=\"lazy\" decoding=\"async\" src=\"https:\/\/schule-ellenkey.at\/wp-content\/uploads\/2020\/07\/HWS_2-300x225.jpg\" alt=\"\" width=\"940\" height=\"705\" class=\" wp-image-731\" srcset=\"https:\/\/schule-ellenkey.at\/wp-content\/uploads\/2020\/07\/HWS_2-300x225.jpg 300w, https:\/\/schule-ellenkey.at\/wp-content\/uploads\/2020\/07\/HWS_2.jpg 567w\" sizes=\"(max-width: 940px) 100vw, 940px\" \/><\/p>\n<p><img loading=\"lazy\" decoding=\"async\" src=\"https:\/\/schule-ellenkey.at\/wp-content\/uploads\/2020\/07\/HWS_3-215x300.jpg\" width=\"940\" height=\"1312\" class=\"\" \/><\/p>\n<p>&nbsp;<\/p>\n<p><strong>Zeiten:<\/strong><br \/>\n08.00 Uhr \u00a0Schulbeginn<br \/>\n11.40 Uhr \u00a0Ende der 4. Stunde<br \/>\n12.35 Uhr \u00a0Ende der 5. Stunde<br \/>\n13.25 Uhr \u00a0Ende der 6. Stunde<\/p>\n<p>Die Schulstunden und die Pausen werden in unseren F\u00f6rderklassen an der Stammschule (Marschallgasse) prozessorientiert gestaltet.<\/p>\n<p>&nbsp;<\/p>\n<p><strong>Hygienema\u00dfnahmen f\u00fcr den Schulstart ab Montag, 18.05.2020:<\/strong><\/p>\n<p><img loading=\"lazy\" decoding=\"async\" width=\"940\" height=\"706\" class=\"alignnone wp-image-529\" alt=\"\" src=\"https:\/\/schule-ellenkey.at\/wp-content\/uploads\/2020\/05\/Corona_Schutzma\u00dfnahmen_3-1024x768.jpg\" srcset=\"https:\/\/schule-ellenkey.at\/wp-content\/uploads\/2020\/05\/Corona_Schutzma\u00dfnahmen_3-1024x768.jpg 1024w, https:\/\/schule-ellenkey.at\/wp-content\/uploads\/2020\/05\/Corona_Schutzma\u00dfnahmen_3-300x225.jpg 300w, https:\/\/schule-ellenkey.at\/wp-content\/uploads\/2020\/05\/Corona_Schutzma\u00dfnahmen_3-768x576.jpg 768w, https:\/\/schule-ellenkey.at\/wp-content\/uploads\/2020\/05\/Corona_Schutzma\u00dfnahmen_3-1536x1152.jpg 1536w, https:\/\/schule-ellenkey.at\/wp-content\/uploads\/2020\/05\/Corona_Schutzma\u00dfnahmen_3-2048x1536.jpg 2048w\" sizes=\"(max-width: 940px) 100vw, 940px\" \/><\/p>\n<p>&nbsp;<\/p>\n","protected":false},"excerpt":{"rendered":"<p>27.03.26 Das Team der VS &amp; MS Ellen Key w\u00fcnscht allen Sch\u00fcler*innen, Erziehungsberechtigten und Unterst\u00fctzer*innen erholsame Osterferien. Wir starten wieder am 07.04.2026! \u00d6sterliche Gr\u00fc\u00dfe aus der Justizanstalt&#8230; &nbsp; 11.03.2026 Am 19.03.2026 (Donnerstag) ist Landesfeiertag und der 20.03.2026 ist schulautonom frei. 13.02.2026 Das Team der VS &amp; MS Ellen Key w\u00fcnscht [&hellip;]<\/p>\n","protected":false},"author":1,"featured_media":0,"parent":0,"menu_order":0,"comment_status":"closed","ping_status":"closed","template":"","meta":{"footnotes":""},"class_list":["post-157","page","type-page","status-publish","hentry"],"jetpack_sharing_enabled":true,"_links":{"self":[{"href":"https:\/\/schule-ellenkey.at\/index.php?rest_route=\/wp\/v2\/pages\/157","targetHints":{"allow":["GET"]}}],"collection":[{"href":"https:\/\/schule-ellenkey.at\/index.php?rest_route=\/wp\/v2\/pages"}],"about":[{"href":"https:\/\/schule-ellenkey.at\/index.php?rest_route=\/wp\/v2\/types\/page"}],"author":[{"embeddable":true,"href":"https:\/\/schule-ellenkey.at\/index.php?rest_route=\/wp\/v2\/users\/1"}],"replies":[{"embeddable":true,"href":"https:\/\/schule-ellenkey.at\/index.php?rest_route=%2Fwp%2Fv2%2Fcomments&post=157"}],"version-history":[{"count":219,"href":"https:\/\/schule-ellenkey.at\/index.php?rest_route=\/wp\/v2\/pages\/157\/revisions"}],"predecessor-version":[{"id":1542,"href":"https:\/\/schule-ellenkey.at\/index.php?rest_route=\/wp\/v2\/pages\/157\/revisions\/1542"}],"wp:attachment":[{"href":"https:\/\/schule-ellenkey.at\/index.php?rest_route=%2Fwp%2Fv2%2Fmedia&parent=157"}],"curies":[{"name":"wp","href":"https:\/\/api.w.org\/{rel}","templated":true}]}}