{"id":96,"date":"2020-04-21T18:05:50","date_gmt":"2020-04-21T18:05:50","guid":{"rendered":"https:\/\/vs-nms-ellenkey.at\/wordpress\/?page_id=96"},"modified":"2020-12-13T15:22:18","modified_gmt":"2020-12-13T15:22:18","slug":"foerderklassen","status":"publish","type":"page","link":"https:\/\/schule-ellenkey.at\/?page_id=96","title":{"rendered":"F\u00f6rderklassen"},"content":{"rendered":"<p>Sch\u00fcler*innen, die ihre emotionalen und oder sozialen N\u00f6te durch Verhaltensauff\u00e4lligkeiten zum Ausdruck bringen und deshalb nicht mehr an Regelschulen integriert werden k\u00f6nnen, finden hier den p\u00e4dagogischen Rahmen, um sich zu stabilisieren und zu entwickeln. In Kleingruppen werden die Kinder und Jugendlichen von speziell ausgebildeten Lehrer*innen entsprechend nach Schulart (VS\/MS\/ASO), Schulstufe, therapeutischer oder gesetzlicher Notwendigkeit, an verschiedenen Standorten vor\u00fcbergehend unterrichtet.<\/p>\n<p>Das Ziel der F\u00f6rderklassen ist die Reintegration der Sch\u00fcler*innen in das Regelschulsystem.<\/p>\n<p>&nbsp;<\/p>\n<p><strong>F\u00f6rderklassen Marschallgasse VS und MS<\/strong><\/p>\n<div class='yrm-content yrm-content-1 yrm-content-hide  ' id='yrm-DLQUt' data-id='1' data-show-status='false' data-after-action='' style=\"visibility: hidden;height: 0;\">\n\t\t\t<div id='yrm-inner-content-yrm-DLQUt' class='yrm-inner-content-wrapper yrm-cntent-1'><\/p>\n<p>Die Lehrer*innen bem\u00fchen sich um einen wertsch\u00e4tzenden, w\u00fcrdevollen Umgang mit dem Ziel, die Integrit\u00e4t aller zu wahren. Unsere Sch\u00fcler*innen bewegen sich in einer Atmosph\u00e4re der Achtsamkeit, Authentizit\u00e4t, Verl\u00e4sslichkeit und des Respekts. Der Unterricht wird verantwortungsvoll und flexibel gestaltet.<\/p>\n<p><img fetchpriority=\"high\" decoding=\"async\" src=\"https:\/\/schule-ellenkey.at\/wp-content\/uploads\/2020\/05\/VS_Foto-1024x768.jpg\" alt=\"\" width=\"401\" height=\"300\" class=\"wp-image-613 aligncenter\" srcset=\"https:\/\/schule-ellenkey.at\/wp-content\/uploads\/2020\/05\/VS_Foto-1024x768.jpg 1024w, https:\/\/schule-ellenkey.at\/wp-content\/uploads\/2020\/05\/VS_Foto-300x225.jpg 300w, https:\/\/schule-ellenkey.at\/wp-content\/uploads\/2020\/05\/VS_Foto-768x576.jpg 768w, https:\/\/schule-ellenkey.at\/wp-content\/uploads\/2020\/05\/VS_Foto-1536x1152.jpg 1536w, https:\/\/schule-ellenkey.at\/wp-content\/uploads\/2020\/05\/VS_Foto-2048x1536.jpg 2048w\" sizes=\"(max-width: 401px) 100vw, 401px\" \/><\/p>\n<p>P\u00e4dagogische Schwerpunkte:<strong><br \/>\n<\/strong>\u2022 Klare Regeln mit transparenter und unmittelbarer R\u00fcckmeldung<br \/>\n\u2022 Ritualisierter Tagesablauf<br \/>\n\u2022 Angepasste Unterrichtszeiten<br \/>\n\u2022 Individuelle Arbeitspl\u00e4ne\/Wochenpl\u00e4ne<br \/>\n\u2022 Stillephasen\/Meditation<br \/>\n\u2022 Entwicklung und St\u00e4rkung sozialer Kompetenzen<br \/>\n\u2022 Erarbeitung pers\u00f6nlicher Ziele und Zukunftsperspektiven<br \/>\n\u2022 Gemeinsame Gestaltung von Pausen und Feiern<br \/>\n\u2022 Das Spiel als Lernprinzip<br \/>\n\u2022 Eltern- und Erziehungsberatung<br \/>\n\u2022 Vielf\u00e4ltige Projekte wie z.B. Theaterp\u00e4dagogik, tiergest\u00fctzte P\u00e4dagogik<\/p>\n<p><img decoding=\"async\" src=\"https:\/\/schule-ellenkey.at\/wp-content\/uploads\/2020\/05\/NMS_Foto-1024x768.jpg\" alt=\"\" width=\"401\" height=\"300\" class=\"wp-image-616 aligncenter\" srcset=\"https:\/\/schule-ellenkey.at\/wp-content\/uploads\/2020\/05\/NMS_Foto-1024x768.jpg 1024w, https:\/\/schule-ellenkey.at\/wp-content\/uploads\/2020\/05\/NMS_Foto-300x225.jpg 300w, https:\/\/schule-ellenkey.at\/wp-content\/uploads\/2020\/05\/NMS_Foto-768x576.jpg 768w, https:\/\/schule-ellenkey.at\/wp-content\/uploads\/2020\/05\/NMS_Foto-1536x1152.jpg 1536w, https:\/\/schule-ellenkey.at\/wp-content\/uploads\/2020\/05\/NMS_Foto-2048x1536.jpg 2048w\" sizes=\"(max-width: 401px) 100vw, 401px\" \/><\/div>\n\t\t<\/div><div class='yrm-btn-wrapper yrm-btn-wrapper-1 yrm-more-button-wrapper mehr '\n\t\tdata-custom-more-class-name='mehr' data-custom-less-class-name='weniger'><span title='' data-less-title='' data-more-title='' class='yrm-toggle-expand  yrm-toggle-expand-1 ' data-rel='yrm-DLQUt' data-more='mehr' data-less='weniger'><span class='yrm-text-wrapper yrm-text-wrapper-custom-dimensions'><span class=\"yrm-button-text-1 yrm-button-text-span\">mehr<\/span><\/span><\/span><\/div>\n<p><strong>F\u00f6rderklasse Fr\u00f6belpark MS und PTS<\/strong><\/p>\n<div class='yrm-content yrm-content-1 yrm-content-hide  ' id='yrm-x9T3R' data-id='1' data-show-status='false' data-after-action='' style=\"visibility: hidden;height: 0;\">\n\t\t\t<div id='yrm-inner-content-yrm-x9T3R' class='yrm-inner-content-wrapper yrm-cntent-1'><\/p>\n<p>Die Sch\u00fcler sollen in der Klasse eine Kultur des Zusammenlebens erfahren, die von Respekt, Wertsch\u00e4tzung und Freundlichkeit gepr\u00e4gt ist.<br \/>\nWir schaffen ein anspruchsvolles Umfeld, das den Jugendlichen eine Vielfalt an M\u00f6glichkeiten der Kommunikation und der sozialen Interaktion bietet. Der Unterricht orientiert sich an den Bed\u00fcrfnissen der Sch\u00fcler.<\/p>\n<p>P\u00e4dagogische Schwerpunkte:<br \/>\n\u2022 Erm\u00f6glichen eines Pflichtschulabschlusses<br \/>\n\u2022 Berufsorientierung und praktische Ausbildung<br \/>\n\u2022 St\u00e4rkung und Erweiterung von Lebenskompetenzen<br \/>\n\u2022 Orientierung und Bewegung innerhalb gesellschaftlicher Normen<br \/>\n<\/div>\n\t\t<\/div><div class='yrm-btn-wrapper yrm-btn-wrapper-1 yrm-more-button-wrapper mehr '\n\t\tdata-custom-more-class-name='mehr' data-custom-less-class-name='weniger'><span title='' data-less-title='' data-more-title='' class='yrm-toggle-expand  yrm-toggle-expand-1 ' data-rel='yrm-x9T3R' data-more='mehr' data-less='weniger'><span class='yrm-text-wrapper yrm-text-wrapper-custom-dimensions'><span class=\"yrm-button-text-1 yrm-button-text-span\">mehr<\/span><\/span><\/span><\/div>\n<p><strong>Clearing Gruppe \/ Standort Marschallgasse<\/strong><\/p>\n<div class='yrm-content yrm-content-1 yrm-content-hide  ' id='yrm-K7lWV' data-id='1' data-show-status='false' data-after-action='' style=\"visibility: hidden;height: 0;\">\n\t\t\t<div id='yrm-inner-content-yrm-K7lWV' class='yrm-inner-content-wrapper yrm-cntent-1'><\/p>\n<p>Die Clearing Gruppe ist eine zeitbegrenzte, dislozierte Ma\u00dfnahme der Grazer Pflichtschulen im Sekundarbereich f\u00fcr gewaltbereite m\u00e4nnliche Jugendliche, um die weitere Beschulungsm\u00f6glichkeit abzukl\u00e4ren.<br \/>\nDie Sch\u00fcler werden nach den Prinzipien der Neuen Autorit\u00e4t nach Haim Omer und der Gewaltfreien Kommunikation unterrichtet.<br \/>\nEs gibt ein klares Aufnahmeprozedere mit Vernetzungs- und Beratungst\u00e4tigkeit.<\/p>\n<p>P\u00e4dagogische Schwerpunkte:<br \/>\n\u2022 Kleines LehrerInnen-Team<br \/>\n\u2022 Straffe Gruppenregeln\/Verhaltensvereinbarungen<br \/>\n\u2022 Ritualisierte Unterrichtsstrukturen<br \/>\n\u2022 Feedback-Kultur<br \/>\n\u2022 Belohnungssystem<br \/>\n<\/div>\n\t\t<\/div><div class='yrm-btn-wrapper yrm-btn-wrapper-1 yrm-more-button-wrapper mehr '\n\t\tdata-custom-more-class-name='mehr' data-custom-less-class-name='weniger'><span title='' data-less-title='' data-more-title='' class='yrm-toggle-expand  yrm-toggle-expand-1 ' data-rel='yrm-K7lWV' data-more='mehr' data-less='weniger'><span class='yrm-text-wrapper yrm-text-wrapper-custom-dimensions'><span class=\"yrm-button-text-1 yrm-button-text-span\">mehr<\/span><\/span><\/span><\/div>\n<p><strong>Klasse im \u00bbAufwind\u00ab, das Zentrum f\u00fcr Ausbildung und Wohnen<\/strong><\/p>\n<div class='yrm-content yrm-content-1 yrm-content-hide  ' id='yrm-GH4E0' data-id='1' data-show-status='false' data-after-action='' style=\"visibility: hidden;height: 0;\">\n\t\t\t<div id='yrm-inner-content-yrm-GH4E0' class='yrm-inner-content-wrapper yrm-cntent-1'><\/p>\n<p>Ausgehend von einer respektvollen, authentischen und liebevollen Haltung wird gr\u00f6\u00dfter Wert auf die Beziehung gelegt. Soziales Lernen, sch\u00fclerzentrierte und flexible Planung des Unterrichts f\u00fcr jedes einzelne Kind und ein individueller Zeitrahmen erm\u00f6glichen es den Sch\u00fcler*innen folgende Ziele zu erreichen:<br \/>\n\u2022 Eigenst\u00e4ndigkeit<br \/>\n\u2022 Entscheidungsf\u00e4higkeit<br \/>\n\u2022 Lebensfreude<br \/>\n\u2022 Individuelle Entfaltung<br \/>\n\u2022 Soziale Zugeh\u00f6rigkeit<br \/>\n\u2022 Soziale Kompetenzen<br \/>\n\u2022 Gruppengef\u00fchl<br \/>\n\u2022 Gef\u00fchlswahrnehmung<\/p>\n<p><img decoding=\"async\" src=\"https:\/\/schule-ellenkey.at\/wp-content\/uploads\/2020\/06\/Aufwind_Collage_1-300x225.jpg\" alt=\"\" width=\"400\" height=\"300\" class=\"wp-image-703 aligncenter\" srcset=\"https:\/\/schule-ellenkey.at\/wp-content\/uploads\/2020\/06\/Aufwind_Collage_1-300x225.jpg 300w, https:\/\/schule-ellenkey.at\/wp-content\/uploads\/2020\/06\/Aufwind_Collage_1-1024x768.jpg 1024w, https:\/\/schule-ellenkey.at\/wp-content\/uploads\/2020\/06\/Aufwind_Collage_1-768x576.jpg 768w, https:\/\/schule-ellenkey.at\/wp-content\/uploads\/2020\/06\/Aufwind_Collage_1-1536x1152.jpg 1536w, https:\/\/schule-ellenkey.at\/wp-content\/uploads\/2020\/06\/Aufwind_Collage_1-2048x1536.jpg 2048w\" sizes=\"(max-width: 400px) 100vw, 400px\" \/><\/p>\n<p>P\u00e4dagogische Schwerpunkte:<br \/>\n\u2022 Pers\u00f6nliche F\u00e4higkeiten und St\u00e4rken kennenlernen<br \/>\n\u2022 Vertrauen in sich selbst entwickeln<br \/>\n\u2022 Reintegration in die Au\u00dfenschule<br \/>\n\u2022 Resozialisation in Arbeits- und Berufswelt<\/p>\n<p>Folgende Interventionsformen werden angeboten:<br \/>\n\u2022 \u00dcbungsgruppe\/Lernklasse<br \/>\n\u2022 Schulvertrag<br \/>\n\u2022 Gemeinsame Unterrichts- und Projektplanung<br \/>\n\u2022 Konfliktmanagement<br \/>\n\u2022 Schnupperangebot in Partnerschulen<\/p>\n<p><img loading=\"lazy\" decoding=\"async\" src=\"https:\/\/schule-ellenkey.at\/wp-content\/uploads\/2020\/06\/Aufwind_Collage_2-1-300x225.jpg\" alt=\"\" width=\"400\" height=\"300\" class=\"wp-image-711 aligncenter\" srcset=\"https:\/\/schule-ellenkey.at\/wp-content\/uploads\/2020\/06\/Aufwind_Collage_2-1-300x225.jpg 300w, https:\/\/schule-ellenkey.at\/wp-content\/uploads\/2020\/06\/Aufwind_Collage_2-1-1024x768.jpg 1024w, https:\/\/schule-ellenkey.at\/wp-content\/uploads\/2020\/06\/Aufwind_Collage_2-1-768x576.jpg 768w, https:\/\/schule-ellenkey.at\/wp-content\/uploads\/2020\/06\/Aufwind_Collage_2-1-1536x1152.jpg 1536w, https:\/\/schule-ellenkey.at\/wp-content\/uploads\/2020\/06\/Aufwind_Collage_2-1-2048x1536.jpg 2048w\" sizes=\"(max-width: 400px) 100vw, 400px\" \/><br \/>\n<\/div>\n\t\t<\/div><div class='yrm-btn-wrapper yrm-btn-wrapper-1 yrm-more-button-wrapper mehr '\n\t\tdata-custom-more-class-name='mehr' data-custom-less-class-name='weniger'><span title='' data-less-title='' data-more-title='' class='yrm-toggle-expand  yrm-toggle-expand-1 ' data-rel='yrm-GH4E0' data-more='mehr' data-less='weniger'><span class='yrm-text-wrapper yrm-text-wrapper-custom-dimensions'><span class=\"yrm-button-text-1 yrm-button-text-span\">mehr<\/span><\/span><\/span><\/div>\n<p><strong>Unterricht in der Jugendabteilung der Justizanstalt Graz-Jakomini<\/strong><\/p>\n<div class='yrm-content yrm-content-1 yrm-content-hide  ' id='yrm-5mx3s' data-id='1' data-show-status='false' data-after-action='' style=\"visibility: hidden;height: 0;\">\n\t\t\t<div id='yrm-inner-content-yrm-5mx3s' class='yrm-inner-content-wrapper yrm-cntent-1'><\/p>\n<p>Ausgehend von einer respektvollen und vorurteilsfreien Haltung wird gr\u00f6\u00dfter Wert auf die Beziehungsarbeit gelegt. Der individuelle und flexible Unterricht orientiert sich an den Bed\u00fcrfnissen schulpflichtiger Jugendlicher und strebt prim\u00e4r die Reintegration in die Gesellschaft an. Unser Fokus richtet sich auf die emotionale Stabilisierung und den sozialen Kompetenzerwerb der Sch\u00fcler*innen.<\/p>\n<p><img loading=\"lazy\" decoding=\"async\" src=\"https:\/\/schule-ellenkey.at\/wp-content\/uploads\/2020\/12\/JVA_Collage_3-300x225.jpg\" alt=\"\" width=\"403\" height=\"302\" class=\"wp-image-902 aligncenter\" srcset=\"https:\/\/schule-ellenkey.at\/wp-content\/uploads\/2020\/12\/JVA_Collage_3-300x225.jpg 300w, https:\/\/schule-ellenkey.at\/wp-content\/uploads\/2020\/12\/JVA_Collage_3-1024x768.jpg 1024w, https:\/\/schule-ellenkey.at\/wp-content\/uploads\/2020\/12\/JVA_Collage_3-768x576.jpg 768w, https:\/\/schule-ellenkey.at\/wp-content\/uploads\/2020\/12\/JVA_Collage_3-1536x1152.jpg 1536w, https:\/\/schule-ellenkey.at\/wp-content\/uploads\/2020\/12\/JVA_Collage_3-2048x1536.jpg 2048w\" sizes=\"(max-width: 403px) 100vw, 403px\" \/><img loading=\"lazy\" decoding=\"async\" src=\"https:\/\/schule-ellenkey.at\/wp-content\/uploads\/2020\/06\/JVA_Collage_1-300x225.jpg\" alt=\"\" width=\"400\" height=\"300\" class=\"wp-image-688 aligncenter\" srcset=\"https:\/\/schule-ellenkey.at\/wp-content\/uploads\/2020\/06\/JVA_Collage_1-300x225.jpg 300w, https:\/\/schule-ellenkey.at\/wp-content\/uploads\/2020\/06\/JVA_Collage_1-1024x768.jpg 1024w, https:\/\/schule-ellenkey.at\/wp-content\/uploads\/2020\/06\/JVA_Collage_1-768x576.jpg 768w, https:\/\/schule-ellenkey.at\/wp-content\/uploads\/2020\/06\/JVA_Collage_1-1536x1152.jpg 1536w, https:\/\/schule-ellenkey.at\/wp-content\/uploads\/2020\/06\/JVA_Collage_1-2048x1536.jpg 2048w\" sizes=\"(max-width: 400px) 100vw, 400px\" \/><\/p>\n<p>P\u00e4dagogische Schwerpunkte:<br \/>\n\u2022 Erh\u00f6hte Pr\u00e4senz, Verl\u00e4sslichkeit und Aufmerksamkeit signalisieren<br \/>\n\u2022 Beziehungsgestaltung mit den Sch\u00fcler*innen<br \/>\n\u2022 Erm\u00f6glichen eines (externen) Pflichtschulabschlusses<br \/>\n\u2022 Vernetzung und interdisziplin\u00e4rer Austausch<br \/>\n\u2022 Auf Wunsch Kontakt zu den Stammschulen<\/p>\n<p><img loading=\"lazy\" decoding=\"async\" src=\"https:\/\/schule-ellenkey.at\/wp-content\/uploads\/2020\/06\/JVA_Collage_2-1-300x225.jpg\" alt=\"\" width=\"401\" height=\"300\" class=\"wp-image-699 aligncenter\" srcset=\"https:\/\/schule-ellenkey.at\/wp-content\/uploads\/2020\/06\/JVA_Collage_2-1-300x225.jpg 300w, https:\/\/schule-ellenkey.at\/wp-content\/uploads\/2020\/06\/JVA_Collage_2-1-1024x768.jpg 1024w, https:\/\/schule-ellenkey.at\/wp-content\/uploads\/2020\/06\/JVA_Collage_2-1-768x576.jpg 768w, https:\/\/schule-ellenkey.at\/wp-content\/uploads\/2020\/06\/JVA_Collage_2-1-1536x1152.jpg 1536w, https:\/\/schule-ellenkey.at\/wp-content\/uploads\/2020\/06\/JVA_Collage_2-1-2048x1536.jpg 2048w\" sizes=\"(max-width: 401px) 100vw, 401px\" \/><\/p>\n<p><\/div>\n\t\t<\/div><div class='yrm-btn-wrapper yrm-btn-wrapper-1 yrm-more-button-wrapper mehr '\n\t\tdata-custom-more-class-name='mehr' data-custom-less-class-name='weniger'><span title='' data-less-title='' data-more-title='' class='yrm-toggle-expand  yrm-toggle-expand-1 ' data-rel='yrm-5mx3s' data-more='mehr' data-less='weniger'><span class='yrm-text-wrapper yrm-text-wrapper-custom-dimensions'><span class=\"yrm-button-text-1 yrm-button-text-span\">mehr<\/span><\/span><\/span><\/div>\n","protected":false},"excerpt":{"rendered":"<p>Sch\u00fcler*innen, die ihre emotionalen und oder sozialen N\u00f6te durch Verhaltensauff\u00e4lligkeiten zum Ausdruck bringen und deshalb nicht mehr an Regelschulen integriert werden k\u00f6nnen, finden hier den p\u00e4dagogischen Rahmen, um sich zu stabilisieren und zu entwickeln. In Kleingruppen werden die Kinder und Jugendlichen von speziell ausgebildeten Lehrer*innen entsprechend nach Schulart (VS\/MS\/ASO), Schulstufe, [&hellip;]<\/p>\n","protected":false},"author":1,"featured_media":0,"parent":0,"menu_order":0,"comment_status":"closed","ping_status":"closed","template":"","meta":{"footnotes":""},"class_list":["post-96","page","type-page","status-publish","hentry"],"jetpack_sharing_enabled":true,"_links":{"self":[{"href":"https:\/\/schule-ellenkey.at\/index.php?rest_route=\/wp\/v2\/pages\/96","targetHints":{"allow":["GET"]}}],"collection":[{"href":"https:\/\/schule-ellenkey.at\/index.php?rest_route=\/wp\/v2\/pages"}],"about":[{"href":"https:\/\/schule-ellenkey.at\/index.php?rest_route=\/wp\/v2\/types\/page"}],"author":[{"embeddable":true,"href":"https:\/\/schule-ellenkey.at\/index.php?rest_route=\/wp\/v2\/users\/1"}],"replies":[{"embeddable":true,"href":"https:\/\/schule-ellenkey.at\/index.php?rest_route=%2Fwp%2Fv2%2Fcomments&post=96"}],"version-history":[{"count":56,"href":"https:\/\/schule-ellenkey.at\/index.php?rest_route=\/wp\/v2\/pages\/96\/revisions"}],"predecessor-version":[{"id":904,"href":"https:\/\/schule-ellenkey.at\/index.php?rest_route=\/wp\/v2\/pages\/96\/revisions\/904"}],"wp:attachment":[{"href":"https:\/\/schule-ellenkey.at\/index.php?rest_route=%2Fwp%2Fv2%2Fmedia&parent=96"}],"curies":[{"name":"wp","href":"https:\/\/api.w.org\/{rel}","templated":true}]}}